{"id":18629,"date":"2023-11-09T12:58:10","date_gmt":"2023-11-09T11:58:10","guid":{"rendered":"https:\/\/carolaortiz.com\/?page_id=18629"},"modified":"2023-11-29T17:12:33","modified_gmt":"2023-11-29T16:12:33","slug":"lyrics","status":"publish","type":"page","link":"https:\/\/carolaortiz.com\/en\/lyrics\/","title":{"rendered":"Lyrics"},"content":{"rendered":"\t\t<div data-elementor-type=\"wp-post\" data-elementor-id=\"18629\" class=\"elementor elementor-18629 elementor-18628\">\n\t\t\t\t\t\t<section class=\"elementor-section elementor-top-section elementor-element elementor-element-1094bde9 elementor-section-full_width elementor-section-height-min-height elementor-section-items-stretch elementor-section-height-default neuron-fixed-no\" data-id=\"1094bde9\" data-element_type=\"section\">\n\t\t\t\t\t\t<div class=\"elementor-container elementor-column-gap-no\">\n\t\t\t\t\t<div class=\"elementor-column elementor-col-50 elementor-top-column elementor-element elementor-element-3e8e696\" data-id=\"3e8e696\" data-element_type=\"column\" data-settings=\"{&quot;background_background&quot;:&quot;classic&quot;}\">\n\t\t\t<div class=\"elementor-widget-wrap elementor-element-populated\">\n\t\t\t\t\t\t<div class=\"elementor-element elementor-element-45dd876c elementor-widget elementor-widget-spacer\" data-id=\"45dd876c\" data-element_type=\"widget\" data-widget_type=\"spacer.default\">\n\t\t\t\t<div class=\"elementor-widget-container\">\n\t\t\t\t\t\t\t<div class=\"elementor-spacer\">\n\t\t\t<div class=\"elementor-spacer-inner\"><\/div>\n\t\t<\/div>\n\t\t\t\t\t\t<\/div>\n\t\t\t\t<\/div>\n\t\t\t\t\t<\/div>\n\t\t<\/div>\n\t\t\t\t<div class=\"elementor-column elementor-col-50 elementor-top-column elementor-element elementor-element-d922472\" data-id=\"d922472\" data-element_type=\"column\" data-settings=\"{&quot;background_background&quot;:&quot;classic&quot;}\">\n\t\t\t<div class=\"elementor-widget-wrap elementor-element-populated\">\n\t\t\t\t\t\t<section class=\"elementor-section elementor-inner-section elementor-element elementor-element-2b95a933 elementor-section-content-top elementor-section-boxed elementor-section-height-default elementor-section-height-default neuron-fixed-no\" data-id=\"2b95a933\" data-element_type=\"section\">\n\t\t\t\t\t\t<div class=\"elementor-container elementor-column-gap-default\">\n\t\t\t\t\t<div class=\"elementor-column elementor-col-100 elementor-inner-column elementor-element elementor-element-657b4a1c\" data-id=\"657b4a1c\" data-element_type=\"column\">\n\t\t\t<div class=\"elementor-widget-wrap elementor-element-populated\">\n\t\t\t\t\t\t<div class=\"elementor-element elementor-element-4339c1ae elementor-widget elementor-widget-spacer\" data-id=\"4339c1ae\" data-element_type=\"widget\" data-widget_type=\"spacer.default\">\n\t\t\t\t<div class=\"elementor-widget-container\">\n\t\t\t\t\t\t\t<div class=\"elementor-spacer\">\n\t\t\t<div class=\"elementor-spacer-inner\"><\/div>\n\t\t<\/div>\n\t\t\t\t\t\t<\/div>\n\t\t\t\t<\/div>\n\t\t\t\t<div class=\"elementor-element elementor-element-65c9a890 elementor-widget elementor-widget-heading\" data-id=\"65c9a890\" data-element_type=\"widget\" data-widget_type=\"heading.default\">\n\t\t\t\t<div class=\"elementor-widget-container\">\n\t\t\t\t\t<h3 class=\"elementor-heading-title elementor-size-default\">Lyrics<\/h3>\t\t\t\t<\/div>\n\t\t\t\t<\/div>\n\t\t\t\t<div class=\"elementor-element elementor-element-43145704 elementor-widget-mobile__width-auto elementor-widget elementor-widget-heading\" data-id=\"43145704\" data-element_type=\"widget\" data-widget_type=\"heading.default\">\n\t\t\t\t<div class=\"elementor-widget-container\">\n\t\t\t\t\t<h4 class=\"elementor-heading-title elementor-size-default\"><a href=\"https:\/\/carolaortiz.com\/en\/cantareras\/\">&#x21b3; Cantareras<\/a><\/h4>\t\t\t\t<\/div>\n\t\t\t\t<\/div>\n\t\t\t\t<div class=\"elementor-element elementor-element-616cd8c2 elementor-widget elementor-widget-text-editor\" data-id=\"616cd8c2\" data-element_type=\"widget\" data-widget_type=\"text-editor.default\">\n\t\t\t\t<div class=\"elementor-widget-container\">\n\t\t\t\t\t\t\t\t\t<p><strong>Repertoire of &#8220;Cantareras&#8221;:<\/strong><\/p><p><strong>01.La doncella guerrera<\/strong> (letra y tradicional de Le\u00f3n y melod\u00eda tradicional sevillana).<\/p><p><strong>02.Ahechao de las malas lenguas<\/strong> (tradicional de Pe\u00f1aparda, dos \u00faltimas coplas de Eliseo Parra).<\/p><p><strong>03.L\u2019angelet del Vetlatori<\/strong> (tradicional valenciana).<\/p><p><strong>04.E Vira e vira<\/strong> (tradicional gallega).<\/p><p><strong>05.Can\u00e7\u00f3 de pandero lliure<\/strong> (tradicional tarraconense, versos y m\u00fasica originales de Carola Ortiz).<\/p><p><strong>06.La mare de D\u00e9u<\/strong> (tradicional catalana).<\/p><p><strong>07.Mu\u00f1eira de Turmaleo<\/strong> (tradicional asturiana).<\/p><p><strong>08.Serrana &#8220;La Matadora&#8221;<\/strong> (tradicional leonesa).<\/p><p><strong>09.Romance de Santa Elena<\/strong> (tradicional leonesa).<\/p><p><strong>10.Canci\u00f3n de bodas<\/strong> (tradicional de Pe\u00f1aparda).<\/p><p><strong>11.Pasodoble de las cantareras<\/strong> (m\u00fasica original Carola Ortiz).<\/p><p><strong>12.Coir figues a nes figueral<\/strong> (tradicional mallorquina).<\/p>\t\t\t\t\t\t\t\t<\/div>\n\t\t\t\t<\/div>\n\t\t\t\t\t<\/div>\n\t\t<\/div>\n\t\t\t\t\t<\/div>\n\t\t<\/section>\n\t\t\t\t<section class=\"elementor-section elementor-inner-section elementor-element elementor-element-4698909e elementor-section-boxed elementor-section-height-default elementor-section-height-default neuron-fixed-no\" data-id=\"4698909e\" data-element_type=\"section\">\n\t\t\t\t\t\t<div class=\"elementor-container elementor-column-gap-default\">\n\t\t\t\t\t<div class=\"elementor-column elementor-col-50 elementor-inner-column elementor-element elementor-element-380a3875\" data-id=\"380a3875\" data-element_type=\"column\">\n\t\t\t<div class=\"elementor-widget-wrap elementor-element-populated\">\n\t\t\t\t\t\t<div class=\"elementor-element elementor-element-bf52316 elementor-widget elementor-widget-image\" data-id=\"bf52316\" data-element_type=\"widget\" data-widget_type=\"image.default\">\n\t\t\t\t<div class=\"elementor-widget-container\">\n\t\t\t\t\t\t\t\t\t\t\t\t\t\t\t\t<a href=\"https:\/\/carolaortiz.com\/wp-content\/uploads\/2023\/11\/DONCELLA-GUERRERA-1.jpg\" data-elementor-open-lightbox=\"yes\" data-elementor-lightbox-title=\"DONCELLA-GUERRERA.jpg\" data-e-action-hash=\"#elementor-action%3Aaction%3Dlightbox%26settings%3DeyJpZCI6MTg5NDAsInVybCI6Imh0dHBzOlwvXC9jYXJvbGFvcnRpei5jb21cL3dwLWNvbnRlbnRcL3VwbG9hZHNcLzIwMjNcLzExXC9ET05DRUxMQS1HVUVSUkVSQS0xLmpwZyJ9\">\n\t\t\t\t\t\t\t<img fetchpriority=\"high\" decoding=\"async\" width=\"596\" height=\"842\" src=\"https:\/\/carolaortiz.com\/wp-content\/uploads\/2023\/11\/DONCELLA-GUERRERA-1.jpg\" class=\"attachment-large size-large wp-image-18940\" alt=\"\" srcset=\"https:\/\/carolaortiz.com\/wp-content\/uploads\/2023\/11\/DONCELLA-GUERRERA-1.jpg 596w, https:\/\/carolaortiz.com\/wp-content\/uploads\/2023\/11\/DONCELLA-GUERRERA-1-212x300.jpg 212w\" sizes=\"(max-width: 596px) 100vw, 596px\" \/>\t\t\t\t\t\t\t\t<\/a>\n\t\t\t\t\t\t\t\t\t\t\t\t\t\t\t<\/div>\n\t\t\t\t<\/div>\n\t\t\t\t<div class=\"elementor-element elementor-element-5b472f47 elementor-widget elementor-widget-heading\" data-id=\"5b472f47\" data-element_type=\"widget\" data-widget_type=\"heading.default\">\n\t\t\t\t<div class=\"elementor-widget-container\">\n\t\t\t\t\t<span class=\"elementor-heading-title elementor-size-default\">La doncella guerrera<\/span>\t\t\t\t<\/div>\n\t\t\t\t<\/div>\n\t\t\t\t<div class=\"elementor-element elementor-element-4641a24c elementor-widget elementor-widget-image\" data-id=\"4641a24c\" data-element_type=\"widget\" data-widget_type=\"image.default\">\n\t\t\t\t<div class=\"elementor-widget-container\">\n\t\t\t\t\t\t\t\t\t\t\t\t\t\t\t\t<a href=\"https:\/\/carolaortiz.com\/wp-content\/uploads\/2023\/11\/AHECHAO-DE-LAS-MALAS-LENGUAS-1.jpg\" data-elementor-open-lightbox=\"yes\" data-elementor-lightbox-title=\"AHECHAO-DE-LAS-MALAS-LENGUAS.jpg\" data-e-action-hash=\"#elementor-action%3Aaction%3Dlightbox%26settings%3DeyJpZCI6MTg5NDMsInVybCI6Imh0dHBzOlwvXC9jYXJvbGFvcnRpei5jb21cL3dwLWNvbnRlbnRcL3VwbG9hZHNcLzIwMjNcLzExXC9BSEVDSEFPLURFLUxBUy1NQUxBUy1MRU5HVUFTLTEuanBnIn0%3D\">\n\t\t\t\t\t\t\t<img decoding=\"async\" width=\"596\" height=\"842\" src=\"https:\/\/carolaortiz.com\/wp-content\/uploads\/2023\/11\/AHECHAO-DE-LAS-MALAS-LENGUAS-1.jpg\" class=\"attachment-large size-large wp-image-18943\" alt=\"\" srcset=\"https:\/\/carolaortiz.com\/wp-content\/uploads\/2023\/11\/AHECHAO-DE-LAS-MALAS-LENGUAS-1.jpg 596w, https:\/\/carolaortiz.com\/wp-content\/uploads\/2023\/11\/AHECHAO-DE-LAS-MALAS-LENGUAS-1-212x300.jpg 212w\" sizes=\"(max-width: 596px) 100vw, 596px\" \/>\t\t\t\t\t\t\t\t<\/a>\n\t\t\t\t\t\t\t\t\t\t\t\t\t\t\t<\/div>\n\t\t\t\t<\/div>\n\t\t\t\t<div class=\"elementor-element elementor-element-117f704 elementor-widget elementor-widget-heading\" data-id=\"117f704\" data-element_type=\"widget\" data-widget_type=\"heading.default\">\n\t\t\t\t<div class=\"elementor-widget-container\">\n\t\t\t\t\t<span class=\"elementor-heading-title elementor-size-default\">Ahechao de las malas lenguas<\/span>\t\t\t\t<\/div>\n\t\t\t\t<\/div>\n\t\t\t\t<div class=\"elementor-element elementor-element-6e0359d1 elementor-widget elementor-widget-image\" data-id=\"6e0359d1\" data-element_type=\"widget\" data-widget_type=\"image.default\">\n\t\t\t\t<div class=\"elementor-widget-container\">\n\t\t\t\t\t\t\t\t\t\t\t\t\t\t\t\t<a href=\"https:\/\/carolaortiz.com\/wp-content\/uploads\/2023\/11\/LANGELET-DEL-VETLATORI-1.jpg\" data-elementor-open-lightbox=\"yes\" data-elementor-lightbox-title=\"LANGELET-DEL-VETLATORI.jpg\" data-e-action-hash=\"#elementor-action%3Aaction%3Dlightbox%26settings%3DeyJpZCI6MTg5NDYsInVybCI6Imh0dHBzOlwvXC9jYXJvbGFvcnRpei5jb21cL3dwLWNvbnRlbnRcL3VwbG9hZHNcLzIwMjNcLzExXC9MQU5HRUxFVC1ERUwtVkVUTEFUT1JJLTEuanBnIn0%3D\">\n\t\t\t\t\t\t\t<img decoding=\"async\" width=\"596\" height=\"842\" src=\"https:\/\/carolaortiz.com\/wp-content\/uploads\/2023\/11\/LANGELET-DEL-VETLATORI-1.jpg\" class=\"attachment-large size-large wp-image-18946\" alt=\"\" srcset=\"https:\/\/carolaortiz.com\/wp-content\/uploads\/2023\/11\/LANGELET-DEL-VETLATORI-1.jpg 596w, https:\/\/carolaortiz.com\/wp-content\/uploads\/2023\/11\/LANGELET-DEL-VETLATORI-1-212x300.jpg 212w\" sizes=\"(max-width: 596px) 100vw, 596px\" \/>\t\t\t\t\t\t\t\t<\/a>\n\t\t\t\t\t\t\t\t\t\t\t\t\t\t\t<\/div>\n\t\t\t\t<\/div>\n\t\t\t\t<div class=\"elementor-element elementor-element-37c0ef78 elementor-widget elementor-widget-heading\" data-id=\"37c0ef78\" data-element_type=\"widget\" data-widget_type=\"heading.default\">\n\t\t\t\t<div class=\"elementor-widget-container\">\n\t\t\t\t\t<span class=\"elementor-heading-title elementor-size-default\">L\u2019angelet del Vetlatori <\/span>\t\t\t\t<\/div>\n\t\t\t\t<\/div>\n\t\t\t\t<div class=\"elementor-element elementor-element-79f6cc20 elementor-widget elementor-widget-image\" data-id=\"79f6cc20\" data-element_type=\"widget\" data-widget_type=\"image.default\">\n\t\t\t\t<div class=\"elementor-widget-container\">\n\t\t\t\t\t\t\t\t\t\t\t\t\t\t\t\t<a href=\"https:\/\/carolaortiz.com\/wp-content\/uploads\/2023\/11\/E-VIRA-E-VIRA-1.jpg\" data-elementor-open-lightbox=\"yes\" data-elementor-lightbox-title=\"E-VIRA-E-VIRA.jpg\" data-e-action-hash=\"#elementor-action%3Aaction%3Dlightbox%26settings%3DeyJpZCI6MTg5NDksInVybCI6Imh0dHBzOlwvXC9jYXJvbGFvcnRpei5jb21cL3dwLWNvbnRlbnRcL3VwbG9hZHNcLzIwMjNcLzExXC9FLVZJUkEtRS1WSVJBLTEuanBnIn0%3D\">\n\t\t\t\t\t\t\t<img loading=\"lazy\" decoding=\"async\" width=\"596\" height=\"842\" src=\"https:\/\/carolaortiz.com\/wp-content\/uploads\/2023\/11\/E-VIRA-E-VIRA-1.jpg\" class=\"attachment-large size-large wp-image-18949\" alt=\"\" srcset=\"https:\/\/carolaortiz.com\/wp-content\/uploads\/2023\/11\/E-VIRA-E-VIRA-1.jpg 596w, https:\/\/carolaortiz.com\/wp-content\/uploads\/2023\/11\/E-VIRA-E-VIRA-1-212x300.jpg 212w\" sizes=\"(max-width: 596px) 100vw, 596px\" \/>\t\t\t\t\t\t\t\t<\/a>\n\t\t\t\t\t\t\t\t\t\t\t\t\t\t\t<\/div>\n\t\t\t\t<\/div>\n\t\t\t\t<div class=\"elementor-element elementor-element-1ffca350 elementor-widget elementor-widget-heading\" data-id=\"1ffca350\" data-element_type=\"widget\" data-widget_type=\"heading.default\">\n\t\t\t\t<div class=\"elementor-widget-container\">\n\t\t\t\t\t<span class=\"elementor-heading-title elementor-size-default\">E Vira e vira<\/span>\t\t\t\t<\/div>\n\t\t\t\t<\/div>\n\t\t\t\t<div class=\"elementor-element elementor-element-3a70a72e elementor-widget elementor-widget-image\" data-id=\"3a70a72e\" data-element_type=\"widget\" data-widget_type=\"image.default\">\n\t\t\t\t<div class=\"elementor-widget-container\">\n\t\t\t\t\t\t\t\t\t\t\t\t\t\t\t\t<a href=\"https:\/\/carolaortiz.com\/wp-content\/uploads\/2023\/11\/CANC\u0327O\u0301-DE-PANDERO-1.jpg\" data-elementor-open-lightbox=\"yes\" data-elementor-lightbox-title=\"CANC\u0327O\u0301-DE-PANDERO.jpg\" data-e-action-hash=\"#elementor-action%3Aaction%3Dlightbox%26settings%3DeyJpZCI6MTg5NTIsInVybCI6Imh0dHBzOlwvXC9jYXJvbGFvcnRpei5jb21cL3dwLWNvbnRlbnRcL3VwbG9hZHNcLzIwMjNcLzExXC9DQU5DXHUwMzI3T1x1MDMwMS1ERS1QQU5ERVJPLTEuanBnIn0%3D\">\n\t\t\t\t\t\t\t<img loading=\"lazy\" decoding=\"async\" width=\"596\" height=\"842\" src=\"https:\/\/carolaortiz.com\/wp-content\/uploads\/2023\/11\/CANC\u0327O\u0301-DE-PANDERO-1.jpg\" class=\"attachment-large size-large wp-image-18952\" alt=\"\" srcset=\"https:\/\/carolaortiz.com\/wp-content\/uploads\/2023\/11\/CANC\u0327O\u0301-DE-PANDERO-1.jpg 596w, https:\/\/carolaortiz.com\/wp-content\/uploads\/2023\/11\/CANC\u0327O\u0301-DE-PANDERO-1-212x300.jpg 212w\" sizes=\"(max-width: 596px) 100vw, 596px\" \/>\t\t\t\t\t\t\t\t<\/a>\n\t\t\t\t\t\t\t\t\t\t\t\t\t\t\t<\/div>\n\t\t\t\t<\/div>\n\t\t\t\t<div class=\"elementor-element elementor-element-244fecec elementor-widget elementor-widget-heading\" data-id=\"244fecec\" data-element_type=\"widget\" data-widget_type=\"heading.default\">\n\t\t\t\t<div class=\"elementor-widget-container\">\n\t\t\t\t\t<span class=\"elementor-heading-title elementor-size-default\">Can\u00e7\u00f3 de pandero lliure<\/span>\t\t\t\t<\/div>\n\t\t\t\t<\/div>\n\t\t\t\t<div class=\"elementor-element elementor-element-6734e425 elementor-widget elementor-widget-image\" data-id=\"6734e425\" data-element_type=\"widget\" data-widget_type=\"image.default\">\n\t\t\t\t<div class=\"elementor-widget-container\">\n\t\t\t\t\t\t\t\t\t\t\t\t\t\t\t\t<a href=\"https:\/\/carolaortiz.com\/wp-content\/uploads\/2023\/11\/LA-MARE-DE-DE\u0301U-1.jpg\" data-elementor-open-lightbox=\"yes\" data-elementor-lightbox-title=\"LA-MARE-DE-DE\u0301U.jpg\" data-e-action-hash=\"#elementor-action%3Aaction%3Dlightbox%26settings%3DeyJpZCI6MTg5NTUsInVybCI6Imh0dHBzOlwvXC9jYXJvbGFvcnRpei5jb21cL3dwLWNvbnRlbnRcL3VwbG9hZHNcLzIwMjNcLzExXC9MQS1NQVJFLURFLURFXHUwMzAxVS0xLmpwZyJ9\">\n\t\t\t\t\t\t\t<img loading=\"lazy\" decoding=\"async\" width=\"596\" height=\"842\" src=\"https:\/\/carolaortiz.com\/wp-content\/uploads\/2023\/11\/LA-MARE-DE-DE\u0301U-1.jpg\" class=\"attachment-large size-large wp-image-18955\" alt=\"\" srcset=\"https:\/\/carolaortiz.com\/wp-content\/uploads\/2023\/11\/LA-MARE-DE-DE\u0301U-1.jpg 596w, https:\/\/carolaortiz.com\/wp-content\/uploads\/2023\/11\/LA-MARE-DE-DE\u0301U-1-212x300.jpg 212w\" sizes=\"(max-width: 596px) 100vw, 596px\" \/>\t\t\t\t\t\t\t\t<\/a>\n\t\t\t\t\t\t\t\t\t\t\t\t\t\t\t<\/div>\n\t\t\t\t<\/div>\n\t\t\t\t<div class=\"elementor-element elementor-element-67a0495e elementor-widget elementor-widget-heading\" data-id=\"67a0495e\" data-element_type=\"widget\" data-widget_type=\"heading.default\">\n\t\t\t\t<div class=\"elementor-widget-container\">\n\t\t\t\t\t<span class=\"elementor-heading-title elementor-size-default\">La mare de D\u00e9u<\/span>\t\t\t\t<\/div>\n\t\t\t\t<\/div>\n\t\t\t\t\t<\/div>\n\t\t<\/div>\n\t\t\t\t<div class=\"elementor-column elementor-col-50 elementor-inner-column elementor-element elementor-element-3e52a504\" data-id=\"3e52a504\" data-element_type=\"column\">\n\t\t\t<div class=\"elementor-widget-wrap elementor-element-populated\">\n\t\t\t\t\t\t<div class=\"elementor-element elementor-element-3c64f16b elementor-widget elementor-widget-image\" data-id=\"3c64f16b\" data-element_type=\"widget\" data-widget_type=\"image.default\">\n\t\t\t\t<div class=\"elementor-widget-container\">\n\t\t\t\t\t\t\t\t\t\t\t\t\t\t\t\t<a href=\"https:\/\/carolaortiz.com\/wp-content\/uploads\/2023\/11\/MUN\u0303EIRA-DE-TORMALEO-1.jpg\" data-elementor-open-lightbox=\"yes\" data-elementor-lightbox-title=\"MUN\u0303EIRA-DE-TORMALEO.jpg\" data-e-action-hash=\"#elementor-action%3Aaction%3Dlightbox%26settings%3DeyJpZCI6MTg5NTgsInVybCI6Imh0dHBzOlwvXC9jYXJvbGFvcnRpei5jb21cL3dwLWNvbnRlbnRcL3VwbG9hZHNcLzIwMjNcLzExXC9NVU5cdTAzMDNFSVJBLURFLVRPUk1BTEVPLTEuanBnIn0%3D\">\n\t\t\t\t\t\t\t<img loading=\"lazy\" decoding=\"async\" width=\"596\" height=\"842\" src=\"https:\/\/carolaortiz.com\/wp-content\/uploads\/2023\/11\/MUN\u0303EIRA-DE-TORMALEO-1.jpg\" class=\"attachment-large size-large wp-image-18958\" alt=\"\" srcset=\"https:\/\/carolaortiz.com\/wp-content\/uploads\/2023\/11\/MUN\u0303EIRA-DE-TORMALEO-1.jpg 596w, https:\/\/carolaortiz.com\/wp-content\/uploads\/2023\/11\/MUN\u0303EIRA-DE-TORMALEO-1-212x300.jpg 212w\" sizes=\"(max-width: 596px) 100vw, 596px\" \/>\t\t\t\t\t\t\t\t<\/a>\n\t\t\t\t\t\t\t\t\t\t\t\t\t\t\t<\/div>\n\t\t\t\t<\/div>\n\t\t\t\t<div class=\"elementor-element elementor-element-93c736a elementor-widget elementor-widget-heading\" data-id=\"93c736a\" data-element_type=\"widget\" data-widget_type=\"heading.default\">\n\t\t\t\t<div class=\"elementor-widget-container\">\n\t\t\t\t\t<span class=\"elementor-heading-title elementor-size-default\">Mu\u00f1eira de Turmaleo<\/span>\t\t\t\t<\/div>\n\t\t\t\t<\/div>\n\t\t\t\t<div class=\"elementor-element elementor-element-6ef5794f elementor-widget elementor-widget-image\" data-id=\"6ef5794f\" data-element_type=\"widget\" data-widget_type=\"image.default\">\n\t\t\t\t<div class=\"elementor-widget-container\">\n\t\t\t\t\t\t\t\t\t\t\t\t\t\t\t\t<a href=\"https:\/\/carolaortiz.com\/wp-content\/uploads\/2023\/11\/SERRANA-\u2018LA-MATADORA-1.jpg\" data-elementor-open-lightbox=\"yes\" data-elementor-lightbox-title=\"SERRANA-\u2018LA-MATADORA.jpg\" data-e-action-hash=\"#elementor-action%3Aaction%3Dlightbox%26settings%3DeyJpZCI6MTg5NjEsInVybCI6Imh0dHBzOlwvXC9jYXJvbGFvcnRpei5jb21cL3dwLWNvbnRlbnRcL3VwbG9hZHNcLzIwMjNcLzExXC9TRVJSQU5BLVx1MjAxOExBLU1BVEFET1JBLTEuanBnIn0%3D\">\n\t\t\t\t\t\t\t<img loading=\"lazy\" decoding=\"async\" width=\"596\" height=\"842\" src=\"https:\/\/carolaortiz.com\/wp-content\/uploads\/2023\/11\/SERRANA-\u2018LA-MATADORA-1.jpg\" class=\"attachment-large size-large wp-image-18961\" alt=\"\" srcset=\"https:\/\/carolaortiz.com\/wp-content\/uploads\/2023\/11\/SERRANA-\u2018LA-MATADORA-1.jpg 596w, https:\/\/carolaortiz.com\/wp-content\/uploads\/2023\/11\/SERRANA-\u2018LA-MATADORA-1-212x300.jpg 212w\" sizes=\"(max-width: 596px) 100vw, 596px\" \/>\t\t\t\t\t\t\t\t<\/a>\n\t\t\t\t\t\t\t\t\t\t\t\t\t\t\t<\/div>\n\t\t\t\t<\/div>\n\t\t\t\t<div class=\"elementor-element elementor-element-23e4391 elementor-widget elementor-widget-heading\" data-id=\"23e4391\" data-element_type=\"widget\" data-widget_type=\"heading.default\">\n\t\t\t\t<div class=\"elementor-widget-container\">\n\t\t\t\t\t<span class=\"elementor-heading-title elementor-size-default\">Serrana \"La Matadora\"<\/span>\t\t\t\t<\/div>\n\t\t\t\t<\/div>\n\t\t\t\t<div class=\"elementor-element elementor-element-4a206e15 elementor-widget elementor-widget-image\" data-id=\"4a206e15\" data-element_type=\"widget\" data-widget_type=\"image.default\">\n\t\t\t\t<div class=\"elementor-widget-container\">\n\t\t\t\t\t\t\t\t\t\t\t\t\t\t\t\t<a href=\"https:\/\/carolaortiz.com\/wp-content\/uploads\/2023\/11\/ROMANCE-DE-SANTA-ELENA-1.jpg\" data-elementor-open-lightbox=\"yes\" data-elementor-lightbox-title=\"ROMANCE-DE-SANTA-ELENA.jpg\" data-e-action-hash=\"#elementor-action%3Aaction%3Dlightbox%26settings%3DeyJpZCI6MTg5NjQsInVybCI6Imh0dHBzOlwvXC9jYXJvbGFvcnRpei5jb21cL3dwLWNvbnRlbnRcL3VwbG9hZHNcLzIwMjNcLzExXC9ST01BTkNFLURFLVNBTlRBLUVMRU5BLTEuanBnIn0%3D\">\n\t\t\t\t\t\t\t<img loading=\"lazy\" decoding=\"async\" width=\"596\" height=\"842\" src=\"https:\/\/carolaortiz.com\/wp-content\/uploads\/2023\/11\/ROMANCE-DE-SANTA-ELENA-1.jpg\" class=\"attachment-large size-large wp-image-18964\" alt=\"\" srcset=\"https:\/\/carolaortiz.com\/wp-content\/uploads\/2023\/11\/ROMANCE-DE-SANTA-ELENA-1.jpg 596w, https:\/\/carolaortiz.com\/wp-content\/uploads\/2023\/11\/ROMANCE-DE-SANTA-ELENA-1-212x300.jpg 212w\" sizes=\"(max-width: 596px) 100vw, 596px\" \/>\t\t\t\t\t\t\t\t<\/a>\n\t\t\t\t\t\t\t\t\t\t\t\t\t\t\t<\/div>\n\t\t\t\t<\/div>\n\t\t\t\t<div class=\"elementor-element elementor-element-66b56a5e elementor-widget elementor-widget-heading\" data-id=\"66b56a5e\" data-element_type=\"widget\" data-widget_type=\"heading.default\">\n\t\t\t\t<div class=\"elementor-widget-container\">\n\t\t\t\t\t<span class=\"elementor-heading-title elementor-size-default\">Romance de Santa Elena<\/span>\t\t\t\t<\/div>\n\t\t\t\t<\/div>\n\t\t\t\t<div class=\"elementor-element elementor-element-509b4e66 elementor-widget elementor-widget-image\" data-id=\"509b4e66\" data-element_type=\"widget\" data-widget_type=\"image.default\">\n\t\t\t\t<div class=\"elementor-widget-container\">\n\t\t\t\t\t\t\t\t\t\t\t\t\t\t\t\t<a href=\"https:\/\/carolaortiz.com\/wp-content\/uploads\/2023\/11\/CANCIO\u0301N-DE-BODAS-DE-PEN\u0303APARDA-1.jpg\" data-elementor-open-lightbox=\"yes\" data-elementor-lightbox-title=\"CANCIO\u0301N-DE-BODAS-DE-PEN\u0303APARDA.jpg\" data-e-action-hash=\"#elementor-action%3Aaction%3Dlightbox%26settings%3DeyJpZCI6MTg5NjcsInVybCI6Imh0dHBzOlwvXC9jYXJvbGFvcnRpei5jb21cL3dwLWNvbnRlbnRcL3VwbG9hZHNcLzIwMjNcLzExXC9DQU5DSU9cdTAzMDFOLURFLUJPREFTLURFLVBFTlx1MDMwM0FQQVJEQS0xLmpwZyJ9\">\n\t\t\t\t\t\t\t<img loading=\"lazy\" decoding=\"async\" width=\"596\" height=\"842\" src=\"https:\/\/carolaortiz.com\/wp-content\/uploads\/2023\/11\/CANCIO\u0301N-DE-BODAS-DE-PEN\u0303APARDA-1.jpg\" class=\"attachment-large size-large wp-image-18967\" alt=\"\" srcset=\"https:\/\/carolaortiz.com\/wp-content\/uploads\/2023\/11\/CANCIO\u0301N-DE-BODAS-DE-PEN\u0303APARDA-1.jpg 596w, https:\/\/carolaortiz.com\/wp-content\/uploads\/2023\/11\/CANCIO\u0301N-DE-BODAS-DE-PEN\u0303APARDA-1-212x300.jpg 212w\" sizes=\"(max-width: 596px) 100vw, 596px\" \/>\t\t\t\t\t\t\t\t<\/a>\n\t\t\t\t\t\t\t\t\t\t\t\t\t\t\t<\/div>\n\t\t\t\t<\/div>\n\t\t\t\t<div class=\"elementor-element elementor-element-74e2d520 elementor-widget elementor-widget-heading\" data-id=\"74e2d520\" data-element_type=\"widget\" data-widget_type=\"heading.default\">\n\t\t\t\t<div class=\"elementor-widget-container\">\n\t\t\t\t\t<span class=\"elementor-heading-title elementor-size-default\">Canci\u00f3n de bodas<\/span>\t\t\t\t<\/div>\n\t\t\t\t<\/div>\n\t\t\t\t<div class=\"elementor-element elementor-element-1ad03f20 elementor-widget elementor-widget-image\" data-id=\"1ad03f20\" data-element_type=\"widget\" data-widget_type=\"image.default\">\n\t\t\t\t<div class=\"elementor-widget-container\">\n\t\t\t\t\t\t\t\t\t\t\t\t\t\t\t\t<a href=\"https:\/\/carolaortiz.com\/wp-content\/uploads\/2023\/11\/JO-TINC-UNA-ENAMORADA-1.jpg\" data-elementor-open-lightbox=\"yes\" data-elementor-lightbox-title=\"JO-TINC-UNA-ENAMORADA.jpg\" data-e-action-hash=\"#elementor-action%3Aaction%3Dlightbox%26settings%3DeyJpZCI6MTg5NzAsInVybCI6Imh0dHBzOlwvXC9jYXJvbGFvcnRpei5jb21cL3dwLWNvbnRlbnRcL3VwbG9hZHNcLzIwMjNcLzExXC9KTy1USU5DLVVOQS1FTkFNT1JBREEtMS5qcGcifQ%3D%3D\">\n\t\t\t\t\t\t\t<img loading=\"lazy\" decoding=\"async\" width=\"596\" height=\"842\" src=\"https:\/\/carolaortiz.com\/wp-content\/uploads\/2023\/11\/JO-TINC-UNA-ENAMORADA-1.jpg\" class=\"attachment-large size-large wp-image-18970\" alt=\"\" srcset=\"https:\/\/carolaortiz.com\/wp-content\/uploads\/2023\/11\/JO-TINC-UNA-ENAMORADA-1.jpg 596w, https:\/\/carolaortiz.com\/wp-content\/uploads\/2023\/11\/JO-TINC-UNA-ENAMORADA-1-212x300.jpg 212w\" sizes=\"(max-width: 596px) 100vw, 596px\" \/>\t\t\t\t\t\t\t\t<\/a>\n\t\t\t\t\t\t\t\t\t\t\t\t\t\t\t<\/div>\n\t\t\t\t<\/div>\n\t\t\t\t<div class=\"elementor-element elementor-element-cd8af59 elementor-widget elementor-widget-heading\" data-id=\"cd8af59\" data-element_type=\"widget\" data-widget_type=\"heading.default\">\n\t\t\t\t<div class=\"elementor-widget-container\">\n\t\t\t\t\t<span class=\"elementor-heading-title elementor-size-default\">Jo tinc una enamorada <\/span>\t\t\t\t<\/div>\n\t\t\t\t<\/div>\n\t\t\t\t<div class=\"elementor-element elementor-element-3556caa3 elementor-widget elementor-widget-image\" data-id=\"3556caa3\" data-element_type=\"widget\" data-widget_type=\"image.default\">\n\t\t\t\t<div class=\"elementor-widget-container\">\n\t\t\t\t\t\t\t\t\t\t\t\t\t\t\t\t<a href=\"https:\/\/carolaortiz.com\/wp-content\/uploads\/2023\/11\/CANC\u0327O\u0301-DE-CUIR-FIGUES-1.jpg\" data-elementor-open-lightbox=\"yes\" data-elementor-lightbox-title=\"CANC\u0327O\u0301-DE-CUIR-FIGUES.jpg\" data-e-action-hash=\"#elementor-action%3Aaction%3Dlightbox%26settings%3DeyJpZCI6MTg5NzMsInVybCI6Imh0dHBzOlwvXC9jYXJvbGFvcnRpei5jb21cL3dwLWNvbnRlbnRcL3VwbG9hZHNcLzIwMjNcLzExXC9DQU5DXHUwMzI3T1x1MDMwMS1ERS1DVUlSLUZJR1VFUy0xLmpwZyJ9\">\n\t\t\t\t\t\t\t<img loading=\"lazy\" decoding=\"async\" width=\"596\" height=\"842\" src=\"https:\/\/carolaortiz.com\/wp-content\/uploads\/2023\/11\/CANC\u0327O\u0301-DE-CUIR-FIGUES-1.jpg\" class=\"attachment-large size-large wp-image-18973\" alt=\"\" srcset=\"https:\/\/carolaortiz.com\/wp-content\/uploads\/2023\/11\/CANC\u0327O\u0301-DE-CUIR-FIGUES-1.jpg 596w, https:\/\/carolaortiz.com\/wp-content\/uploads\/2023\/11\/CANC\u0327O\u0301-DE-CUIR-FIGUES-1-212x300.jpg 212w\" sizes=\"(max-width: 596px) 100vw, 596px\" \/>\t\t\t\t\t\t\t\t<\/a>\n\t\t\t\t\t\t\t\t\t\t\t\t\t\t\t<\/div>\n\t\t\t\t<\/div>\n\t\t\t\t<div class=\"elementor-element elementor-element-aa52430 elementor-widget elementor-widget-heading\" data-id=\"aa52430\" data-element_type=\"widget\" data-widget_type=\"heading.default\">\n\t\t\t\t<div class=\"elementor-widget-container\">\n\t\t\t\t\t<span class=\"elementor-heading-title elementor-size-default\">Coir figues a nes figueral<\/span>\t\t\t\t<\/div>\n\t\t\t\t<\/div>\n\t\t\t\t\t<\/div>\n\t\t<\/div>\n\t\t\t\t\t<\/div>\n\t\t<\/section>\n\t\t\t\t\t<\/div>\n\t\t<\/div>\n\t\t\t\t\t<\/div>\n\t\t<\/section>\n\t\t\t\t<\/div>\n\t\t","protected":false},"excerpt":{"rendered":"<p>Lyrics &#x21b3; Cantareras Repertoire of &#8220;Cantareras&#8221;: 01.La doncella guerrera (letra y tradicional de Le\u00f3n y melod\u00eda tradicional sevillana)&#8230;.<\/p>\n","protected":false},"author":2,"featured_media":0,"parent":0,"menu_order":60,"comment_status":"closed","ping_status":"closed","template":"","meta":{"_acf_changed":false,"footnotes":""},"class_list":["post-18629","page","type-page","status-publish","hentry"],"acf":[],"yoast_head":"<!-- This site is optimized with the Yoast SEO plugin v26.2 - https:\/\/yoast.com\/wordpress\/plugins\/seo\/ -->\n<title>Carola Ortiz Official Website | Lyrics<\/title>\n<meta name=\"description\" content=\"Va n\u00e9ixer el 15 de mar\u00e7 del 1986 a Terrassa, filla de m\u00fasic de jazz i de mare del m\u00f3n del teatre. Va cr\u00e9ixer musicalment entre la Jazz Cava de Terrassa i el Conservatori de la mateixa ciutat. Es va seguir formant al Taller de M\u00fasics i a l\u2019Esmuc tan en cant com en clarinet.\" \/>\n<meta name=\"robots\" content=\"index, follow, max-snippet:-1, max-image-preview:large, max-video-preview:-1\" \/>\n<link rel=\"canonical\" href=\"https:\/\/carolaortiz.com\/en\/lyrics\/\" \/>\n<meta property=\"og:locale\" content=\"en_US\" \/>\n<meta property=\"og:type\" content=\"article\" \/>\n<meta property=\"og:title\" content=\"Carola Ortiz Official Website | Lyrics\" \/>\n<meta property=\"og:description\" content=\"Va n\u00e9ixer el 15 de mar\u00e7 del 1986 a Terrassa, filla de m\u00fasic de jazz i de mare del m\u00f3n del teatre. Va cr\u00e9ixer musicalment entre la Jazz Cava de Terrassa i el Conservatori de la mateixa ciutat. Es va seguir formant al Taller de M\u00fasics i a l\u2019Esmuc tan en cant com en clarinet.\" \/>\n<meta property=\"og:url\" content=\"https:\/\/carolaortiz.com\/en\/lyrics\/\" \/>\n<meta property=\"og:site_name\" content=\"Carola Ortiz Official Website\" \/>\n<meta property=\"article:publisher\" content=\"https:\/\/www.facebook.com\/Carola-Ortiz-Music-792306854153384\/?fref=ts\" \/>\n<meta property=\"article:modified_time\" content=\"2023-11-29T16:12:33+00:00\" \/>\n<meta property=\"og:image\" content=\"https:\/\/carolaortiz.com\/wp-content\/uploads\/2023\/11\/DONCELLA-GUERRERA-1.jpg\" \/>\n<meta name=\"twitter:card\" content=\"summary_large_image\" \/>\n<meta name=\"twitter:label1\" content=\"Est. reading time\" \/>\n\t<meta name=\"twitter:data1\" content=\"4 minutes\" \/>\n<script type=\"application\/ld+json\" class=\"yoast-schema-graph\">{\"@context\":\"https:\/\/schema.org\",\"@graph\":[{\"@type\":\"WebPage\",\"@id\":\"https:\/\/carolaortiz.com\/en\/lyrics\/\",\"url\":\"https:\/\/carolaortiz.com\/en\/lyrics\/\",\"name\":\"Carola Ortiz Official Website | Lyrics\",\"isPartOf\":{\"@id\":\"https:\/\/carolaortiz.com\/en\/#website\"},\"primaryImageOfPage\":{\"@id\":\"https:\/\/carolaortiz.com\/en\/lyrics\/#primaryimage\"},\"image\":{\"@id\":\"https:\/\/carolaortiz.com\/en\/lyrics\/#primaryimage\"},\"thumbnailUrl\":\"https:\/\/carolaortiz.com\/wp-content\/uploads\/2023\/11\/DONCELLA-GUERRERA-1.jpg\",\"datePublished\":\"2023-11-09T11:58:10+00:00\",\"dateModified\":\"2023-11-29T16:12:33+00:00\",\"description\":\"Va n\u00e9ixer el 15 de mar\u00e7 del 1986 a Terrassa, filla de m\u00fasic de jazz i de mare del m\u00f3n del teatre. Va cr\u00e9ixer musicalment entre la Jazz Cava de Terrassa i el Conservatori de la mateixa ciutat. Es va seguir formant al Taller de M\u00fasics i a l\u2019Esmuc tan en cant com en clarinet.\",\"breadcrumb\":{\"@id\":\"https:\/\/carolaortiz.com\/en\/lyrics\/#breadcrumb\"},\"inLanguage\":\"en-US\",\"potentialAction\":[{\"@type\":\"ReadAction\",\"target\":[\"https:\/\/carolaortiz.com\/en\/lyrics\/\"]}]},{\"@type\":\"ImageObject\",\"inLanguage\":\"en-US\",\"@id\":\"https:\/\/carolaortiz.com\/en\/lyrics\/#primaryimage\",\"url\":\"https:\/\/carolaortiz.com\/wp-content\/uploads\/2023\/11\/DONCELLA-GUERRERA-1.jpg\",\"contentUrl\":\"https:\/\/carolaortiz.com\/wp-content\/uploads\/2023\/11\/DONCELLA-GUERRERA-1.jpg\"},{\"@type\":\"BreadcrumbList\",\"@id\":\"https:\/\/carolaortiz.com\/en\/lyrics\/#breadcrumb\",\"itemListElement\":[{\"@type\":\"ListItem\",\"position\":1,\"name\":\"Home\",\"item\":\"https:\/\/carolaortiz.com\/en\/\"},{\"@type\":\"ListItem\",\"position\":2,\"name\":\"Lyrics\"}]},{\"@type\":\"WebSite\",\"@id\":\"https:\/\/carolaortiz.com\/en\/#website\",\"url\":\"https:\/\/carolaortiz.com\/en\/\",\"name\":\"Carola Ortiz Official Website\",\"description\":\"Singer, clarinet &amp; bass clarinet player, composer &amp; traveler. The catalan singer Carola Ortiz has participated in the recordings of more than twenty albums of different genres, including jazz, pop, rock, world, and experimental.\",\"potentialAction\":[{\"@type\":\"SearchAction\",\"target\":{\"@type\":\"EntryPoint\",\"urlTemplate\":\"https:\/\/carolaortiz.com\/en\/?s={search_term_string}\"},\"query-input\":{\"@type\":\"PropertyValueSpecification\",\"valueRequired\":true,\"valueName\":\"search_term_string\"}}],\"inLanguage\":\"en-US\"}]}<\/script>\n<!-- \/ Yoast SEO plugin. -->","yoast_head_json":{"title":"Carola Ortiz Official Website | Lyrics","description":"Va n\u00e9ixer el 15 de mar\u00e7 del 1986 a Terrassa, filla de m\u00fasic de jazz i de mare del m\u00f3n del teatre. Va cr\u00e9ixer musicalment entre la Jazz Cava de Terrassa i el Conservatori de la mateixa ciutat. Es va seguir formant al Taller de M\u00fasics i a l\u2019Esmuc tan en cant com en clarinet.","robots":{"index":"index","follow":"follow","max-snippet":"max-snippet:-1","max-image-preview":"max-image-preview:large","max-video-preview":"max-video-preview:-1"},"canonical":"https:\/\/carolaortiz.com\/en\/lyrics\/","og_locale":"en_US","og_type":"article","og_title":"Carola Ortiz Official Website | Lyrics","og_description":"Va n\u00e9ixer el 15 de mar\u00e7 del 1986 a Terrassa, filla de m\u00fasic de jazz i de mare del m\u00f3n del teatre. Va cr\u00e9ixer musicalment entre la Jazz Cava de Terrassa i el Conservatori de la mateixa ciutat. Es va seguir formant al Taller de M\u00fasics i a l\u2019Esmuc tan en cant com en clarinet.","og_url":"https:\/\/carolaortiz.com\/en\/lyrics\/","og_site_name":"Carola Ortiz Official Website","article_publisher":"https:\/\/www.facebook.com\/Carola-Ortiz-Music-792306854153384\/?fref=ts","article_modified_time":"2023-11-29T16:12:33+00:00","og_image":[{"url":"https:\/\/carolaortiz.com\/wp-content\/uploads\/2023\/11\/DONCELLA-GUERRERA-1.jpg","type":"","width":"","height":""}],"twitter_card":"summary_large_image","twitter_misc":{"Est. reading time":"4 minutes"},"schema":{"@context":"https:\/\/schema.org","@graph":[{"@type":"WebPage","@id":"https:\/\/carolaortiz.com\/en\/lyrics\/","url":"https:\/\/carolaortiz.com\/en\/lyrics\/","name":"Carola Ortiz Official Website | Lyrics","isPartOf":{"@id":"https:\/\/carolaortiz.com\/en\/#website"},"primaryImageOfPage":{"@id":"https:\/\/carolaortiz.com\/en\/lyrics\/#primaryimage"},"image":{"@id":"https:\/\/carolaortiz.com\/en\/lyrics\/#primaryimage"},"thumbnailUrl":"https:\/\/carolaortiz.com\/wp-content\/uploads\/2023\/11\/DONCELLA-GUERRERA-1.jpg","datePublished":"2023-11-09T11:58:10+00:00","dateModified":"2023-11-29T16:12:33+00:00","description":"Va n\u00e9ixer el 15 de mar\u00e7 del 1986 a Terrassa, filla de m\u00fasic de jazz i de mare del m\u00f3n del teatre. Va cr\u00e9ixer musicalment entre la Jazz Cava de Terrassa i el Conservatori de la mateixa ciutat. Es va seguir formant al Taller de M\u00fasics i a l\u2019Esmuc tan en cant com en clarinet.","breadcrumb":{"@id":"https:\/\/carolaortiz.com\/en\/lyrics\/#breadcrumb"},"inLanguage":"en-US","potentialAction":[{"@type":"ReadAction","target":["https:\/\/carolaortiz.com\/en\/lyrics\/"]}]},{"@type":"ImageObject","inLanguage":"en-US","@id":"https:\/\/carolaortiz.com\/en\/lyrics\/#primaryimage","url":"https:\/\/carolaortiz.com\/wp-content\/uploads\/2023\/11\/DONCELLA-GUERRERA-1.jpg","contentUrl":"https:\/\/carolaortiz.com\/wp-content\/uploads\/2023\/11\/DONCELLA-GUERRERA-1.jpg"},{"@type":"BreadcrumbList","@id":"https:\/\/carolaortiz.com\/en\/lyrics\/#breadcrumb","itemListElement":[{"@type":"ListItem","position":1,"name":"Home","item":"https:\/\/carolaortiz.com\/en\/"},{"@type":"ListItem","position":2,"name":"Lyrics"}]},{"@type":"WebSite","@id":"https:\/\/carolaortiz.com\/en\/#website","url":"https:\/\/carolaortiz.com\/en\/","name":"Carola Ortiz Official Website","description":"Singer, clarinet &amp; bass clarinet player, composer &amp; traveler. The catalan singer Carola Ortiz has participated in the recordings of more than twenty albums of different genres, including jazz, pop, rock, world, and experimental.","potentialAction":[{"@type":"SearchAction","target":{"@type":"EntryPoint","urlTemplate":"https:\/\/carolaortiz.com\/en\/?s={search_term_string}"},"query-input":{"@type":"PropertyValueSpecification","valueRequired":true,"valueName":"search_term_string"}}],"inLanguage":"en-US"}]}},"_links":{"self":[{"href":"https:\/\/carolaortiz.com\/en\/wp-json\/wp\/v2\/pages\/18629","targetHints":{"allow":["GET"]}}],"collection":[{"href":"https:\/\/carolaortiz.com\/en\/wp-json\/wp\/v2\/pages"}],"about":[{"href":"https:\/\/carolaortiz.com\/en\/wp-json\/wp\/v2\/types\/page"}],"author":[{"embeddable":true,"href":"https:\/\/carolaortiz.com\/en\/wp-json\/wp\/v2\/users\/2"}],"replies":[{"embeddable":true,"href":"https:\/\/carolaortiz.com\/en\/wp-json\/wp\/v2\/comments?post=18629"}],"version-history":[{"count":7,"href":"https:\/\/carolaortiz.com\/en\/wp-json\/wp\/v2\/pages\/18629\/revisions"}],"predecessor-version":[{"id":19290,"href":"https:\/\/carolaortiz.com\/en\/wp-json\/wp\/v2\/pages\/18629\/revisions\/19290"}],"wp:attachment":[{"href":"https:\/\/carolaortiz.com\/en\/wp-json\/wp\/v2\/media?parent=18629"}],"curies":[{"name":"wp","href":"https:\/\/api.w.org\/{rel}","templated":true}]}}