{"id":17326,"date":"2021-03-03T10:56:25","date_gmt":"2021-03-03T09:56:25","guid":{"rendered":"https:\/\/carolaortiz.com\/bio\/"},"modified":"2025-11-04T11:56:40","modified_gmt":"2025-11-04T10:56:40","slug":"bio","status":"publish","type":"page","link":"https:\/\/carolaortiz.com\/es\/bio\/","title":{"rendered":"Bio"},"content":{"rendered":"\t\t<div data-elementor-type=\"wp-post\" data-elementor-id=\"17326\" class=\"elementor elementor-17326 elementor-14607\">\n\t\t\t\t\t\t<section class=\"elementor-section elementor-top-section elementor-element elementor-element-66c7983 elementor-section-full_width elementor-section-height-min-height elementor-section-items-stretch elementor-reverse-tablet elementor-reverse-mobile elementor-section-height-default neuron-fixed-no\" data-id=\"66c7983\" data-element_type=\"section\" data-settings=\"{&quot;background_background&quot;:&quot;classic&quot;}\">\n\t\t\t\t\t\t<div class=\"elementor-container elementor-column-gap-no\">\n\t\t\t\t\t<div class=\"elementor-column elementor-col-50 elementor-top-column elementor-element elementor-element-e64bfc3\" data-id=\"e64bfc3\" data-element_type=\"column\" data-settings=\"{&quot;background_background&quot;:&quot;classic&quot;}\">\n\t\t\t<div class=\"elementor-widget-wrap elementor-element-populated\">\n\t\t\t\t\t<div class=\"elementor-background-overlay\"><\/div>\n\t\t\t\t\t\t<section class=\"elementor-section elementor-inner-section elementor-element elementor-element-3485ebb elementor-section-boxed elementor-section-height-default elementor-section-height-default neuron-fixed-no\" data-id=\"3485ebb\" data-element_type=\"section\">\n\t\t\t\t\t\t<div class=\"elementor-container elementor-column-gap-default\">\n\t\t\t\t\t<div class=\"elementor-column elementor-col-100 elementor-inner-column elementor-element elementor-element-fbb3aeb\" data-id=\"fbb3aeb\" data-element_type=\"column\">\n\t\t\t<div class=\"elementor-widget-wrap elementor-element-populated\">\n\t\t\t\t\t\t<div class=\"elementor-element elementor-element-b108d7e elementor-widget elementor-widget-spacer\" data-id=\"b108d7e\" data-element_type=\"widget\" data-widget_type=\"spacer.default\">\n\t\t\t\t<div class=\"elementor-widget-container\">\n\t\t\t\t\t\t\t<div class=\"elementor-spacer\">\n\t\t\t<div class=\"elementor-spacer-inner\"><\/div>\n\t\t<\/div>\n\t\t\t\t\t\t<\/div>\n\t\t\t\t<\/div>\n\t\t\t\t<div class=\"elementor-element elementor-element-b2c9d25 elementor-widget elementor-widget-heading\" data-id=\"b2c9d25\" data-element_type=\"widget\" data-widget_type=\"heading.default\">\n\t\t\t\t<div class=\"elementor-widget-container\">\n\t\t\t\t\t<h3 class=\"elementor-heading-title elementor-size-default\">Biograf\u00eda<\/h3>\t\t\t\t<\/div>\n\t\t\t\t<\/div>\n\t\t\t\t<div class=\"elementor-element elementor-element-bb4cf3d elementor-widget elementor-widget-text-editor\" data-id=\"bb4cf3d\" data-element_type=\"widget\" data-widget_type=\"text-editor.default\">\n\t\t\t\t<div class=\"elementor-widget-container\">\n\t\t\t\t\t\t\t\t\t<p><strong>Carola Ortiz<\/strong><\/p><p>Hija de un m\u00fasico de jazz y de una madre vinculada al teatro, Carola Ortiz (Terrassa, 1986) es una artista egarense que se define como creadora e investigadora multiforme. Formada en clarinete cl\u00e1sico y canto de jazz en la ESMUC, desde 2009 impulsa proyectos musicales que parten siempre de un reto art\u00edstico y vital. Su curiosidad inagotable la ha llevado a fusionar con naturalidad y libertad la improvisaci\u00f3n que respira desde los clubes de jazz donde creci\u00f3, la disciplina adquirida en el Conservatorio de Terrassa y la fuerza r\u00edtmica y mel\u00f3dica de sus ra\u00edces ib\u00e9ricas. Al mismo tiempo, ha incorporado influencias de las m\u00fasicas del Oriente Mediterr\u00e1neo y de la India, fruto de sus numerosos viajes y estancias en esos territorios.<\/p><p>Como compositora y productora, ha publicado cinco \u00e1lbumes (\u00abSirin\u00bb, 2016; \u00abSpirala\u00bb, 2018; \u00abPecata Beata\u00bb, 2021; \u00abCantareras\u00bb, 2023; y \u00abEnll\u00e0\u00bb, 2025) y ha llevado su m\u00fasica a escenarios de m\u00e1s de veinte pa\u00edses, tanto en clubes como en teatros y festivales internacionales. Su obra ha sido reconocida por la cr\u00edtica nacional e internacional, incluyendo el Premi N\u00favol al mejor disco de canci\u00f3n (2021) y menciones en prestigiosas listas anuales como las de Ted Gioia y los World Music Charts Europe.<\/p><p>Carola Ortiz ha formado parte de la orquesta de percusi\u00f3n ib\u00e9rica Coetus y ha compartido escenario con artistas de gran renombre como Xabier D\u00edaz, Eliseo Parra, Roc\u00edo M\u00e1rquez, Ra\u00fcl Refree, Rosal\u00eda, S\u00edlvia P\u00e9rez Cruz, Llu\u00eds Vidal, Marco Mezquida, Roger Mas, as\u00ed como con figuras internacionales de la talla de Debhashish Bhattacharya, The Mingus Orchestra o Maria Schneider.<\/p><p>Con m\u00e1s de treinta colaboraciones discogr\u00e1ficas en diversos g\u00e9neros, tambi\u00e9n ha aportado su voz y clarinete a obras de teatro, espect\u00e1culos musicales y documentales. En el \u00e1mbito docente, ha trabajado en el ESEM del Taller de M\u00fasics y en la ESMUC, adem\u00e1s de impartir talleres y clases particulares.<\/p>\t\t\t\t\t\t\t\t<\/div>\n\t\t\t\t<\/div>\n\t\t\t\t<div class=\"elementor-element elementor-element-98e9dc2 elementor-widget__width-auto elementor-view-default elementor-widget elementor-widget-icon\" data-id=\"98e9dc2\" data-element_type=\"widget\" data-widget_type=\"icon.default\">\n\t\t\t\t<div class=\"elementor-widget-container\">\n\t\t\t\t\t\t\t<div class=\"elementor-icon-wrapper\">\n\t\t\t<div class=\"elementor-icon\">\n\t\t\t<i aria-hidden=\"true\" class=\"fas fa-external-link-alt\"><\/i>\t\t\t<\/div>\n\t\t<\/div>\n\t\t\t\t\t\t<\/div>\n\t\t\t\t<\/div>\n\t\t\t\t<div class=\"elementor-element elementor-element-3904ab5 elementor-widget__width-auto elementor-widget elementor-widget-heading\" data-id=\"3904ab5\" data-element_type=\"widget\" data-widget_type=\"heading.default\">\n\t\t\t\t<div class=\"elementor-widget-container\">\n\t\t\t\t\t<span class=\"elementor-heading-title elementor-size-default\"><a href=\"https:\/\/es.wikipedia.org\/wiki\/Carola_Ortiz\" target=\"_blank\">+ info en Wikipedia.com<\/a><\/span>\t\t\t\t<\/div>\n\t\t\t\t<\/div>\n\t\t\t\t\t<\/div>\n\t\t<\/div>\n\t\t\t\t\t<\/div>\n\t\t<\/section>\n\t\t\t\t\t<\/div>\n\t\t<\/div>\n\t\t\t\t<div class=\"elementor-column elementor-col-50 elementor-top-column elementor-element elementor-element-306ee07\" data-id=\"306ee07\" data-element_type=\"column\" data-settings=\"{&quot;background_background&quot;:&quot;classic&quot;}\">\n\t\t\t<div class=\"elementor-widget-wrap elementor-element-populated\">\n\t\t\t\t\t\t<div class=\"elementor-element elementor-element-81c77a6 elementor-widget elementor-widget-spacer\" data-id=\"81c77a6\" data-element_type=\"widget\" data-widget_type=\"spacer.default\">\n\t\t\t\t<div class=\"elementor-widget-container\">\n\t\t\t\t\t\t\t<div class=\"elementor-spacer\">\n\t\t\t<div class=\"elementor-spacer-inner\"><\/div>\n\t\t<\/div>\n\t\t\t\t\t\t<\/div>\n\t\t\t\t<\/div>\n\t\t\t\t\t<\/div>\n\t\t<\/div>\n\t\t\t\t\t<\/div>\n\t\t<\/section>\n\t\t\t\t<\/div>\n\t\t","protected":false},"excerpt":{"rendered":"<p>Biograf\u00eda Carola Ortiz Hija de un m\u00fasico de jazz y de una madre vinculada al teatro, Carola Ortiz&#8230;<\/p>\n","protected":false},"author":1,"featured_media":0,"parent":0,"menu_order":60,"comment_status":"closed","ping_status":"closed","template":"","meta":{"_acf_changed":false,"footnotes":""},"class_list":["post-17326","page","type-page","status-publish","hentry"],"acf":[],"yoast_head":"<!-- This site is optimized with the Yoast SEO plugin v26.2 - https:\/\/yoast.com\/wordpress\/plugins\/seo\/ -->\n<title>Carola Ortiz | Bio<\/title>\n<meta name=\"description\" content=\"Naci\u00f3 el 15 de marzo del 1986 en Terrassa, hija de m\u00fasico de jazz y de madre vinculada al mundo del teatro. Creci\u00f3 musicalmente entre la Jazz Cava de Terrassa y el Conservatorio de la misma ciudad. Se sigui\u00f3 formando en el Taller de M\u00fasics y posteriormente en la ESMUC, en canto y en clarinete.\" \/>\n<meta name=\"robots\" content=\"index, follow, max-snippet:-1, max-image-preview:large, max-video-preview:-1\" \/>\n<link rel=\"canonical\" href=\"https:\/\/carolaortiz.com\/es\/bio\/\" \/>\n<meta property=\"og:locale\" content=\"es_ES\" \/>\n<meta property=\"og:type\" content=\"article\" \/>\n<meta property=\"og:title\" content=\"Carola Ortiz | Bio\" \/>\n<meta property=\"og:description\" content=\"Naci\u00f3 el 15 de marzo del 1986 en Terrassa, hija de m\u00fasico de jazz y de madre vinculada al mundo del teatro. Creci\u00f3 musicalmente entre la Jazz Cava de Terrassa y el Conservatorio de la misma ciudad. Se sigui\u00f3 formando en el Taller de M\u00fasics y posteriormente en la ESMUC, en canto y en clarinete.\" \/>\n<meta property=\"og:url\" content=\"https:\/\/carolaortiz.com\/es\/bio\/\" \/>\n<meta property=\"og:site_name\" content=\"Carola Ortiz\" \/>\n<meta property=\"article:publisher\" content=\"https:\/\/www.facebook.com\/Carola-Ortiz-Music-792306854153384\/?fref=ts\" \/>\n<meta property=\"article:modified_time\" content=\"2025-11-04T10:56:40+00:00\" \/>\n<meta property=\"og:image\" content=\"https:\/\/carolaortiz.com\/wp-content\/uploads\/2021\/04\/fbimage.png\" \/>\n\t<meta property=\"og:image:width\" content=\"1200\" \/>\n\t<meta property=\"og:image:height\" content=\"628\" \/>\n\t<meta property=\"og:image:type\" content=\"image\/png\" \/>\n<meta name=\"twitter:card\" content=\"summary_large_image\" \/>\n<meta name=\"twitter:description\" content=\"Naci\u00f3 el 15 de marzo del 1986 en Terrassa, hija de m\u00fasico de jazz y de madre vinculada al mundo del teatro. Creci\u00f3 musicalmente entre la Jazz Cava de Terrassa y el Conservatorio de la misma ciudad. Se sigui\u00f3 formando en el Taller de M\u00fasics y posteriormente en la ESMUC, en canto y en clarinete.\" \/>\n<meta name=\"twitter:image\" content=\"https:\/\/carolaortiz.com\/wp-content\/uploads\/2021\/04\/fbimage.png\" \/>\n<meta name=\"twitter:label1\" content=\"Tiempo de lectura\" \/>\n\t<meta name=\"twitter:data1\" content=\"2 minutos\" \/>\n<script type=\"application\/ld+json\" class=\"yoast-schema-graph\">{\"@context\":\"https:\/\/schema.org\",\"@graph\":[{\"@type\":\"WebPage\",\"@id\":\"https:\/\/carolaortiz.com\/es\/bio\/\",\"url\":\"https:\/\/carolaortiz.com\/es\/bio\/\",\"name\":\"Carola Ortiz | Bio\",\"isPartOf\":{\"@id\":\"https:\/\/carolaortiz.com\/es\/#website\"},\"datePublished\":\"2021-03-03T09:56:25+00:00\",\"dateModified\":\"2025-11-04T10:56:40+00:00\",\"description\":\"Naci\u00f3 el 15 de marzo del 1986 en Terrassa, hija de m\u00fasico de jazz y de madre vinculada al mundo del teatro. Creci\u00f3 musicalmente entre la Jazz Cava de Terrassa y el Conservatorio de la misma ciudad. Se sigui\u00f3 formando en el Taller de M\u00fasics y posteriormente en la ESMUC, en canto y en clarinete.\",\"breadcrumb\":{\"@id\":\"https:\/\/carolaortiz.com\/es\/bio\/#breadcrumb\"},\"inLanguage\":\"es\",\"potentialAction\":[{\"@type\":\"ReadAction\",\"target\":[\"https:\/\/carolaortiz.com\/es\/bio\/\"]}]},{\"@type\":\"BreadcrumbList\",\"@id\":\"https:\/\/carolaortiz.com\/es\/bio\/#breadcrumb\",\"itemListElement\":[{\"@type\":\"ListItem\",\"position\":1,\"name\":\"Home\",\"item\":\"https:\/\/carolaortiz.com\/es\/\"},{\"@type\":\"ListItem\",\"position\":2,\"name\":\"Bio\"}]},{\"@type\":\"WebSite\",\"@id\":\"https:\/\/carolaortiz.com\/es\/#website\",\"url\":\"https:\/\/carolaortiz.com\/es\/\",\"name\":\"Carola Ortiz\",\"description\":\"Cantant, clarinetista, compositora i viatgera. Ha participat en m\u00e9s de vint treballs discogr\u00e0fics de diferents g\u00e8neres incloent jazz, pop, folk, world i experimental.\",\"potentialAction\":[{\"@type\":\"SearchAction\",\"target\":{\"@type\":\"EntryPoint\",\"urlTemplate\":\"https:\/\/carolaortiz.com\/es\/?s={search_term_string}\"},\"query-input\":{\"@type\":\"PropertyValueSpecification\",\"valueRequired\":true,\"valueName\":\"search_term_string\"}}],\"inLanguage\":\"es\"}]}<\/script>\n<!-- \/ Yoast SEO plugin. -->","yoast_head_json":{"title":"Carola Ortiz | Bio","description":"Naci\u00f3 el 15 de marzo del 1986 en Terrassa, hija de m\u00fasico de jazz y de madre vinculada al mundo del teatro. Creci\u00f3 musicalmente entre la Jazz Cava de Terrassa y el Conservatorio de la misma ciudad. Se sigui\u00f3 formando en el Taller de M\u00fasics y posteriormente en la ESMUC, en canto y en clarinete.","robots":{"index":"index","follow":"follow","max-snippet":"max-snippet:-1","max-image-preview":"max-image-preview:large","max-video-preview":"max-video-preview:-1"},"canonical":"https:\/\/carolaortiz.com\/es\/bio\/","og_locale":"es_ES","og_type":"article","og_title":"Carola Ortiz | Bio","og_description":"Naci\u00f3 el 15 de marzo del 1986 en Terrassa, hija de m\u00fasico de jazz y de madre vinculada al mundo del teatro. Creci\u00f3 musicalmente entre la Jazz Cava de Terrassa y el Conservatorio de la misma ciudad. Se sigui\u00f3 formando en el Taller de M\u00fasics y posteriormente en la ESMUC, en canto y en clarinete.","og_url":"https:\/\/carolaortiz.com\/es\/bio\/","og_site_name":"Carola Ortiz","article_publisher":"https:\/\/www.facebook.com\/Carola-Ortiz-Music-792306854153384\/?fref=ts","article_modified_time":"2025-11-04T10:56:40+00:00","og_image":[{"width":1200,"height":628,"url":"https:\/\/carolaortiz.com\/wp-content\/uploads\/2021\/04\/fbimage.png","type":"image\/png"}],"twitter_card":"summary_large_image","twitter_description":"Naci\u00f3 el 15 de marzo del 1986 en Terrassa, hija de m\u00fasico de jazz y de madre vinculada al mundo del teatro. Creci\u00f3 musicalmente entre la Jazz Cava de Terrassa y el Conservatorio de la misma ciudad. Se sigui\u00f3 formando en el Taller de M\u00fasics y posteriormente en la ESMUC, en canto y en clarinete.","twitter_image":"https:\/\/carolaortiz.com\/wp-content\/uploads\/2021\/04\/fbimage.png","twitter_misc":{"Tiempo de lectura":"2 minutos"},"schema":{"@context":"https:\/\/schema.org","@graph":[{"@type":"WebPage","@id":"https:\/\/carolaortiz.com\/es\/bio\/","url":"https:\/\/carolaortiz.com\/es\/bio\/","name":"Carola Ortiz | Bio","isPartOf":{"@id":"https:\/\/carolaortiz.com\/es\/#website"},"datePublished":"2021-03-03T09:56:25+00:00","dateModified":"2025-11-04T10:56:40+00:00","description":"Naci\u00f3 el 15 de marzo del 1986 en Terrassa, hija de m\u00fasico de jazz y de madre vinculada al mundo del teatro. Creci\u00f3 musicalmente entre la Jazz Cava de Terrassa y el Conservatorio de la misma ciudad. Se sigui\u00f3 formando en el Taller de M\u00fasics y posteriormente en la ESMUC, en canto y en clarinete.","breadcrumb":{"@id":"https:\/\/carolaortiz.com\/es\/bio\/#breadcrumb"},"inLanguage":"es","potentialAction":[{"@type":"ReadAction","target":["https:\/\/carolaortiz.com\/es\/bio\/"]}]},{"@type":"BreadcrumbList","@id":"https:\/\/carolaortiz.com\/es\/bio\/#breadcrumb","itemListElement":[{"@type":"ListItem","position":1,"name":"Home","item":"https:\/\/carolaortiz.com\/es\/"},{"@type":"ListItem","position":2,"name":"Bio"}]},{"@type":"WebSite","@id":"https:\/\/carolaortiz.com\/es\/#website","url":"https:\/\/carolaortiz.com\/es\/","name":"Carola Ortiz","description":"Cantant, clarinetista, compositora i viatgera. Ha participat en m\u00e9s de vint treballs discogr\u00e0fics de diferents g\u00e8neres incloent jazz, pop, folk, world i experimental.","potentialAction":[{"@type":"SearchAction","target":{"@type":"EntryPoint","urlTemplate":"https:\/\/carolaortiz.com\/es\/?s={search_term_string}"},"query-input":{"@type":"PropertyValueSpecification","valueRequired":true,"valueName":"search_term_string"}}],"inLanguage":"es"}]}},"_links":{"self":[{"href":"https:\/\/carolaortiz.com\/es\/wp-json\/wp\/v2\/pages\/17326","targetHints":{"allow":["GET"]}}],"collection":[{"href":"https:\/\/carolaortiz.com\/es\/wp-json\/wp\/v2\/pages"}],"about":[{"href":"https:\/\/carolaortiz.com\/es\/wp-json\/wp\/v2\/types\/page"}],"author":[{"embeddable":true,"href":"https:\/\/carolaortiz.com\/es\/wp-json\/wp\/v2\/users\/1"}],"replies":[{"embeddable":true,"href":"https:\/\/carolaortiz.com\/es\/wp-json\/wp\/v2\/comments?post=17326"}],"version-history":[{"count":38,"href":"https:\/\/carolaortiz.com\/es\/wp-json\/wp\/v2\/pages\/17326\/revisions"}],"predecessor-version":[{"id":20324,"href":"https:\/\/carolaortiz.com\/es\/wp-json\/wp\/v2\/pages\/17326\/revisions\/20324"}],"wp:attachment":[{"href":"https:\/\/carolaortiz.com\/es\/wp-json\/wp\/v2\/media?parent=17326"}],"curies":[{"name":"wp","href":"https:\/\/api.w.org\/{rel}","templated":true}]}}