{"id":17340,"date":"2021-03-03T15:02:22","date_gmt":"2021-03-03T14:02:22","guid":{"rendered":"https:\/\/carolaortiz.com\/concerts\/"},"modified":"2024-10-28T21:41:51","modified_gmt":"2024-10-28T20:41:51","slug":"conciertos","status":"publish","type":"page","link":"https:\/\/carolaortiz.com\/es\/conciertos\/","title":{"rendered":"Conciertos"},"content":{"rendered":"\t\t<div data-elementor-type=\"wp-page\" data-elementor-id=\"17340\" class=\"elementor elementor-17340 elementor-14692\">\n\t\t\t\t\t\t<section class=\"elementor-section elementor-top-section elementor-element elementor-element-5e79323 elementor-section-boxed elementor-section-height-default elementor-section-height-default\" data-id=\"5e79323\" data-element_type=\"section\" data-settings=\"{&quot;background_background&quot;:&quot;classic&quot;}\">\n\t\t\t\t\t\t\t<div class=\"elementor-background-overlay\"><\/div>\n\t\t\t\t\t\t\t<div class=\"elementor-container elementor-column-gap-default\">\n\t\t\t\t\t<div class=\"elementor-column elementor-col-100 elementor-top-column elementor-element elementor-element-57df9fa\" data-id=\"57df9fa\" data-element_type=\"column\" data-settings=\"{&quot;background_background&quot;:&quot;gradient&quot;}\">\n\t\t\t<div class=\"elementor-widget-wrap elementor-element-populated\">\n\t\t\t\t\t\t<div class=\"elementor-element elementor-element-1bb2eec elementor-widget elementor-widget-shortcode\" data-id=\"1bb2eec\" data-element_type=\"widget\" data-widget_type=\"shortcode.default\">\n\t\t\t\t<div class=\"elementor-widget-container\">\n\t\t\t\t\t\t\t<div class=\"elementor-shortcode\"> <script charset=\"utf-8\" src=\"https:\/\/widgetv3.bandsintown.com\/main.min.js\"><\/script>\n  <a class=\"bit-widget-initializer\"\n    \n\tdata-artist-name=\"id_11309224\"\n\t\n\tdata-background-color=\"rgba(208,2,27,0.54)\"\n\tdata-separator-color=\"#DDDDDD\"\n\tdata-text-color=\"rgba(255,255,255,1)\"\n\tdata-font=\"Arial\"\n\tdata-auto-style=\"true\"\n\t\n\tdata-button-label-capitalization=\"uppercase\"\n\tdata-header-capitalization=\"undefined\"\n\tdata-location-capitalization=\"uppercase\"\n\tdata-venue-capitalization=\"uppercase\"\n\tdata-display-local-dates=\"false\"\n\tdata-local-dates-position=\"tab\"\n\tdata-display-past-dates=\"true\"\n\tdata-display-details=\"true\"\n\tdata-display-lineup=\"\"\n\tdata-display-start-time=\"\"\n\tdata-social-share-icon=\"\"\n\tdata-display-limit=\"all\"\n\t\n\tdata-date-format=\"DD\/MM\/YY\"\n\tdata-date-orientation=\"horizontal\"\n\tdata-date-border-color=\"#4A4A4A\"\n\tdata-date-border-width=\"1px\"\n\tdata-date-capitalization=\"capitalize\"\n\tdata-date-border-radius=\"10px\"\n\t\n\tdata-event-ticket-cta-size=\"small\"\n\tdata-event-custom-ticket-text=\"undefined\"\n\tdata-event-ticket-text=\"TICKETS\"\n\tdata-event-ticket-icon=\"\"\n\tdata-event-ticket-cta-text-color=\"#FFFFFF\"\n\tdata-event-ticket-cta-bg-color=\"#4A4A4A\"\n\tdata-event-ticket-cta-border-color=\"#4A4A4A\"\n\tdata-event-ticket-cta-border-width=\"0px\"\n\tdata-event-ticket-cta-border-radius=\"2px\"\n\t\n\tdata-sold-out-button-text-color=\"#FFFFFF\"\n\tdata-sold-out-button-background-color=\"#4A4A4A\"\n\tdata-sold-out-button-border-color=\"#4A4A4A\"\n\tdata-sold-out-button-clickable=\"true\"\n\t\n\tdata-event-rsvp-position=\"hidden\"\n\tdata-event-rsvp-cta-size=\"medium\"\n\tdata-event-rsvp-only-show-icon=\"undefined\"\n\tdata-event-rsvp-text=\"RSVP\"\n\tdata-event-rsvp-icon=\"\"\n\tdata-event-rsvp-cta-text-color=\"#4A4A4A\"\n\tdata-event-rsvp-cta-bg-color=\"#FFFFFF\"\n\tdata-event-rsvp-cta-border-color=\"#4A4A4A\"\n\tdata-event-rsvp-cta-border-width=\"1px\"\n\tdata-event-rsvp-cta-border-radius=\"2px\"\n\t\n\tdata-follow-section-position=\"hidden\"\n\tdata-follow-section-alignment=\"center\"\n\tdata-follow-section-header-text=\"\"\n\tdata-follow-section-cta-size=\"small\"\n\tdata-follow-section-cta-text=\"FOLLOW\"\n\tdata-follow-section-cta-icon=\"\"\n\tdata-follow-section-cta-text-color=\"#FFFFFF\"\n\tdata-follow-section-cta-bg-color=\"#4A4A4A\"\n\tdata-follow-section-cta-border-color=\"#4A4A4A\"\n\tdata-follow-section-cta-border-width=\"0px\"\n\tdata-follow-section-cta-border-radius=\"2px\"\n\t\n\tdata-play-my-city-position=\"hidden\"\n\tdata-play-my-city-alignment=\"center\"\n\tdata-play-my-city-header-text=\"Don\u2019t see a show near you?\"\n\tdata-play-my-city-cta-size=\"medium\"\n\tdata-play-my-city-cta-text=\"REQUEST A SHOW\"\n\tdata-play-my-city-cta-icon=\"\"\n\tdata-play-my-city-cta-text-color=\"#FFFFFF\"\n\tdata-play-my-city-cta-bg-color=\"#4A4A4A\"\n\tdata-play-my-city-cta-border-color=\"#4A4A4A\"\n\tdata-play-my-city-cta-border-width=\"0px\"\n\tdata-play-my-city-cta-border-radius=\"2px\"\n\t\n\tdata-optin-font=\"\"\n\tdata-optin-text-color=\"\"\n\tdata-optin-bg-color=\"\"\n\tdata-optin-cta-text-color=\"\"\n\tdata-optin-cta-bg-color=\"\"\n\tdata-optin-cta-border-width=\"\"\n\tdata-optin-cta-border-radius=\"\"\n\tdata-optin-cta-border-color=\"\"\n\t\n\tdata-language=\"en\"\n\tdata-layout-breakpoint=\"900\"\n\tdata-app-id=\"\"\n\tdata-affil-code=\"\"\n\tdata-bit-logo-position=\"hidden\"\n\tdata-bit-logo-color=\"rgba(255,255,255,1)\"\n\t\n    ><\/a><\/div>\n\t\t\t\t\t\t<\/div>\n\t\t\t\t<\/div>\n\t\t\t\t<div class=\"elementor-element elementor-element-2458a47 elementor-widget elementor-widget-heading\" data-id=\"2458a47\" data-element_type=\"widget\" data-widget_type=\"heading.default\">\n\t\t\t\t<div class=\"elementor-widget-container\">\n\t\t\t\t\t<h2 class=\"elementor-heading-title elementor-size-default\">CONCIERTOS DESTACADOS<\/h2>\t\t\t\t<\/div>\n\t\t\t\t<\/div>\n\t\t\t\t<div class=\"elementor-element elementor-element-399d566 elementor-widget elementor-widget-heading\" data-id=\"399d566\" data-element_type=\"widget\" data-widget_type=\"heading.default\">\n\t\t\t\t<div class=\"elementor-widget-container\">\n\t\t\t\t\t<h3 class=\"elementor-heading-title elementor-size-default\">Festivales en Espa\u00f1a con discos de Carola Ortiz\n<\/h3>\t\t\t\t<\/div>\n\t\t\t\t<\/div>\n\t\t\t\t<div class=\"elementor-element elementor-element-f13c76a elementor-widget-divider--view-line elementor-widget elementor-widget-divider\" data-id=\"f13c76a\" data-element_type=\"widget\" data-widget_type=\"divider.default\">\n\t\t\t\t<div class=\"elementor-widget-container\">\n\t\t\t\t\t\t\t<div class=\"elementor-divider\">\n\t\t\t<span class=\"elementor-divider-separator\">\n\t\t\t\t\t\t<\/span>\n\t\t<\/div>\n\t\t\t\t\t\t<\/div>\n\t\t\t\t<\/div>\n\t\t\t\t<div class=\"elementor-element elementor-element-a8b3f80 elementor-widget elementor-widget-text-editor\" data-id=\"a8b3f80\" data-element_type=\"widget\" data-widget_type=\"text-editor.default\">\n\t\t\t\t<div class=\"elementor-widget-container\">\n\t\t\t\t\t\t\t\t\t<h5 dir=\"ltr\"><strong><span style=\"color: #ffffff;\">Festival Tradicion\u00e0rius (+ BarnaSants) 2024<\/span><\/strong><\/h5><h5 dir=\"ltr\"><strong><span style=\"color: #ffffff;\">Festival de Las Estrellas\u00a0 Madrid 2024<\/span><\/strong><\/h5><h5 dir=\"ltr\"><strong><span style=\"color: #ffffff;\">Festival Etnomusic Val\u00e8ncia 2024<\/span><\/strong><\/h5><h5 dir=\"ltr\"><strong><span style=\"color: #ffffff;\">Festival Espiello Cine Documental &#8211; Huesca 2024<\/span><\/strong><\/h5><h5 dir=\"ltr\"><strong><span style=\"color: #ffffff;\">Festival Zero3 Barcelona 2024<\/span><\/strong><\/h5><h5 dir=\"ltr\"><strong><span style=\"color: #ffffff;\">Festival Posid\u00f2nia Matar\u00f3 2024\u00a0<\/span><\/strong><\/h5><h5 dir=\"ltr\"><strong><span style=\"color: #ffffff;\">FestiBalmes Palautordera 2024<\/span><\/strong><\/h5><h5 dir=\"ltr\"><strong><span style=\"color: #ffffff;\">Festa Major Argentona 2024<\/span><\/strong><\/h5><h5 dir=\"ltr\"><strong><span style=\"color: #ffffff;\">Dia de la Mediterr\u00e0nia (IEMED) &#8211; 2021, 2023, 2024<\/span><\/strong><\/h5><h5 dir=\"ltr\"><strong><span style=\"color: #ffffff;\">Festival Cl\u00e0ssics &#8211; Espai Brossa 2023<\/span><\/strong><\/h5><h5 dir=\"ltr\"><strong><span style=\"color: #ffffff;\">Fira Mediterr\u00e0nia de Manresa (2016, 2020, 2023)<\/span><\/strong><\/h5><h5 dir=\"ltr\"><strong><span style=\"color: #ffffff;\">Notes al Parc de Girona 2023<\/span><\/strong><\/h5><h5 dir=\"ltr\"><strong><span style=\"color: #ffffff;\">Pirineo Sur &#8211; 2023<\/span><\/strong><\/h5><h5 dir=\"ltr\"><strong><span style=\"color: #ffffff;\">Festival Tocando el Cielo &#8211; Huesca 2023<\/span><\/strong><\/h5><h5 dir=\"ltr\"><strong><span style=\"color: #ffffff;\">Festa Major de Rub\u00ed 2023<\/span><\/strong><\/h5><h5 dir=\"ltr\"><strong><span style=\"color: #ffffff;\">Festival Sons del Temps Terrassa 2023<\/span><\/strong><\/h5><h5 dir=\"ltr\"><strong><span style=\"color: #ffffff;\">Parcs en Concert Garraf 2022<\/span><\/strong><\/h5><h5 dir=\"ltr\"><strong><span style=\"color: #ffffff;\">Festival La Seu d\u2019\u00c8gara Terrassa 2022<\/span><\/strong><\/h5><h5 dir=\"ltr\"><strong><span style=\"color: #ffffff;\">Festival Encanta Roda de Ter 2022<\/span><\/strong><\/h5><h5 dir=\"ltr\"><strong><span style=\"color: #ffffff;\">Sala Tor\u00edn Olot 2022<\/span><\/strong><\/h5><h5 dir=\"ltr\"><strong><span style=\"color: #ffffff;\">Mas Geli Fest Pals 2022<\/span><\/strong><\/h5><h5 dir=\"ltr\"><strong><span style=\"color: #ffffff;\">Festival La Mar de Cultures Castell\u00f3 2022<\/span><\/strong><\/h5><h5 dir=\"ltr\"><strong><span style=\"color: #ffffff;\">Festival La Barretina Sona Malgrat (2019 i 2022)<\/span><\/strong><\/h5><h5 dir=\"ltr\"><strong><span style=\"color: #ffffff;\">Festival Jazz Huesca\u00a0 2021<\/span><\/strong><\/h5><h5 dir=\"ltr\"><strong><span style=\"color: #ffffff;\">Pirineos Jazz Festival 2021<\/span><\/strong><\/h5><h5 dir=\"ltr\"><strong><span style=\"color: #ffffff;\">Festival Jazz Castell\u00f3 2021<\/span><\/strong><\/h5><h5 dir=\"ltr\"><strong><span style=\"color: #ffffff;\">Festival Dans\u00e0neu 2021<\/span><\/strong><\/h5><h5 dir=\"ltr\"><strong><span style=\"color: #ffffff;\">La Sala d&#8217; Argentona 2019, 2021, 2023<\/span><\/strong><\/h5><h5 dir=\"ltr\"><strong><span style=\"color: #ffffff;\">Festival Sons d\u2019Amer 2021<\/span><\/strong><\/h5><h5 dir=\"ltr\"><strong><span style=\"color: #ffffff;\">Festival M\u00fasica a les Vinyes 2021<\/span><\/strong><\/h5><h5 dir=\"ltr\"><strong><span style=\"color: #ffffff;\">Festival Tragant 2021<\/span><\/strong><\/h5><h5 dir=\"ltr\"><strong><span style=\"color: #ffffff;\">Festival Fringe 2021<\/span><\/strong><\/h5><h5 dir=\"ltr\"><strong><span style=\"color: #ffffff;\">Festival Sona B 2021<\/span><\/strong><\/h5><h5 dir=\"ltr\"><strong><span style=\"color: #ffffff;\">Festival Jazz Granollers (2018, 2021)<\/span><\/strong><\/h5><h5 dir=\"ltr\"><strong><span style=\"color: #ffffff;\">Festival l\u2019Hora del Jazz 2020<\/span><\/strong><\/h5><h5 dir=\"ltr\"><strong><span style=\"color: #ffffff;\">Festival MontillaJazz 2020<\/span><\/strong><\/h5><h5 dir=\"ltr\"><strong><span style=\"color: #ffffff;\">Festival M\u00fasica i Sensacions d\u2019\u00d2rrius 2019<\/span><\/strong><\/h5><h5 dir=\"ltr\"><strong><span style=\"color: #ffffff;\">Festival NET Calella 2019<\/span><\/strong><\/h5><h5 dir=\"ltr\"><strong><span style=\"color: #ffffff;\">Nits de Jazz de Platja d\u2019Aro 2019<\/span><\/strong><\/h5><h5 dir=\"ltr\"><strong><span style=\"color: #ffffff;\">Gira AIE en RUTA, 5 conciertos en festivales estatales 2019<\/span><\/strong><\/h5><h5 dir=\"ltr\"><strong><span style=\"color: #ffffff;\">Festival Jazz Joven Jerez de la Frontera 2019<\/span><\/strong><\/h5><h5 dir=\"ltr\"><strong><span style=\"color: #ffffff;\">Festival Connexions 2018<\/span><\/strong><\/h5><h5 dir=\"ltr\"><strong><span style=\"color: #ffffff;\">Jazze\u00f1e 2017<\/span><\/strong><\/h5><h5 dir=\"ltr\"><strong><span style=\"color: #ffffff;\">L\u2019Auditori BCN 2017<\/span><\/strong><\/h5>\t\t\t\t\t\t\t\t<\/div>\n\t\t\t\t<\/div>\n\t\t\t\t<div class=\"elementor-element elementor-element-9216041 elementor-widget elementor-widget-heading\" data-id=\"9216041\" data-element_type=\"widget\" data-widget_type=\"heading.default\">\n\t\t\t\t<div class=\"elementor-widget-container\">\n\t\t\t\t\t<h2 class=\"elementor-heading-title elementor-size-default\">Festivales Internacionales con discos de Carola Ortiz <\/h2>\t\t\t\t<\/div>\n\t\t\t\t<\/div>\n\t\t\t\t<div class=\"elementor-element elementor-element-15950fe elementor-widget-divider--view-line elementor-widget elementor-widget-divider\" data-id=\"15950fe\" data-element_type=\"widget\" data-widget_type=\"divider.default\">\n\t\t\t\t<div class=\"elementor-widget-container\">\n\t\t\t\t\t\t\t<div class=\"elementor-divider\">\n\t\t\t<span class=\"elementor-divider-separator\">\n\t\t\t\t\t\t<\/span>\n\t\t<\/div>\n\t\t\t\t\t\t<\/div>\n\t\t\t\t<\/div>\n\t\t\t\t<div class=\"elementor-element elementor-element-544dcc1 elementor-widget elementor-widget-text-editor\" data-id=\"544dcc1\" data-element_type=\"widget\" data-widget_type=\"text-editor.default\">\n\t\t\t\t<div class=\"elementor-widget-container\">\n\t\t\t\t\t\t\t\t\t<h5 dir=\"ltr\"><span style=\"color: #ffffff;\"><strong>Celtic Connections Glasgow 2024<\/strong><\/span><\/h5><h5 dir=\"ltr\"><span style=\"color: #ffffff;\"><strong>European Comission Brussels &#8211; Natura Award 2024<\/strong><\/span><\/h5><h5 dir=\"ltr\"><span style=\"color: #ffffff;\"><strong>Vivaan Festival &#8211; India 2024<\/strong><\/span><\/h5><h5 dir=\"ltr\"><span style=\"color: #ffffff;\"><strong>Kulturenfestival Stockholm 2022<\/strong><\/span><\/h5><h5 dir=\"ltr\"><span style=\"color: #ffffff;\"><strong>Ljubljana \u2013 Institut Ramon Llull 2021<\/strong><\/span><\/h5><h5 dir=\"ltr\"><span style=\"color: #ffffff;\"><strong>Festival La Claranda, France 2021<\/strong><\/span><\/h5><h5 dir=\"ltr\"><span style=\"color: #ffffff;\"><strong>Oltremente Jazz Festival, Sicilia 2018 y 2021\u00a0<\/strong><\/span><\/h5><h5 dir=\"ltr\"><span style=\"color: #ffffff;\"><strong>Gira por la India 5 conciertos, 2020<\/strong><\/span><\/h5><h5 dir=\"ltr\"><span style=\"color: #ffffff;\"><strong>Mediterranean Jazz Festival, New York 2020<\/strong><\/span><\/h5><h5 dir=\"ltr\"><span style=\"color: #ffffff;\"><strong>Gira por Canad\u00e1 3 conciertos, 2020<\/strong><\/span><\/h5><h5 dir=\"ltr\"><span style=\"color: #ffffff;\"><strong>Embajada India en Berlin 2019<\/strong><\/span><\/h5><h5 dir=\"ltr\"><span style=\"color: #ffffff;\"><strong>Teatro Sociale di Gualtieri, Bologna 2017<\/strong><\/span><\/h5><h5 dir=\"ltr\"><span style=\"color: #ffffff;\"><strong>Babel Sound, Hungr\u00eda, 2017)\u00a0<\/strong><\/span><\/h5><h5 dir=\"ltr\"><span style=\"color: #ffffff;\"><strong>India International Guitar Festival, Calcuta 2016<\/strong><\/span><\/h5>\t\t\t\t\t\t\t\t<\/div>\n\t\t\t\t<\/div>\n\t\t\t\t\t<\/div>\n\t\t<\/div>\n\t\t\t\t\t<\/div>\n\t\t<\/section>\n\t\t\t\t<\/div>\n\t\t","protected":false},"excerpt":{"rendered":"<p>CONCIERTOS DESTACADOS Festivales en Espa\u00f1a con discos de Carola Ortiz Festival Tradicion\u00e0rius (+ BarnaSants) 2024 Festival de Las&#8230;<\/p>\n","protected":false},"author":1,"featured_media":0,"parent":0,"menu_order":0,"comment_status":"closed","ping_status":"closed","template":"","meta":{"_acf_changed":false,"footnotes":""},"class_list":["post-17340","page","type-page","status-publish","hentry"],"acf":[],"yoast_head":"<!-- This site is optimized with the Yoast SEO plugin v26.2 - https:\/\/yoast.com\/wordpress\/plugins\/seo\/ -->\n<title>Carola Ortiz | Conciertos<\/title>\n<meta name=\"description\" content=\"Va n\u00e9ixer el 15 de mar\u00e7 del 1986 a Terrassa, filla de m\u00fasic de jazz i de mare del m\u00f3n del teatre. Va cr\u00e9ixer musicalment entre la Jazz Cava de Terrassa i el Conservatori de la mateixa ciutat. Es va seguir formant al Taller de M\u00fasics i a l\u2019Esmuc tan en cant com en clarinet.\" \/>\n<meta name=\"robots\" content=\"index, follow, max-snippet:-1, max-image-preview:large, max-video-preview:-1\" \/>\n<link rel=\"canonical\" href=\"https:\/\/carolaortiz.com\/es\/conciertos\/\" \/>\n<meta property=\"og:locale\" content=\"es_ES\" \/>\n<meta property=\"og:type\" content=\"article\" \/>\n<meta property=\"og:title\" content=\"Carola Ortiz | Conciertos\" \/>\n<meta property=\"og:description\" content=\"Va n\u00e9ixer el 15 de mar\u00e7 del 1986 a Terrassa, filla de m\u00fasic de jazz i de mare del m\u00f3n del teatre. Va cr\u00e9ixer musicalment entre la Jazz Cava de Terrassa i el Conservatori de la mateixa ciutat. Es va seguir formant al Taller de M\u00fasics i a l\u2019Esmuc tan en cant com en clarinet.\" \/>\n<meta property=\"og:url\" content=\"https:\/\/carolaortiz.com\/es\/conciertos\/\" \/>\n<meta property=\"og:site_name\" content=\"Carola Ortiz\" \/>\n<meta property=\"article:publisher\" content=\"https:\/\/www.facebook.com\/Carola-Ortiz-Music-792306854153384\/?fref=ts\" \/>\n<meta property=\"article:modified_time\" content=\"2024-10-28T20:41:51+00:00\" \/>\n<meta property=\"og:image\" content=\"https:\/\/carolaortiz.com\/wp-content\/uploads\/2021\/04\/fbimage.png\" \/>\n\t<meta property=\"og:image:width\" content=\"1200\" \/>\n\t<meta property=\"og:image:height\" content=\"628\" \/>\n\t<meta property=\"og:image:type\" content=\"image\/png\" \/>\n<meta name=\"twitter:card\" content=\"summary_large_image\" \/>\n<meta name=\"twitter:label1\" content=\"Tiempo de lectura\" \/>\n\t<meta name=\"twitter:data1\" content=\"2 minutos\" \/>\n<script type=\"application\/ld+json\" class=\"yoast-schema-graph\">{\"@context\":\"https:\/\/schema.org\",\"@graph\":[{\"@type\":\"WebPage\",\"@id\":\"https:\/\/carolaortiz.com\/es\/conciertos\/\",\"url\":\"https:\/\/carolaortiz.com\/es\/conciertos\/\",\"name\":\"Carola Ortiz | Conciertos\",\"isPartOf\":{\"@id\":\"https:\/\/carolaortiz.com\/es\/#website\"},\"datePublished\":\"2021-03-03T14:02:22+00:00\",\"dateModified\":\"2024-10-28T20:41:51+00:00\",\"description\":\"Va n\u00e9ixer el 15 de mar\u00e7 del 1986 a Terrassa, filla de m\u00fasic de jazz i de mare del m\u00f3n del teatre. Va cr\u00e9ixer musicalment entre la Jazz Cava de Terrassa i el Conservatori de la mateixa ciutat. Es va seguir formant al Taller de M\u00fasics i a l\u2019Esmuc tan en cant com en clarinet.\",\"breadcrumb\":{\"@id\":\"https:\/\/carolaortiz.com\/es\/conciertos\/#breadcrumb\"},\"inLanguage\":\"es\",\"potentialAction\":[{\"@type\":\"ReadAction\",\"target\":[\"https:\/\/carolaortiz.com\/es\/conciertos\/\"]}]},{\"@type\":\"BreadcrumbList\",\"@id\":\"https:\/\/carolaortiz.com\/es\/conciertos\/#breadcrumb\",\"itemListElement\":[{\"@type\":\"ListItem\",\"position\":1,\"name\":\"Home\",\"item\":\"https:\/\/carolaortiz.com\/es\/\"},{\"@type\":\"ListItem\",\"position\":2,\"name\":\"Conciertos\"}]},{\"@type\":\"WebSite\",\"@id\":\"https:\/\/carolaortiz.com\/es\/#website\",\"url\":\"https:\/\/carolaortiz.com\/es\/\",\"name\":\"Carola Ortiz\",\"description\":\"Cantant, clarinetista, compositora i viatgera. Ha participat en m\u00e9s de vint treballs discogr\u00e0fics de diferents g\u00e8neres incloent jazz, pop, folk, world i experimental.\",\"potentialAction\":[{\"@type\":\"SearchAction\",\"target\":{\"@type\":\"EntryPoint\",\"urlTemplate\":\"https:\/\/carolaortiz.com\/es\/?s={search_term_string}\"},\"query-input\":{\"@type\":\"PropertyValueSpecification\",\"valueRequired\":true,\"valueName\":\"search_term_string\"}}],\"inLanguage\":\"es\"}]}<\/script>\n<!-- \/ Yoast SEO plugin. -->","yoast_head_json":{"title":"Carola Ortiz | Conciertos","description":"Va n\u00e9ixer el 15 de mar\u00e7 del 1986 a Terrassa, filla de m\u00fasic de jazz i de mare del m\u00f3n del teatre. Va cr\u00e9ixer musicalment entre la Jazz Cava de Terrassa i el Conservatori de la mateixa ciutat. Es va seguir formant al Taller de M\u00fasics i a l\u2019Esmuc tan en cant com en clarinet.","robots":{"index":"index","follow":"follow","max-snippet":"max-snippet:-1","max-image-preview":"max-image-preview:large","max-video-preview":"max-video-preview:-1"},"canonical":"https:\/\/carolaortiz.com\/es\/conciertos\/","og_locale":"es_ES","og_type":"article","og_title":"Carola Ortiz | Conciertos","og_description":"Va n\u00e9ixer el 15 de mar\u00e7 del 1986 a Terrassa, filla de m\u00fasic de jazz i de mare del m\u00f3n del teatre. Va cr\u00e9ixer musicalment entre la Jazz Cava de Terrassa i el Conservatori de la mateixa ciutat. Es va seguir formant al Taller de M\u00fasics i a l\u2019Esmuc tan en cant com en clarinet.","og_url":"https:\/\/carolaortiz.com\/es\/conciertos\/","og_site_name":"Carola Ortiz","article_publisher":"https:\/\/www.facebook.com\/Carola-Ortiz-Music-792306854153384\/?fref=ts","article_modified_time":"2024-10-28T20:41:51+00:00","og_image":[{"width":1200,"height":628,"url":"https:\/\/carolaortiz.com\/wp-content\/uploads\/2021\/04\/fbimage.png","type":"image\/png"}],"twitter_card":"summary_large_image","twitter_misc":{"Tiempo de lectura":"2 minutos"},"schema":{"@context":"https:\/\/schema.org","@graph":[{"@type":"WebPage","@id":"https:\/\/carolaortiz.com\/es\/conciertos\/","url":"https:\/\/carolaortiz.com\/es\/conciertos\/","name":"Carola Ortiz | Conciertos","isPartOf":{"@id":"https:\/\/carolaortiz.com\/es\/#website"},"datePublished":"2021-03-03T14:02:22+00:00","dateModified":"2024-10-28T20:41:51+00:00","description":"Va n\u00e9ixer el 15 de mar\u00e7 del 1986 a Terrassa, filla de m\u00fasic de jazz i de mare del m\u00f3n del teatre. Va cr\u00e9ixer musicalment entre la Jazz Cava de Terrassa i el Conservatori de la mateixa ciutat. Es va seguir formant al Taller de M\u00fasics i a l\u2019Esmuc tan en cant com en clarinet.","breadcrumb":{"@id":"https:\/\/carolaortiz.com\/es\/conciertos\/#breadcrumb"},"inLanguage":"es","potentialAction":[{"@type":"ReadAction","target":["https:\/\/carolaortiz.com\/es\/conciertos\/"]}]},{"@type":"BreadcrumbList","@id":"https:\/\/carolaortiz.com\/es\/conciertos\/#breadcrumb","itemListElement":[{"@type":"ListItem","position":1,"name":"Home","item":"https:\/\/carolaortiz.com\/es\/"},{"@type":"ListItem","position":2,"name":"Conciertos"}]},{"@type":"WebSite","@id":"https:\/\/carolaortiz.com\/es\/#website","url":"https:\/\/carolaortiz.com\/es\/","name":"Carola Ortiz","description":"Cantant, clarinetista, compositora i viatgera. Ha participat en m\u00e9s de vint treballs discogr\u00e0fics de diferents g\u00e8neres incloent jazz, pop, folk, world i experimental.","potentialAction":[{"@type":"SearchAction","target":{"@type":"EntryPoint","urlTemplate":"https:\/\/carolaortiz.com\/es\/?s={search_term_string}"},"query-input":{"@type":"PropertyValueSpecification","valueRequired":true,"valueName":"search_term_string"}}],"inLanguage":"es"}]}},"_links":{"self":[{"href":"https:\/\/carolaortiz.com\/es\/wp-json\/wp\/v2\/pages\/17340","targetHints":{"allow":["GET"]}}],"collection":[{"href":"https:\/\/carolaortiz.com\/es\/wp-json\/wp\/v2\/pages"}],"about":[{"href":"https:\/\/carolaortiz.com\/es\/wp-json\/wp\/v2\/types\/page"}],"author":[{"embeddable":true,"href":"https:\/\/carolaortiz.com\/es\/wp-json\/wp\/v2\/users\/1"}],"replies":[{"embeddable":true,"href":"https:\/\/carolaortiz.com\/es\/wp-json\/wp\/v2\/comments?post=17340"}],"version-history":[{"count":64,"href":"https:\/\/carolaortiz.com\/es\/wp-json\/wp\/v2\/pages\/17340\/revisions"}],"predecessor-version":[{"id":19580,"href":"https:\/\/carolaortiz.com\/es\/wp-json\/wp\/v2\/pages\/17340\/revisions\/19580"}],"wp:attachment":[{"href":"https:\/\/carolaortiz.com\/es\/wp-json\/wp\/v2\/media?parent=17340"}],"curies":[{"name":"wp","href":"https:\/\/api.w.org\/{rel}","templated":true}]}}