{"id":17368,"date":"2021-03-03T18:20:23","date_gmt":"2021-03-03T17:20:23","guid":{"rendered":"https:\/\/carolaortiz.com\/contacte\/"},"modified":"2025-10-30T20:02:13","modified_gmt":"2025-10-30T19:02:13","slug":"contacto","status":"publish","type":"page","link":"https:\/\/carolaortiz.com\/es\/contacto\/","title":{"rendered":"Contacto"},"content":{"rendered":"\t\t<div data-elementor-type=\"wp-post\" data-elementor-id=\"17368\" class=\"elementor elementor-17368 elementor-14926\">\n\t\t\t\t\t\t<section class=\"elementor-section elementor-top-section elementor-element elementor-element-66c7983 elementor-section-full_width elementor-section-height-min-height elementor-section-items-stretch elementor-section-height-default neuron-fixed-no\" data-id=\"66c7983\" data-element_type=\"section\">\n\t\t\t\t\t\t<div class=\"elementor-container elementor-column-gap-no\">\n\t\t\t\t\t<div class=\"elementor-column elementor-col-50 elementor-top-column elementor-element elementor-element-e64bfc3\" data-id=\"e64bfc3\" data-element_type=\"column\" data-settings=\"{&quot;background_background&quot;:&quot;classic&quot;}\">\n\t\t\t<div class=\"elementor-widget-wrap elementor-element-populated\">\n\t\t\t\t\t\t<div class=\"elementor-element elementor-element-81c77a6 elementor-widget elementor-widget-spacer\" data-id=\"81c77a6\" data-element_type=\"widget\" data-widget_type=\"spacer.default\">\n\t\t\t\t<div class=\"elementor-widget-container\">\n\t\t\t\t\t\t\t<div class=\"elementor-spacer\">\n\t\t\t<div class=\"elementor-spacer-inner\"><\/div>\n\t\t<\/div>\n\t\t\t\t\t\t<\/div>\n\t\t\t\t<\/div>\n\t\t\t\t\t<\/div>\n\t\t<\/div>\n\t\t\t\t<div class=\"elementor-column elementor-col-50 elementor-top-column elementor-element elementor-element-306ee07\" data-id=\"306ee07\" data-element_type=\"column\">\n\t\t\t<div class=\"elementor-widget-wrap elementor-element-populated\">\n\t\t\t\t\t\t<section class=\"elementor-section elementor-inner-section elementor-element elementor-element-3485ebb elementor-section-boxed elementor-section-height-default elementor-section-height-default neuron-fixed-no\" data-id=\"3485ebb\" data-element_type=\"section\">\n\t\t\t\t\t\t<div class=\"elementor-container elementor-column-gap-default\">\n\t\t\t\t\t<div class=\"elementor-column elementor-col-100 elementor-inner-column elementor-element elementor-element-fbb3aeb\" data-id=\"fbb3aeb\" data-element_type=\"column\">\n\t\t\t<div class=\"elementor-widget-wrap elementor-element-populated\">\n\t\t\t\t\t\t<div class=\"elementor-element elementor-element-b108d7e elementor-widget elementor-widget-spacer\" data-id=\"b108d7e\" data-element_type=\"widget\" data-widget_type=\"spacer.default\">\n\t\t\t\t<div class=\"elementor-widget-container\">\n\t\t\t\t\t\t\t<div class=\"elementor-spacer\">\n\t\t\t<div class=\"elementor-spacer-inner\"><\/div>\n\t\t<\/div>\n\t\t\t\t\t\t<\/div>\n\t\t\t\t<\/div>\n\t\t\t\t<div class=\"elementor-element elementor-element-bb4cf3d elementor-widget elementor-widget-text-editor\" data-id=\"bb4cf3d\" data-element_type=\"widget\" data-widget_type=\"text-editor.default\">\n\t\t\t\t<div class=\"elementor-widget-container\">\n\t\t\t\t\t\t\t\t\t<p><strong>Carola Ortiz<\/strong><\/p><p>info@carolaortiz.com<\/p><p><strong>MANAGEMENT &#8216;CANTARERAS&#8217; ESPA\u00d1A<\/strong><\/p><p>Maruchy Su\u00e1rez (Mirmid\u00f3n Producciones)<\/p><p>maruchy.mirmidon@gmail.com<br \/>+34 667706241<\/p><p><b>MANAGEMENT CATALU\u00d1A y INTERNACIONAL\u00a0<\/b><\/p><p>Marta\u00a0 \/ Rosa\u00a0 (Taller de M\u00fasics)<\/p><p>booking@tallerdemusics.com<\/p>\t\t\t\t\t\t\t\t<\/div>\n\t\t\t\t<\/div>\n\t\t\t\t<div class=\"elementor-element elementor-element-a14d680 elementor-widget elementor-widget-spacer\" data-id=\"a14d680\" data-element_type=\"widget\" data-widget_type=\"spacer.default\">\n\t\t\t\t<div class=\"elementor-widget-container\">\n\t\t\t\t\t\t\t<div class=\"elementor-spacer\">\n\t\t\t<div class=\"elementor-spacer-inner\"><\/div>\n\t\t<\/div>\n\t\t\t\t\t\t<\/div>\n\t\t\t\t<\/div>\n\t\t\t\t<div class=\"elementor-element elementor-element-619ed1c elementor-widget elementor-widget-shortcode\" data-id=\"619ed1c\" data-element_type=\"widget\" data-widget_type=\"shortcode.default\">\n\t\t\t\t<div class=\"elementor-widget-container\">\n\t\t\t\t\t\t\t<div class=\"elementor-shortcode\"><div id=\"responsive-form\" class=\"clearfix\">\n    \n<div class=\"wpcf7 no-js\" id=\"wpcf7-f11444-o1\" lang=\"en-US\" dir=\"ltr\" data-wpcf7-id=\"11444\">\n<div class=\"screen-reader-response\"><p role=\"status\" aria-live=\"polite\" aria-atomic=\"true\"><\/p> <ul><\/ul><\/div>\n<form action=\"\/es\/wp-json\/wp\/v2\/pages\/17368#wpcf7-f11444-o1\" method=\"post\" class=\"wpcf7-form init\" aria-label=\"Contact form\" novalidate=\"novalidate\" data-status=\"init\">\n<fieldset class=\"hidden-fields-container\"><input type=\"hidden\" name=\"_wpcf7\" value=\"11444\" \/><input type=\"hidden\" name=\"_wpcf7_version\" value=\"6.1.3\" \/><input type=\"hidden\" name=\"_wpcf7_locale\" value=\"en_US\" \/><input type=\"hidden\" name=\"_wpcf7_unit_tag\" value=\"wpcf7-f11444-o1\" \/><input type=\"hidden\" name=\"_wpcf7_container_post\" value=\"0\" \/><input type=\"hidden\" name=\"_wpcf7_posted_data_hash\" value=\"\" \/>\n<\/fieldset>\n<div id=\"responsive-form\" class=\"clearfix\">\n\t<div class=\"form-row\">\n\t\t<div class=\"column-half\">\n\t\t\t<p><span class=\"wpcf7-form-control-wrap\" data-name=\"your-name\"><input size=\"40\" maxlength=\"400\" class=\"wpcf7-form-control wpcf7-text wpcf7-validates-as-required\" aria-required=\"true\" aria-invalid=\"false\" value=\"Nombre\" type=\"text\" name=\"your-name\" \/><\/span>\n\t\t\t<\/p>\n\t\t<\/div>\n\t<\/div>\n\t<div class=\"form-row\">\n\t\t<div class=\"column-half\">\n\t\t\t<p><span class=\"wpcf7-form-control-wrap\" data-name=\"your-email\"><input size=\"40\" maxlength=\"400\" class=\"wpcf7-form-control wpcf7-email wpcf7-validates-as-required wpcf7-text wpcf7-validates-as-email\" aria-required=\"true\" aria-invalid=\"false\" value=\"Email\" type=\"email\" name=\"your-email\" \/><\/span>\n\t\t\t<\/p>\n\t\t<\/div>\n\t<\/div>\n\t<div class=\"form-row\">\n\t\t<div class=\"column-full\">\n\t\t\t<p><span class=\"wpcf7-form-control-wrap\" data-name=\"your-subject\"><input size=\"40\" maxlength=\"400\" class=\"wpcf7-form-control wpcf7-text wpcf7-validates-as-required\" aria-required=\"true\" aria-invalid=\"false\" value=\"Asunto\" type=\"text\" name=\"your-subject\" \/><\/span>\n\t\t\t<\/p>\n\t\t<\/div>\n\t<\/div>\n\t<div class=\"form-row\">\n\t\t<div class=\"column-full\">\n\t\t\t<p><span class=\"wpcf7-form-control-wrap\" data-name=\"your-message\"><textarea cols=\"40\" rows=\"10\" maxlength=\"2000\" class=\"wpcf7-form-control wpcf7-textarea wpcf7-validates-as-required\" aria-required=\"true\" aria-invalid=\"false\" name=\"your-message\">Mensaje<\/textarea><\/span>\n\t\t\t<\/p>\n\t\t<\/div>\n\t<\/div>\n\t<div class=\"form-row\">\n\t\t<div class=\"column-full\">\n\t\t\t<p><input class=\"wpcf7-form-control wpcf7-submit has-spinner\" type=\"submit\" value=\"Enviar\" \/>\n\t\t\t<\/p>\n\t\t<\/div>\n\t<\/div>\n<\/div><div class=\"wpcf7-response-output\" aria-hidden=\"true\"><\/div>\n<\/form>\n<\/div>\n\n<\/div>\n<\/div>\n\t\t\t\t\t\t<\/div>\n\t\t\t\t<\/div>\n\t\t\t\t<div class=\"elementor-element elementor-element-79dcff9 elementor-widget elementor-widget-spacer\" data-id=\"79dcff9\" data-element_type=\"widget\" data-widget_type=\"spacer.default\">\n\t\t\t\t<div class=\"elementor-widget-container\">\n\t\t\t\t\t\t\t<div class=\"elementor-spacer\">\n\t\t\t<div class=\"elementor-spacer-inner\"><\/div>\n\t\t<\/div>\n\t\t\t\t\t\t<\/div>\n\t\t\t\t<\/div>\n\t\t\t\t<div class=\"elementor-element elementor-element-ec6590a elementor-widget elementor-widget-spacer\" data-id=\"ec6590a\" data-element_type=\"widget\" data-widget_type=\"spacer.default\">\n\t\t\t\t<div class=\"elementor-widget-container\">\n\t\t\t\t\t\t\t<div class=\"elementor-spacer\">\n\t\t\t<div class=\"elementor-spacer-inner\"><\/div>\n\t\t<\/div>\n\t\t\t\t\t\t<\/div>\n\t\t\t\t<\/div>\n\t\t\t\t\t<\/div>\n\t\t<\/div>\n\t\t\t\t\t<\/div>\n\t\t<\/section>\n\t\t\t\t\t<\/div>\n\t\t<\/div>\n\t\t\t\t\t<\/div>\n\t\t<\/section>\n\t\t\t\t<\/div>\n\t\t","protected":false},"excerpt":{"rendered":"<p>Carola Ortiz info@carolaortiz.com MANAGEMENT &#8216;CANTARERAS&#8217; ESPA\u00d1A Maruchy Su\u00e1rez (Mirmid\u00f3n Producciones) maruchy.mirmidon@gmail.com +34 667706241 MANAGEMENT CATALU\u00d1A y INTERNACIONAL\u00a0 Marta\u00a0&#8230;<\/p>\n","protected":false},"author":1,"featured_media":0,"parent":0,"menu_order":60,"comment_status":"closed","ping_status":"closed","template":"","meta":{"_acf_changed":false,"footnotes":""},"class_list":["post-17368","page","type-page","status-publish","hentry"],"acf":[],"yoast_head":"<!-- This site is optimized with the Yoast SEO plugin v26.2 - https:\/\/yoast.com\/wordpress\/plugins\/seo\/ -->\n<title>Carola Ortiz | Contacto<\/title>\n<meta name=\"description\" content=\"Naci\u00f3 el 15 de marzo del 1986 en Terrassa, hija de m\u00fasico de jazz y de madre vinculada al mundo del teatro. Creci\u00f3 musicalmente entre la Jazz Cava de Terrassa y el Conservatorio de la misma ciudad. Se sigui\u00f3 formando en el Taller de M\u00fasics y posteriormente en la ESMUC, en canto y en clarinete.\" \/>\n<meta name=\"robots\" content=\"index, follow, max-snippet:-1, max-image-preview:large, max-video-preview:-1\" \/>\n<link rel=\"canonical\" href=\"https:\/\/carolaortiz.com\/es\/contacto\/\" \/>\n<meta property=\"og:locale\" content=\"es_ES\" \/>\n<meta property=\"og:type\" content=\"article\" \/>\n<meta property=\"og:title\" content=\"Carola Ortiz | Contacto\" \/>\n<meta property=\"og:description\" content=\"Naci\u00f3 el 15 de marzo del 1986 en Terrassa, hija de m\u00fasico de jazz y de madre vinculada al mundo del teatro. Creci\u00f3 musicalmente entre la Jazz Cava de Terrassa y el Conservatorio de la misma ciudad. Se sigui\u00f3 formando en el Taller de M\u00fasics y posteriormente en la ESMUC, en canto y en clarinete.\" \/>\n<meta property=\"og:url\" content=\"https:\/\/carolaortiz.com\/es\/contacto\/\" \/>\n<meta property=\"og:site_name\" content=\"Carola Ortiz\" \/>\n<meta property=\"article:publisher\" content=\"https:\/\/www.facebook.com\/Carola-Ortiz-Music-792306854153384\/?fref=ts\" \/>\n<meta property=\"article:modified_time\" content=\"2025-10-30T19:02:13+00:00\" \/>\n<meta property=\"og:image\" content=\"https:\/\/carolaortiz.com\/wp-content\/uploads\/2021\/04\/fbimage.png\" \/>\n\t<meta property=\"og:image:width\" content=\"1200\" \/>\n\t<meta property=\"og:image:height\" content=\"628\" \/>\n\t<meta property=\"og:image:type\" content=\"image\/png\" \/>\n<meta name=\"twitter:card\" content=\"summary_large_image\" \/>\n<meta name=\"twitter:label1\" content=\"Tiempo de lectura\" \/>\n\t<meta name=\"twitter:data1\" content=\"1 minuto\" \/>\n<script type=\"application\/ld+json\" class=\"yoast-schema-graph\">{\"@context\":\"https:\/\/schema.org\",\"@graph\":[{\"@type\":\"WebPage\",\"@id\":\"https:\/\/carolaortiz.com\/es\/contacto\/\",\"url\":\"https:\/\/carolaortiz.com\/es\/contacto\/\",\"name\":\"Carola Ortiz | Contacto\",\"isPartOf\":{\"@id\":\"https:\/\/carolaortiz.com\/es\/#website\"},\"datePublished\":\"2021-03-03T17:20:23+00:00\",\"dateModified\":\"2025-10-30T19:02:13+00:00\",\"description\":\"Naci\u00f3 el 15 de marzo del 1986 en Terrassa, hija de m\u00fasico de jazz y de madre vinculada al mundo del teatro. Creci\u00f3 musicalmente entre la Jazz Cava de Terrassa y el Conservatorio de la misma ciudad. Se sigui\u00f3 formando en el Taller de M\u00fasics y posteriormente en la ESMUC, en canto y en clarinete.\",\"breadcrumb\":{\"@id\":\"https:\/\/carolaortiz.com\/es\/contacto\/#breadcrumb\"},\"inLanguage\":\"es\",\"potentialAction\":[{\"@type\":\"ReadAction\",\"target\":[\"https:\/\/carolaortiz.com\/es\/contacto\/\"]}]},{\"@type\":\"BreadcrumbList\",\"@id\":\"https:\/\/carolaortiz.com\/es\/contacto\/#breadcrumb\",\"itemListElement\":[{\"@type\":\"ListItem\",\"position\":1,\"name\":\"Home\",\"item\":\"https:\/\/carolaortiz.com\/es\/\"},{\"@type\":\"ListItem\",\"position\":2,\"name\":\"Contacto\"}]},{\"@type\":\"WebSite\",\"@id\":\"https:\/\/carolaortiz.com\/es\/#website\",\"url\":\"https:\/\/carolaortiz.com\/es\/\",\"name\":\"Carola Ortiz\",\"description\":\"Cantant, clarinetista, compositora i viatgera. Ha participat en m\u00e9s de vint treballs discogr\u00e0fics de diferents g\u00e8neres incloent jazz, pop, folk, world i experimental.\",\"potentialAction\":[{\"@type\":\"SearchAction\",\"target\":{\"@type\":\"EntryPoint\",\"urlTemplate\":\"https:\/\/carolaortiz.com\/es\/?s={search_term_string}\"},\"query-input\":{\"@type\":\"PropertyValueSpecification\",\"valueRequired\":true,\"valueName\":\"search_term_string\"}}],\"inLanguage\":\"es\"}]}<\/script>\n<!-- \/ Yoast SEO plugin. -->","yoast_head_json":{"title":"Carola Ortiz | Contacto","description":"Naci\u00f3 el 15 de marzo del 1986 en Terrassa, hija de m\u00fasico de jazz y de madre vinculada al mundo del teatro. Creci\u00f3 musicalmente entre la Jazz Cava de Terrassa y el Conservatorio de la misma ciudad. Se sigui\u00f3 formando en el Taller de M\u00fasics y posteriormente en la ESMUC, en canto y en clarinete.","robots":{"index":"index","follow":"follow","max-snippet":"max-snippet:-1","max-image-preview":"max-image-preview:large","max-video-preview":"max-video-preview:-1"},"canonical":"https:\/\/carolaortiz.com\/es\/contacto\/","og_locale":"es_ES","og_type":"article","og_title":"Carola Ortiz | Contacto","og_description":"Naci\u00f3 el 15 de marzo del 1986 en Terrassa, hija de m\u00fasico de jazz y de madre vinculada al mundo del teatro. Creci\u00f3 musicalmente entre la Jazz Cava de Terrassa y el Conservatorio de la misma ciudad. Se sigui\u00f3 formando en el Taller de M\u00fasics y posteriormente en la ESMUC, en canto y en clarinete.","og_url":"https:\/\/carolaortiz.com\/es\/contacto\/","og_site_name":"Carola Ortiz","article_publisher":"https:\/\/www.facebook.com\/Carola-Ortiz-Music-792306854153384\/?fref=ts","article_modified_time":"2025-10-30T19:02:13+00:00","og_image":[{"width":1200,"height":628,"url":"https:\/\/carolaortiz.com\/wp-content\/uploads\/2021\/04\/fbimage.png","type":"image\/png"}],"twitter_card":"summary_large_image","twitter_misc":{"Tiempo de lectura":"1 minuto"},"schema":{"@context":"https:\/\/schema.org","@graph":[{"@type":"WebPage","@id":"https:\/\/carolaortiz.com\/es\/contacto\/","url":"https:\/\/carolaortiz.com\/es\/contacto\/","name":"Carola Ortiz | Contacto","isPartOf":{"@id":"https:\/\/carolaortiz.com\/es\/#website"},"datePublished":"2021-03-03T17:20:23+00:00","dateModified":"2025-10-30T19:02:13+00:00","description":"Naci\u00f3 el 15 de marzo del 1986 en Terrassa, hija de m\u00fasico de jazz y de madre vinculada al mundo del teatro. Creci\u00f3 musicalmente entre la Jazz Cava de Terrassa y el Conservatorio de la misma ciudad. Se sigui\u00f3 formando en el Taller de M\u00fasics y posteriormente en la ESMUC, en canto y en clarinete.","breadcrumb":{"@id":"https:\/\/carolaortiz.com\/es\/contacto\/#breadcrumb"},"inLanguage":"es","potentialAction":[{"@type":"ReadAction","target":["https:\/\/carolaortiz.com\/es\/contacto\/"]}]},{"@type":"BreadcrumbList","@id":"https:\/\/carolaortiz.com\/es\/contacto\/#breadcrumb","itemListElement":[{"@type":"ListItem","position":1,"name":"Home","item":"https:\/\/carolaortiz.com\/es\/"},{"@type":"ListItem","position":2,"name":"Contacto"}]},{"@type":"WebSite","@id":"https:\/\/carolaortiz.com\/es\/#website","url":"https:\/\/carolaortiz.com\/es\/","name":"Carola Ortiz","description":"Cantant, clarinetista, compositora i viatgera. Ha participat en m\u00e9s de vint treballs discogr\u00e0fics de diferents g\u00e8neres incloent jazz, pop, folk, world i experimental.","potentialAction":[{"@type":"SearchAction","target":{"@type":"EntryPoint","urlTemplate":"https:\/\/carolaortiz.com\/es\/?s={search_term_string}"},"query-input":{"@type":"PropertyValueSpecification","valueRequired":true,"valueName":"search_term_string"}}],"inLanguage":"es"}]}},"_links":{"self":[{"href":"https:\/\/carolaortiz.com\/es\/wp-json\/wp\/v2\/pages\/17368","targetHints":{"allow":["GET"]}}],"collection":[{"href":"https:\/\/carolaortiz.com\/es\/wp-json\/wp\/v2\/pages"}],"about":[{"href":"https:\/\/carolaortiz.com\/es\/wp-json\/wp\/v2\/types\/page"}],"author":[{"embeddable":true,"href":"https:\/\/carolaortiz.com\/es\/wp-json\/wp\/v2\/users\/1"}],"replies":[{"embeddable":true,"href":"https:\/\/carolaortiz.com\/es\/wp-json\/wp\/v2\/comments?post=17368"}],"version-history":[{"count":86,"href":"https:\/\/carolaortiz.com\/es\/wp-json\/wp\/v2\/pages\/17368\/revisions"}],"predecessor-version":[{"id":20290,"href":"https:\/\/carolaortiz.com\/es\/wp-json\/wp\/v2\/pages\/17368\/revisions\/20290"}],"wp:attachment":[{"href":"https:\/\/carolaortiz.com\/es\/wp-json\/wp\/v2\/media?parent=17368"}],"curies":[{"name":"wp","href":"https:\/\/api.w.org\/{rel}","templated":true}]}}