{"id":18473,"date":"2023-10-24T08:48:36","date_gmt":"2023-10-24T06:48:36","guid":{"rendered":"https:\/\/carolaortiz.com\/?page_id=18473"},"modified":"2023-11-29T17:06:31","modified_gmt":"2023-11-29T16:06:31","slug":"cantareras","status":"publish","type":"page","link":"https:\/\/carolaortiz.com\/es\/cantareras\/","title":{"rendered":"Cantareras"},"content":{"rendered":"\t\t<div data-elementor-type=\"wp-post\" data-elementor-id=\"18473\" class=\"elementor elementor-18473\">\n\t\t\t\t\t\t<section class=\"elementor-section elementor-top-section elementor-element elementor-element-66c7983 elementor-section-full_width elementor-section-height-min-height elementor-section-items-stretch elementor-section-height-default neuron-fixed-no\" data-id=\"66c7983\" data-element_type=\"section\">\n\t\t\t\t\t\t<div class=\"elementor-container elementor-column-gap-no\">\n\t\t\t\t\t<div class=\"elementor-column elementor-col-50 elementor-top-column elementor-element elementor-element-e64bfc3\" data-id=\"e64bfc3\" data-element_type=\"column\" data-settings=\"{&quot;background_background&quot;:&quot;classic&quot;}\">\n\t\t\t<div class=\"elementor-widget-wrap elementor-element-populated\">\n\t\t\t\t\t\t<div class=\"elementor-element elementor-element-81c77a6 elementor-widget elementor-widget-spacer\" data-id=\"81c77a6\" data-element_type=\"widget\" data-widget_type=\"spacer.default\">\n\t\t\t\t<div class=\"elementor-widget-container\">\n\t\t\t\t\t\t\t<div class=\"elementor-spacer\">\n\t\t\t<div class=\"elementor-spacer-inner\"><\/div>\n\t\t<\/div>\n\t\t\t\t\t\t<\/div>\n\t\t\t\t<\/div>\n\t\t\t\t\t<\/div>\n\t\t<\/div>\n\t\t\t\t<div class=\"elementor-column elementor-col-50 elementor-top-column elementor-element elementor-element-306ee07\" data-id=\"306ee07\" data-element_type=\"column\" data-settings=\"{&quot;background_background&quot;:&quot;classic&quot;}\">\n\t\t\t<div class=\"elementor-widget-wrap elementor-element-populated\">\n\t\t\t\t\t\t<section class=\"elementor-section elementor-inner-section elementor-element elementor-element-3485ebb elementor-section-boxed elementor-section-height-default elementor-section-height-default neuron-fixed-no\" data-id=\"3485ebb\" data-element_type=\"section\">\n\t\t\t\t\t\t<div class=\"elementor-container elementor-column-gap-default\">\n\t\t\t\t\t<div class=\"elementor-column elementor-col-100 elementor-inner-column elementor-element elementor-element-fbb3aeb\" data-id=\"fbb3aeb\" data-element_type=\"column\">\n\t\t\t<div class=\"elementor-widget-wrap elementor-element-populated\">\n\t\t\t\t\t\t<div class=\"elementor-element elementor-element-17ef672 elementor-widget elementor-widget-spacer\" data-id=\"17ef672\" data-element_type=\"widget\" data-widget_type=\"spacer.default\">\n\t\t\t\t<div class=\"elementor-widget-container\">\n\t\t\t\t\t\t\t<div class=\"elementor-spacer\">\n\t\t\t<div class=\"elementor-spacer-inner\"><\/div>\n\t\t<\/div>\n\t\t\t\t\t\t<\/div>\n\t\t\t\t<\/div>\n\t\t\t\t<div class=\"elementor-element elementor-element-b2c9d25 elementor-widget__width-auto elementor-widget elementor-widget-heading\" data-id=\"b2c9d25\" data-element_type=\"widget\" data-widget_type=\"heading.default\">\n\t\t\t\t<div class=\"elementor-widget-container\">\n\t\t\t\t\t<h3 class=\"elementor-heading-title elementor-size-default\">CANTARERAS<\/h3>\t\t\t\t<\/div>\n\t\t\t\t<\/div>\n\t\t\t\t<div class=\"elementor-element elementor-element-40ef46e elementor-shape-circle elementor-widget__width-auto elementor-grid-0 elementor-widget elementor-widget-social-icons\" data-id=\"40ef46e\" data-element_type=\"widget\" data-widget_type=\"social-icons.default\">\n\t\t\t\t<div class=\"elementor-widget-container\">\n\t\t\t\t\t\t\t<div class=\"elementor-social-icons-wrapper elementor-grid\" role=\"list\">\n\t\t\t\t\t\t\t<span class=\"elementor-grid-item\" role=\"listitem\">\n\t\t\t\t\t<a class=\"elementor-icon elementor-social-icon elementor-social-icon-shopping-cart elementor-repeater-item-1d4ed85\" href=\"https:\/\/www.microscopi.cat\/product-page\/cantareras\" target=\"_blank\">\n\t\t\t\t\t\t<span class=\"elementor-screen-only\">Shopping-cart<\/span>\n\t\t\t\t\t\t<i aria-hidden=\"true\" class=\"fas fa-shopping-cart\"><\/i>\t\t\t\t\t<\/a>\n\t\t\t\t<\/span>\n\t\t\t\t\t\t\t<span class=\"elementor-grid-item\" role=\"listitem\">\n\t\t\t\t\t<a class=\"elementor-icon elementor-social-icon elementor-social-icon-spotify elementor-repeater-item-7d807e0\" href=\"https:\/\/open.spotify.com\/intl-es\/album\/4Q4Yxj8SIQhAWW21fhnN3R\" target=\"_blank\">\n\t\t\t\t\t\t<span class=\"elementor-screen-only\">Spotify<\/span>\n\t\t\t\t\t\t<i aria-hidden=\"true\" class=\"fab fa-spotify\"><\/i>\t\t\t\t\t<\/a>\n\t\t\t\t<\/span>\n\t\t\t\t\t\t\t<span class=\"elementor-grid-item\" role=\"listitem\">\n\t\t\t\t\t<a class=\"elementor-icon elementor-social-icon elementor-social-icon-youtube elementor-repeater-item-34d5489\" href=\"https:\/\/music.youtube.com\/playlist?list=OLAK5uy_kwdchfFToUXl2-13o5Pxqczh2-xgpnIwg\" target=\"_blank\">\n\t\t\t\t\t\t<span class=\"elementor-screen-only\">Youtube<\/span>\n\t\t\t\t\t\t<i aria-hidden=\"true\" class=\"fab fa-youtube\"><\/i>\t\t\t\t\t<\/a>\n\t\t\t\t<\/span>\n\t\t\t\t\t\t\t<span class=\"elementor-grid-item\" role=\"listitem\">\n\t\t\t\t\t<a class=\"elementor-icon elementor-social-icon elementor-social-icon-deezer elementor-repeater-item-7706c67\" href=\"https:\/\/www.deezer.com\/us\/album\/506711271\" target=\"_blank\">\n\t\t\t\t\t\t<span class=\"elementor-screen-only\">Deezer<\/span>\n\t\t\t\t\t\t<i aria-hidden=\"true\" class=\"fab fa-deezer\"><\/i>\t\t\t\t\t<\/a>\n\t\t\t\t<\/span>\n\t\t\t\t\t\t\t<span class=\"elementor-grid-item\" role=\"listitem\">\n\t\t\t\t\t<a class=\"elementor-icon elementor-social-icon elementor-social-icon-apple elementor-repeater-item-92240f5\" href=\"https:\/\/music.apple.com\/us\/album\/cantareras\/1714290485\" target=\"_blank\">\n\t\t\t\t\t\t<span class=\"elementor-screen-only\">Apple<\/span>\n\t\t\t\t\t\t<i aria-hidden=\"true\" class=\"fab fa-apple\"><\/i>\t\t\t\t\t<\/a>\n\t\t\t\t<\/span>\n\t\t\t\t\t\t\t<span class=\"elementor-grid-item\" role=\"listitem\">\n\t\t\t\t\t<a class=\"elementor-icon elementor-social-icon elementor-social-icon-amazon elementor-repeater-item-43b6c61\" href=\"https:\/\/music.amazon.com\/albums\/B0CM468V2P\" target=\"_blank\">\n\t\t\t\t\t\t<span class=\"elementor-screen-only\">Amazon<\/span>\n\t\t\t\t\t\t<i aria-hidden=\"true\" class=\"fab fa-amazon\"><\/i>\t\t\t\t\t<\/a>\n\t\t\t\t<\/span>\n\t\t\t\t\t<\/div>\n\t\t\t\t\t\t<\/div>\n\t\t\t\t<\/div>\n\t\t\t\t<div class=\"elementor-element elementor-element-231a008 elementor-widget-mobile__width-auto elementor-widget elementor-widget-heading\" data-id=\"231a008\" data-element_type=\"widget\" data-widget_type=\"heading.default\">\n\t\t\t\t<div class=\"elementor-widget-container\">\n\t\t\t\t\t<h4 class=\"elementor-heading-title elementor-size-default\"><a href=\"https:\/\/carolaortiz.com\/es\/letras\/\">&#x21b3; Letras<\/a><\/h4>\t\t\t\t<\/div>\n\t\t\t\t<\/div>\n\t\t\t\t<div class=\"elementor-element elementor-element-95ddfcf elementor-widget elementor-widget-text-editor\" data-id=\"95ddfcf\" data-element_type=\"widget\" data-widget_type=\"text-editor.default\">\n\t\t\t\t<div class=\"elementor-widget-container\">\n\t\t\t\t\t\t\t\t\t<p>\u00abCantareras\u00bb es el cuarto proyecto como solista de Carola Ortiz y se presenta en formato de disco y espect\u00e1culo. Engloba una recopilaci\u00f3n de canciones y romances extra\u00eddas de la tradici\u00f3n oral femenina de la Pen\u00ednsula Ib\u00e9rica, revisitadas con una mirada contempor\u00e1nea con sonoridades del folk, la m\u00fasica medieval, el jazz y la electr\u00f3nica.<\/p><p>El proyecto pretende explorar y mostrar la realidad de las mujeres de antes y de momentos importantes de su ciclo vital, representando los rituales del noviazgo, la boda, la maternidad o la muerte, as\u00ed como las historias que rodeaban los mitos y las leyendas de personajes femeninos como las serranas, que viv\u00edan en el bosque y cazaban, o el romance de \u00abLa doncella guerrera\u00bb, muy popular en el siglo XV y del que se encuentran versiones en diferentes lenguas en distintos pa\u00edses de la cuenca Mediterr\u00e1nea.<\/p><p>Cantareras eran las mujeres que llenaban las c\u00e1ntaras de agua en las fuentes y en el r\u00edo, un oficio tradicionalmente relacionado con la mujer y actualmente casi obsoleto o extinto (en Europa). C\u00e1ntaro es la fusi\u00f3n de dos palabras: cantar y \u00fatero.<\/p><p>Cantando, las mujeres expresaban sus males y penurias, y expresaban cosas que no se atrev\u00edan a decir p\u00fablicamente. Adem\u00e1s, la voz y la percusi\u00f3n representaba la \u00fanica opci\u00f3n de hacer m\u00fasica que ten\u00edan las mujeres entonces, y utilizaban objetos cotidianos y utensilios de cocina como cucharas, platos, botellas de licor, sartenes, dedales y morteros como instrumentos de acompa\u00f1amiento a sus voces.<\/p>\t\t\t\t\t\t\t\t<\/div>\n\t\t\t\t<\/div>\n\t\t\t\t<div class=\"elementor-element elementor-element-4ea004e elementor-widget elementor-widget-text-editor\" data-id=\"4ea004e\" data-element_type=\"widget\" data-widget_type=\"text-editor.default\">\n\t\t\t\t<div class=\"elementor-widget-container\">\n\t\t\t\t\t\t\t\t\t<p><strong>CR\u00c9DITOS T\u00c9CNICOS:<\/strong><br \/>Carola Ortiz &#8211; idea original, conceptualizaci\u00f3n, composici\u00f3n musical y adaptaciones de letras.<br \/>Mario G. Cortizo &#8211; producci\u00f3n Musical.<br \/>Mario G. Cortizo y Carola Ortiz &#8211; arreglistas musicales.<\/p><p><strong>M\u00fasicos:<\/strong><br \/>Carola Ortiz &#8211; voz, clarinete, clarinete bajo, pandero cuadrado y sintetizadores.<br \/>Mario G. Cortizo &#8211; pandereta, pandero cuadrado, bombo leg\u00fcero, caja, sartenes, samplers, sintetizadores y mandolina.<br \/>Miriam Encinas Laffitte &#8211; dilruba, viola medieval, daf, flauta baja y flauta de ca\u00f1a.<br \/>Alex Guitart &#8211; lavta, davul, bombo leg\u00fcero, ba\u011flama, darbuka, karkabas y bendir.<br \/>Pau Lligadas &#8211; contrabajo y guitarra espa\u00f1ola.<br \/>Andrea Jim\u00e9nez &#8211; casta\u00f1uelas en \u00abCanci\u00f3n de pandero libre\u00bb.<\/p><p><strong>Coros:<\/strong><br \/>Adufeiras de Salitre (Patri, Iria P, Iria L, Maite, Mar\u00eda, Cris, Carol y Noe) en \u00abL&#8217;angelet del vetlatori\u00bb y \u00abMu\u00f1eira de Turmaleo\u00bb.<br \/>Coro Barcelona (Pau, Miriam, Irene, Ana, Clara, Viv y Carla) en \u00abE vira e vira\u00bb, \u00abLa mare de D\u00e9u\u00bb y \u00abSerrana La matadora\u00bb.<\/p><p><strong>Colaboraciones:<\/strong><br \/>Xabier D\u00edaz &#8211; voz y pandereta en \u00abL&#8217;angelet del vetlatori\u00bb.<br \/>Rosario La Tremendita &#8211; voz en \u00abDoncella guerrera\u00bb.<br \/>Eliseo Parra &#8211; voz en \u00abCanci\u00f3n de bodas\u00bb.<\/p><p><strong>Grabaci\u00f3n:<\/strong><br \/>Grabaci\u00f3n en Barcelona por Daniel Weiss (Sulam), Gerard Porqueres (Heartworks) y Mario G. Cortizo y en Santiago de Compostela (Garaxeland) por Edu Vidal.<br \/>Gerard Porqueres &#8211; mezcla.<br \/>Jan Valls &#8211; m\u00e1ster.<br \/>Duna Vall\u00e8s Mestre &#8211; fotograf\u00edas.<br \/>Miriam S\u00e1nchez &#8211; maquillaje.<br \/>Carola Ortiz y Miriam G\u00f3mez &#8211; vestuario.<br \/>Carola Ortiz y Andrea Jim\u00e9nez &#8211; direcci\u00f3n de arte.<br \/>Hugo Cornelles &#8211; dise\u00f1o del disco y portadas.<\/p>\t\t\t\t\t\t\t\t<\/div>\n\t\t\t\t<\/div>\n\t\t\t\t<div class=\"elementor-element elementor-element-905b39f elementor-widget elementor-widget-neuron-media-gallery\" data-id=\"905b39f\" data-element_type=\"widget\" data-widget_type=\"neuron-media-gallery.default\">\n\t\t\t\t<div class=\"elementor-widget-container\">\n\t\t\t\t\t\t\t<div class=\"l-posts-wrapper l-filters-holder l-posts-wrapper--meta-inside\" data-posts=\"905b39f\">\n\t\t\t\t\t\t<div class=\"m-media-gallery m-media-gallery--meta-inside h-offset--no  \">\n\t\t\t\t<div class=\"row fitRows masonry\" data-masonry-id=\"05041c8921900909b82ab1e6ff2641ec\">\n                    <div class=\"selector col-lg-6 \" data-id=\"128\" data-columns=\"2-columns\">\n            <div class=\"m-media-gallery__item \" >\n                <div class=\"o-neuron-hover o-neuron-hover--meta-inside\">\n    <div class=\"o-neuron-hover-holder h-lightbox\">\n        <div class=\"o-neuron-hover-holder__header\">\n            <div class=\"o-neuron-hover-holder__header__media\">\n                <div class=\"h-calculated-image\" style=\"padding-bottom: 89.878049% !important;\"><img fetchpriority=\"high\" decoding=\"async\" width=\"820\" height=\"737\" src=\"https:\/\/carolaortiz.com\/wp-content\/uploads\/2023\/11\/CD-cantareras-1.png\" class=\"attachment-full size-full\" alt=\"\" srcset=\"https:\/\/carolaortiz.com\/wp-content\/uploads\/2023\/11\/CD-cantareras-1.png 820w, https:\/\/carolaortiz.com\/wp-content\/uploads\/2023\/11\/CD-cantareras-1-300x270.png 300w, https:\/\/carolaortiz.com\/wp-content\/uploads\/2023\/11\/CD-cantareras-1-768x690.png 768w\" sizes=\"(max-width: 820px) 100vw, 820px\" \/><\/div>            <\/div>\n                    <\/div>\n        <div class=\"o-neuron-hover-holder__body d-flex justify-content-center align-items-center\">\n            <div class=\"o-neuron-hover-holder__body__inner\">\n                                    <div class=\"o-neuron-hover-holder__body-meta\">\n                                                    <h4 class=\"o-neuron-hover-holder__body-meta__title m-media-gallery__item--title\">Cd Artwork<\/h4>\n                                                                                                <div class=\"m-social-media o-neuron-hover-holder__body-meta__social-media\">\n                                                    <\/div>\n                    <\/div>\n                                <a title=\"Cd Artwork\" class=\"h-lightbox-link\" data-type=\"image\" data-mfp-src=https:\/\/carolaortiz.com\/wp-content\/uploads\/2023\/11\/CD-cantareras-1.png  ><\/a>            <\/div>\n        <\/div>\n    <\/div>\n<\/div>\n            <\/div>\n        <\/div>\n                    <div class=\"selector col-lg-6 \" data-id=\"753\" data-columns=\"2-columns\">\n            <div class=\"m-media-gallery__item \" >\n                <div class=\"o-neuron-hover o-neuron-hover--meta-inside\">\n    <div class=\"o-neuron-hover-holder h-lightbox\">\n        <div class=\"o-neuron-hover-holder__header\">\n            <div class=\"o-neuron-hover-holder__header__media\">\n                <div class=\"h-calculated-image\" style=\"padding-bottom: 93.216080% !important;\"><img decoding=\"async\" width=\"796\" height=\"742\" src=\"https:\/\/carolaortiz.com\/wp-content\/uploads\/2023\/11\/CD-cantareras-2-e1699975817157.png\" class=\"attachment-full size-full\" alt=\"\" srcset=\"https:\/\/carolaortiz.com\/wp-content\/uploads\/2023\/11\/CD-cantareras-2-e1699975817157.png 796w, https:\/\/carolaortiz.com\/wp-content\/uploads\/2023\/11\/CD-cantareras-2-e1699975817157-300x280.png 300w, https:\/\/carolaortiz.com\/wp-content\/uploads\/2023\/11\/CD-cantareras-2-e1699975817157-768x716.png 768w\" sizes=\"(max-width: 796px) 100vw, 796px\" \/><\/div>            <\/div>\n                    <\/div>\n        <div class=\"o-neuron-hover-holder__body d-flex justify-content-center align-items-center\">\n            <div class=\"o-neuron-hover-holder__body__inner\">\n                                    <div class=\"o-neuron-hover-holder__body-meta\">\n                                                    <h4 class=\"o-neuron-hover-holder__body-meta__title m-media-gallery__item--title\">Cd Artwork<\/h4>\n                                                                                                <div class=\"m-social-media o-neuron-hover-holder__body-meta__social-media\">\n                                                    <\/div>\n                    <\/div>\n                                <a title=\"Cd Artwork\" class=\"h-lightbox-link\" data-type=\"image\" data-mfp-src=https:\/\/carolaortiz.com\/wp-content\/uploads\/2023\/11\/CD-cantareras-2-e1699975817157.png  ><\/a>            <\/div>\n        <\/div>\n    <\/div>\n<\/div>\n            <\/div>\n        <\/div>\n                    <div class=\"selector col-lg-6 \" data-id=\"7757\" data-columns=\"2-columns\">\n            <div class=\"m-media-gallery__item \" >\n                <div class=\"o-neuron-hover o-neuron-hover--meta-inside\">\n    <div class=\"o-neuron-hover-holder h-lightbox\">\n        <div class=\"o-neuron-hover-holder__header\">\n            <div class=\"o-neuron-hover-holder__header__media\">\n                <div class=\"h-calculated-image\" style=\"padding-bottom: 92.481203% !important;\"><img decoding=\"async\" width=\"798\" height=\"738\" src=\"https:\/\/carolaortiz.com\/wp-content\/uploads\/2023\/11\/CD-cantareras-3.png\" class=\"attachment-full size-full\" alt=\"\" srcset=\"https:\/\/carolaortiz.com\/wp-content\/uploads\/2023\/11\/CD-cantareras-3.png 798w, https:\/\/carolaortiz.com\/wp-content\/uploads\/2023\/11\/CD-cantareras-3-300x277.png 300w, https:\/\/carolaortiz.com\/wp-content\/uploads\/2023\/11\/CD-cantareras-3-768x710.png 768w\" sizes=\"(max-width: 798px) 100vw, 798px\" \/><\/div>            <\/div>\n                    <\/div>\n        <div class=\"o-neuron-hover-holder__body d-flex justify-content-center align-items-center\">\n            <div class=\"o-neuron-hover-holder__body__inner\">\n                                    <div class=\"o-neuron-hover-holder__body-meta\">\n                                                    <h4 class=\"o-neuron-hover-holder__body-meta__title m-media-gallery__item--title\">Cd Artwork<\/h4>\n                                                                                                <div class=\"m-social-media o-neuron-hover-holder__body-meta__social-media\">\n                                                    <\/div>\n                    <\/div>\n                                <a title=\"Cd Artwork\" class=\"h-lightbox-link\" data-type=\"image\" data-mfp-src=https:\/\/carolaortiz.com\/wp-content\/uploads\/2023\/11\/CD-cantareras-3.png  ><\/a>            <\/div>\n        <\/div>\n    <\/div>\n<\/div>\n            <\/div>\n        <\/div>\n                    <div class=\"selector col-lg-6 \" data-id=\"6242\" data-columns=\"2-columns\">\n            <div class=\"m-media-gallery__item \" >\n                <div class=\"o-neuron-hover o-neuron-hover--meta-inside\">\n    <div class=\"o-neuron-hover-holder h-lightbox\">\n        <div class=\"o-neuron-hover-holder__header\">\n            <div class=\"o-neuron-hover-holder__header__media\">\n                <div class=\"h-calculated-image\" style=\"padding-bottom: 91.201983% !important;\"><img loading=\"lazy\" decoding=\"async\" width=\"807\" height=\"736\" src=\"https:\/\/carolaortiz.com\/wp-content\/uploads\/2023\/11\/CD-cantareras-4.png\" class=\"attachment-full size-full\" alt=\"\" srcset=\"https:\/\/carolaortiz.com\/wp-content\/uploads\/2023\/11\/CD-cantareras-4.png 807w, https:\/\/carolaortiz.com\/wp-content\/uploads\/2023\/11\/CD-cantareras-4-300x274.png 300w, https:\/\/carolaortiz.com\/wp-content\/uploads\/2023\/11\/CD-cantareras-4-768x700.png 768w\" sizes=\"(max-width: 807px) 100vw, 807px\" \/><\/div>            <\/div>\n                    <\/div>\n        <div class=\"o-neuron-hover-holder__body d-flex justify-content-center align-items-center\">\n            <div class=\"o-neuron-hover-holder__body__inner\">\n                                    <div class=\"o-neuron-hover-holder__body-meta\">\n                                                    <h4 class=\"o-neuron-hover-holder__body-meta__title m-media-gallery__item--title\">Cd Artwork<\/h4>\n                                                                                                <div class=\"m-social-media o-neuron-hover-holder__body-meta__social-media\">\n                                                    <\/div>\n                    <\/div>\n                                <a title=\"Cd Artwork\" class=\"h-lightbox-link\" data-type=\"image\" data-mfp-src=https:\/\/carolaortiz.com\/wp-content\/uploads\/2023\/11\/CD-cantareras-4.png  ><\/a>            <\/div>\n        <\/div>\n    <\/div>\n<\/div>\n            <\/div>\n        <\/div>\n    <\/div>\n\n\n\t\t\t<\/div>\n        <\/div>\n        \t\t\t\t<\/div>\n\t\t\t\t<\/div>\n\t\t\t\t\t<\/div>\n\t\t<\/div>\n\t\t\t\t\t<\/div>\n\t\t<\/section>\n\t\t\t\t\t<\/div>\n\t\t<\/div>\n\t\t\t\t\t<\/div>\n\t\t<\/section>\n\t\t\t\t<\/div>\n\t\t","protected":false},"excerpt":{"rendered":"<p>CANTARERAS Shopping-cart Spotify Youtube Deezer Apple Amazon &#x21b3; Letras \u00abCantareras\u00bb es el cuarto proyecto como solista de Carola&#8230;<\/p>\n","protected":false},"author":2,"featured_media":0,"parent":0,"menu_order":60,"comment_status":"closed","ping_status":"closed","template":"","meta":{"_acf_changed":false,"footnotes":""},"class_list":["post-18473","page","type-page","status-publish","hentry"],"acf":[],"yoast_head":"<!-- This site is optimized with the Yoast SEO plugin v26.2 - https:\/\/yoast.com\/wordpress\/plugins\/seo\/ -->\n<title>Carola Ortiz | Cantareras<\/title>\n<meta name=\"description\" content=\"Naci\u00f3 el 15 de marzo del 1986 en Terrassa, hija de m\u00fasico de jazz y de madre vinculada al mundo del teatro. Creci\u00f3 musicalmente entre la Jazz Cava de Terrassa y el Conservatorio de la misma ciudad. Se sigui\u00f3 formando en el Taller de M\u00fasics y posteriormente en la ESMUC, en canto y en clarinete.\" \/>\n<meta name=\"robots\" content=\"index, follow, max-snippet:-1, max-image-preview:large, max-video-preview:-1\" \/>\n<link rel=\"canonical\" href=\"https:\/\/carolaortiz.com\/es\/cantareras\/\" \/>\n<meta property=\"og:locale\" content=\"es_ES\" \/>\n<meta property=\"og:type\" content=\"article\" \/>\n<meta property=\"og:title\" content=\"Carola Ortiz | Cantareras\" \/>\n<meta property=\"og:description\" content=\"Naci\u00f3 el 15 de marzo del 1986 en Terrassa, hija de m\u00fasico de jazz y de madre vinculada al mundo del teatro. Creci\u00f3 musicalmente entre la Jazz Cava de Terrassa y el Conservatorio de la misma ciudad. Se sigui\u00f3 formando en el Taller de M\u00fasics y posteriormente en la ESMUC, en canto y en clarinete.\" \/>\n<meta property=\"og:url\" content=\"https:\/\/carolaortiz.com\/es\/cantareras\/\" \/>\n<meta property=\"og:site_name\" content=\"Carola Ortiz\" \/>\n<meta property=\"article:publisher\" content=\"https:\/\/www.facebook.com\/Carola-Ortiz-Music-792306854153384\/?fref=ts\" \/>\n<meta property=\"article:modified_time\" content=\"2023-11-29T16:06:31+00:00\" \/>\n<meta property=\"og:image\" content=\"https:\/\/carolaortiz.com\/wp-content\/uploads\/2021\/04\/fbimage.png\" \/>\n\t<meta property=\"og:image:width\" content=\"1200\" \/>\n\t<meta property=\"og:image:height\" content=\"628\" \/>\n\t<meta property=\"og:image:type\" content=\"image\/png\" \/>\n<meta name=\"twitter:card\" content=\"summary_large_image\" \/>\n<meta name=\"twitter:description\" content=\"Naci\u00f3 el 15 de marzo del 1986 en Terrassa, hija de m\u00fasico de jazz y de madre vinculada al mundo del teatro. Creci\u00f3 musicalmente entre la Jazz Cava de Terrassa y el Conservatorio de la misma ciudad. Se sigui\u00f3 formando en el Taller de M\u00fasics y posteriormente en la ESMUC, en canto y en clarinete.\" \/>\n<meta name=\"twitter:image\" content=\"https:\/\/carolaortiz.com\/wp-content\/uploads\/2021\/04\/fbimage.png\" \/>\n<meta name=\"twitter:label1\" content=\"Tiempo de lectura\" \/>\n\t<meta name=\"twitter:data1\" content=\"3 minutos\" \/>\n<script type=\"application\/ld+json\" class=\"yoast-schema-graph\">{\"@context\":\"https:\/\/schema.org\",\"@graph\":[{\"@type\":\"WebPage\",\"@id\":\"https:\/\/carolaortiz.com\/es\/cantareras\/\",\"url\":\"https:\/\/carolaortiz.com\/es\/cantareras\/\",\"name\":\"Carola Ortiz | Cantareras\",\"isPartOf\":{\"@id\":\"https:\/\/carolaortiz.com\/es\/#website\"},\"primaryImageOfPage\":{\"@id\":\"https:\/\/carolaortiz.com\/es\/cantareras\/#primaryimage\"},\"image\":{\"@id\":\"https:\/\/carolaortiz.com\/es\/cantareras\/#primaryimage\"},\"thumbnailUrl\":\"https:\/\/carolaortiz.com\/wp-content\/uploads\/2023\/11\/CD-cantareras-1.png\",\"datePublished\":\"2023-10-24T06:48:36+00:00\",\"dateModified\":\"2023-11-29T16:06:31+00:00\",\"description\":\"Naci\u00f3 el 15 de marzo del 1986 en Terrassa, hija de m\u00fasico de jazz y de madre vinculada al mundo del teatro. Creci\u00f3 musicalmente entre la Jazz Cava de Terrassa y el Conservatorio de la misma ciudad. Se sigui\u00f3 formando en el Taller de M\u00fasics y posteriormente en la ESMUC, en canto y en clarinete.\",\"breadcrumb\":{\"@id\":\"https:\/\/carolaortiz.com\/es\/cantareras\/#breadcrumb\"},\"inLanguage\":\"es\",\"potentialAction\":[{\"@type\":\"ReadAction\",\"target\":[\"https:\/\/carolaortiz.com\/es\/cantareras\/\"]}]},{\"@type\":\"ImageObject\",\"inLanguage\":\"es\",\"@id\":\"https:\/\/carolaortiz.com\/es\/cantareras\/#primaryimage\",\"url\":\"https:\/\/carolaortiz.com\/wp-content\/uploads\/2023\/11\/CD-cantareras-1.png\",\"contentUrl\":\"https:\/\/carolaortiz.com\/wp-content\/uploads\/2023\/11\/CD-cantareras-1.png\"},{\"@type\":\"BreadcrumbList\",\"@id\":\"https:\/\/carolaortiz.com\/es\/cantareras\/#breadcrumb\",\"itemListElement\":[{\"@type\":\"ListItem\",\"position\":1,\"name\":\"Home\",\"item\":\"https:\/\/carolaortiz.com\/es\/\"},{\"@type\":\"ListItem\",\"position\":2,\"name\":\"Cantareras\"}]},{\"@type\":\"WebSite\",\"@id\":\"https:\/\/carolaortiz.com\/es\/#website\",\"url\":\"https:\/\/carolaortiz.com\/es\/\",\"name\":\"Carola Ortiz\",\"description\":\"Cantant, clarinetista, compositora i viatgera. Ha participat en m\u00e9s de vint treballs discogr\u00e0fics de diferents g\u00e8neres incloent jazz, pop, folk, world i experimental.\",\"potentialAction\":[{\"@type\":\"SearchAction\",\"target\":{\"@type\":\"EntryPoint\",\"urlTemplate\":\"https:\/\/carolaortiz.com\/es\/?s={search_term_string}\"},\"query-input\":{\"@type\":\"PropertyValueSpecification\",\"valueRequired\":true,\"valueName\":\"search_term_string\"}}],\"inLanguage\":\"es\"}]}<\/script>\n<!-- \/ Yoast SEO plugin. -->","yoast_head_json":{"title":"Carola Ortiz | Cantareras","description":"Naci\u00f3 el 15 de marzo del 1986 en Terrassa, hija de m\u00fasico de jazz y de madre vinculada al mundo del teatro. Creci\u00f3 musicalmente entre la Jazz Cava de Terrassa y el Conservatorio de la misma ciudad. Se sigui\u00f3 formando en el Taller de M\u00fasics y posteriormente en la ESMUC, en canto y en clarinete.","robots":{"index":"index","follow":"follow","max-snippet":"max-snippet:-1","max-image-preview":"max-image-preview:large","max-video-preview":"max-video-preview:-1"},"canonical":"https:\/\/carolaortiz.com\/es\/cantareras\/","og_locale":"es_ES","og_type":"article","og_title":"Carola Ortiz | Cantareras","og_description":"Naci\u00f3 el 15 de marzo del 1986 en Terrassa, hija de m\u00fasico de jazz y de madre vinculada al mundo del teatro. Creci\u00f3 musicalmente entre la Jazz Cava de Terrassa y el Conservatorio de la misma ciudad. Se sigui\u00f3 formando en el Taller de M\u00fasics y posteriormente en la ESMUC, en canto y en clarinete.","og_url":"https:\/\/carolaortiz.com\/es\/cantareras\/","og_site_name":"Carola Ortiz","article_publisher":"https:\/\/www.facebook.com\/Carola-Ortiz-Music-792306854153384\/?fref=ts","article_modified_time":"2023-11-29T16:06:31+00:00","og_image":[{"width":1200,"height":628,"url":"https:\/\/carolaortiz.com\/wp-content\/uploads\/2021\/04\/fbimage.png","type":"image\/png"}],"twitter_card":"summary_large_image","twitter_description":"Naci\u00f3 el 15 de marzo del 1986 en Terrassa, hija de m\u00fasico de jazz y de madre vinculada al mundo del teatro. Creci\u00f3 musicalmente entre la Jazz Cava de Terrassa y el Conservatorio de la misma ciudad. Se sigui\u00f3 formando en el Taller de M\u00fasics y posteriormente en la ESMUC, en canto y en clarinete.","twitter_image":"https:\/\/carolaortiz.com\/wp-content\/uploads\/2021\/04\/fbimage.png","twitter_misc":{"Tiempo de lectura":"3 minutos"},"schema":{"@context":"https:\/\/schema.org","@graph":[{"@type":"WebPage","@id":"https:\/\/carolaortiz.com\/es\/cantareras\/","url":"https:\/\/carolaortiz.com\/es\/cantareras\/","name":"Carola Ortiz | Cantareras","isPartOf":{"@id":"https:\/\/carolaortiz.com\/es\/#website"},"primaryImageOfPage":{"@id":"https:\/\/carolaortiz.com\/es\/cantareras\/#primaryimage"},"image":{"@id":"https:\/\/carolaortiz.com\/es\/cantareras\/#primaryimage"},"thumbnailUrl":"https:\/\/carolaortiz.com\/wp-content\/uploads\/2023\/11\/CD-cantareras-1.png","datePublished":"2023-10-24T06:48:36+00:00","dateModified":"2023-11-29T16:06:31+00:00","description":"Naci\u00f3 el 15 de marzo del 1986 en Terrassa, hija de m\u00fasico de jazz y de madre vinculada al mundo del teatro. Creci\u00f3 musicalmente entre la Jazz Cava de Terrassa y el Conservatorio de la misma ciudad. Se sigui\u00f3 formando en el Taller de M\u00fasics y posteriormente en la ESMUC, en canto y en clarinete.","breadcrumb":{"@id":"https:\/\/carolaortiz.com\/es\/cantareras\/#breadcrumb"},"inLanguage":"es","potentialAction":[{"@type":"ReadAction","target":["https:\/\/carolaortiz.com\/es\/cantareras\/"]}]},{"@type":"ImageObject","inLanguage":"es","@id":"https:\/\/carolaortiz.com\/es\/cantareras\/#primaryimage","url":"https:\/\/carolaortiz.com\/wp-content\/uploads\/2023\/11\/CD-cantareras-1.png","contentUrl":"https:\/\/carolaortiz.com\/wp-content\/uploads\/2023\/11\/CD-cantareras-1.png"},{"@type":"BreadcrumbList","@id":"https:\/\/carolaortiz.com\/es\/cantareras\/#breadcrumb","itemListElement":[{"@type":"ListItem","position":1,"name":"Home","item":"https:\/\/carolaortiz.com\/es\/"},{"@type":"ListItem","position":2,"name":"Cantareras"}]},{"@type":"WebSite","@id":"https:\/\/carolaortiz.com\/es\/#website","url":"https:\/\/carolaortiz.com\/es\/","name":"Carola Ortiz","description":"Cantant, clarinetista, compositora i viatgera. Ha participat en m\u00e9s de vint treballs discogr\u00e0fics de diferents g\u00e8neres incloent jazz, pop, folk, world i experimental.","potentialAction":[{"@type":"SearchAction","target":{"@type":"EntryPoint","urlTemplate":"https:\/\/carolaortiz.com\/es\/?s={search_term_string}"},"query-input":{"@type":"PropertyValueSpecification","valueRequired":true,"valueName":"search_term_string"}}],"inLanguage":"es"}]}},"_links":{"self":[{"href":"https:\/\/carolaortiz.com\/es\/wp-json\/wp\/v2\/pages\/18473","targetHints":{"allow":["GET"]}}],"collection":[{"href":"https:\/\/carolaortiz.com\/es\/wp-json\/wp\/v2\/pages"}],"about":[{"href":"https:\/\/carolaortiz.com\/es\/wp-json\/wp\/v2\/types\/page"}],"author":[{"embeddable":true,"href":"https:\/\/carolaortiz.com\/es\/wp-json\/wp\/v2\/users\/2"}],"replies":[{"embeddable":true,"href":"https:\/\/carolaortiz.com\/es\/wp-json\/wp\/v2\/comments?post=18473"}],"version-history":[{"count":70,"href":"https:\/\/carolaortiz.com\/es\/wp-json\/wp\/v2\/pages\/18473\/revisions"}],"predecessor-version":[{"id":19275,"href":"https:\/\/carolaortiz.com\/es\/wp-json\/wp\/v2\/pages\/18473\/revisions\/19275"}],"wp:attachment":[{"href":"https:\/\/carolaortiz.com\/es\/wp-json\/wp\/v2\/media?parent=18473"}],"curies":[{"name":"wp","href":"https:\/\/api.w.org\/{rel}","templated":true}]}}