{"id":18628,"date":"2023-11-08T11:06:54","date_gmt":"2023-11-08T10:06:54","guid":{"rendered":"https:\/\/carolaortiz.com\/?page_id=18628"},"modified":"2023-11-29T17:15:14","modified_gmt":"2023-11-29T16:15:14","slug":"letras","status":"publish","type":"page","link":"https:\/\/carolaortiz.com\/es\/letras\/","title":{"rendered":"Letras"},"content":{"rendered":"\t\t<div data-elementor-type=\"wp-post\" data-elementor-id=\"18628\" class=\"elementor elementor-18628\">\n\t\t\t\t\t\t<section class=\"elementor-section elementor-top-section elementor-element elementor-element-66c7983 elementor-section-full_width elementor-section-height-min-height elementor-section-items-stretch elementor-section-height-default neuron-fixed-no\" data-id=\"66c7983\" data-element_type=\"section\">\n\t\t\t\t\t\t<div class=\"elementor-container elementor-column-gap-no\">\n\t\t\t\t\t<div class=\"elementor-column elementor-col-50 elementor-top-column elementor-element elementor-element-e64bfc3\" data-id=\"e64bfc3\" data-element_type=\"column\" data-settings=\"{&quot;background_background&quot;:&quot;classic&quot;}\">\n\t\t\t<div class=\"elementor-widget-wrap elementor-element-populated\">\n\t\t\t\t\t\t<div class=\"elementor-element elementor-element-81c77a6 elementor-widget elementor-widget-spacer\" data-id=\"81c77a6\" data-element_type=\"widget\" data-widget_type=\"spacer.default\">\n\t\t\t\t<div class=\"elementor-widget-container\">\n\t\t\t\t\t\t\t<div class=\"elementor-spacer\">\n\t\t\t<div class=\"elementor-spacer-inner\"><\/div>\n\t\t<\/div>\n\t\t\t\t\t\t<\/div>\n\t\t\t\t<\/div>\n\t\t\t\t\t<\/div>\n\t\t<\/div>\n\t\t\t\t<div class=\"elementor-column elementor-col-50 elementor-top-column elementor-element elementor-element-306ee07\" data-id=\"306ee07\" data-element_type=\"column\" data-settings=\"{&quot;background_background&quot;:&quot;classic&quot;}\">\n\t\t\t<div class=\"elementor-widget-wrap elementor-element-populated\">\n\t\t\t\t\t\t<section class=\"elementor-section elementor-inner-section elementor-element elementor-element-3485ebb elementor-section-content-top elementor-section-boxed elementor-section-height-default elementor-section-height-default neuron-fixed-no\" data-id=\"3485ebb\" data-element_type=\"section\">\n\t\t\t\t\t\t<div class=\"elementor-container elementor-column-gap-default\">\n\t\t\t\t\t<div class=\"elementor-column elementor-col-100 elementor-inner-column elementor-element elementor-element-fbb3aeb\" data-id=\"fbb3aeb\" data-element_type=\"column\">\n\t\t\t<div class=\"elementor-widget-wrap elementor-element-populated\">\n\t\t\t\t\t\t<div class=\"elementor-element elementor-element-17ef672 elementor-widget elementor-widget-spacer\" data-id=\"17ef672\" data-element_type=\"widget\" data-widget_type=\"spacer.default\">\n\t\t\t\t<div class=\"elementor-widget-container\">\n\t\t\t\t\t\t\t<div class=\"elementor-spacer\">\n\t\t\t<div class=\"elementor-spacer-inner\"><\/div>\n\t\t<\/div>\n\t\t\t\t\t\t<\/div>\n\t\t\t\t<\/div>\n\t\t\t\t<div class=\"elementor-element elementor-element-e6b38e1 elementor-widget elementor-widget-heading\" data-id=\"e6b38e1\" data-element_type=\"widget\" data-widget_type=\"heading.default\">\n\t\t\t\t<div class=\"elementor-widget-container\">\n\t\t\t\t\t<h3 class=\"elementor-heading-title elementor-size-default\">Letras<\/h3>\t\t\t\t<\/div>\n\t\t\t\t<\/div>\n\t\t\t\t<div class=\"elementor-element elementor-element-9d075ca elementor-widget-mobile__width-auto elementor-widget elementor-widget-heading\" data-id=\"9d075ca\" data-element_type=\"widget\" data-widget_type=\"heading.default\">\n\t\t\t\t<div class=\"elementor-widget-container\">\n\t\t\t\t\t<h4 class=\"elementor-heading-title elementor-size-default\"><a href=\"https:\/\/carolaortiz.com\/es\/cantareras\/\">&#x21b3; Cantareras<\/a><\/h4>\t\t\t\t<\/div>\n\t\t\t\t<\/div>\n\t\t\t\t<div class=\"elementor-element elementor-element-a473382 elementor-widget elementor-widget-text-editor\" data-id=\"a473382\" data-element_type=\"widget\" data-widget_type=\"text-editor.default\">\n\t\t\t\t<div class=\"elementor-widget-container\">\n\t\t\t\t\t\t\t\t\t<p><strong>Repertorio de \u00abCantareras\u00bb:<\/strong><\/p><p><strong>01.La doncella guerrera<\/strong> (letra y tradicional de Le\u00f3n y melod\u00eda tradicional sevillana).<\/p><p><strong>02.Ahechao de las malas lenguas<\/strong> (tradicional de Pe\u00f1aparda, dos \u00faltimas coplas de Eliseo Parra).<\/p><p><strong>03.L\u2019angelet del Vetlatori<\/strong> (tradicional valenciana).<\/p><p><strong>04.E Vira e vira<\/strong> (tradicional gallega).<\/p><p><strong>05.Can\u00e7\u00f3 de pandero lliure<\/strong> (tradicional tarraconense, versos y m\u00fasica originales de Carola Ortiz).<\/p><p><strong>06.La mare de D\u00e9u<\/strong> (tradicional catalana).<\/p><p><strong>07.Mu\u00f1eira de Turmaleo<\/strong> (tradicional asturiana).<\/p><p><strong>08.Serrana \u00abLa Matadora\u00bb<\/strong> (tradicional leonesa).<\/p><p><strong>09.Romance de Santa Elena<\/strong> (tradicional leonesa).<\/p><p><strong>10.Canci\u00f3n de bodas<\/strong> (tradicional de Pe\u00f1aparda).<\/p><p><strong>11.Pasodoble de las cantareras<\/strong> (m\u00fasica original Carola Ortiz).<\/p><p><strong>12.Coir figues a nes figueral<\/strong> (tradicional mallorquina).<\/p>\t\t\t\t\t\t\t\t<\/div>\n\t\t\t\t<\/div>\n\t\t\t\t\t<\/div>\n\t\t<\/div>\n\t\t\t\t\t<\/div>\n\t\t<\/section>\n\t\t\t\t<section class=\"elementor-section elementor-inner-section elementor-element elementor-element-ea94819 elementor-section-boxed elementor-section-height-default elementor-section-height-default neuron-fixed-no\" data-id=\"ea94819\" data-element_type=\"section\">\n\t\t\t\t\t\t<div class=\"elementor-container elementor-column-gap-default\">\n\t\t\t\t\t<div class=\"elementor-column elementor-col-50 elementor-inner-column elementor-element elementor-element-465c465\" data-id=\"465c465\" data-element_type=\"column\">\n\t\t\t<div class=\"elementor-widget-wrap elementor-element-populated\">\n\t\t\t\t\t\t<div class=\"elementor-element elementor-element-233235c elementor-widget elementor-widget-image\" data-id=\"233235c\" data-element_type=\"widget\" data-widget_type=\"image.default\">\n\t\t\t\t<div class=\"elementor-widget-container\">\n\t\t\t\t\t\t\t\t\t\t\t\t\t\t\t\t<a href=\"https:\/\/carolaortiz.com\/wp-content\/uploads\/2023\/11\/DONCELLA-GUERRERA.jpg\" data-elementor-open-lightbox=\"yes\" data-elementor-lightbox-title=\"DONCELLA GUERRERA\" data-e-action-hash=\"#elementor-action%3Aaction%3Dlightbox%26settings%3DeyJpZCI6MTg4ODIsInVybCI6Imh0dHBzOlwvXC9jYXJvbGFvcnRpei5jb21cL3dwLWNvbnRlbnRcL3VwbG9hZHNcLzIwMjNcLzExXC9ET05DRUxMQS1HVUVSUkVSQS5qcGcifQ%3D%3D\">\n\t\t\t\t\t\t\t<img fetchpriority=\"high\" decoding=\"async\" width=\"596\" height=\"842\" src=\"https:\/\/carolaortiz.com\/wp-content\/uploads\/2023\/11\/DONCELLA-GUERRERA.jpg\" class=\"attachment-large size-large wp-image-18882\" alt=\"\" srcset=\"https:\/\/carolaortiz.com\/wp-content\/uploads\/2023\/11\/DONCELLA-GUERRERA.jpg 596w, https:\/\/carolaortiz.com\/wp-content\/uploads\/2023\/11\/DONCELLA-GUERRERA-212x300.jpg 212w\" sizes=\"(max-width: 596px) 100vw, 596px\" \/>\t\t\t\t\t\t\t\t<\/a>\n\t\t\t\t\t\t\t\t\t\t\t\t\t\t\t<\/div>\n\t\t\t\t<\/div>\n\t\t\t\t<div class=\"elementor-element elementor-element-55cd6c0 elementor-widget elementor-widget-heading\" data-id=\"55cd6c0\" data-element_type=\"widget\" data-widget_type=\"heading.default\">\n\t\t\t\t<div class=\"elementor-widget-container\">\n\t\t\t\t\t<span class=\"elementor-heading-title elementor-size-default\">La doncella guerrera<\/span>\t\t\t\t<\/div>\n\t\t\t\t<\/div>\n\t\t\t\t<div class=\"elementor-element elementor-element-e76c038 elementor-widget elementor-widget-image\" data-id=\"e76c038\" data-element_type=\"widget\" data-widget_type=\"image.default\">\n\t\t\t\t<div class=\"elementor-widget-container\">\n\t\t\t\t\t\t\t\t\t\t\t\t\t\t\t\t<a href=\"https:\/\/carolaortiz.com\/wp-content\/uploads\/2023\/11\/AHECHAO-DE-LAS-MALAS-LENGUAS.jpg\" data-elementor-open-lightbox=\"yes\" data-elementor-lightbox-title=\"AHECHAO DE LAS MALAS LENGUAS\" data-e-action-hash=\"#elementor-action%3Aaction%3Dlightbox%26settings%3DeyJpZCI6MTg5MTUsInVybCI6Imh0dHBzOlwvXC9jYXJvbGFvcnRpei5jb21cL3dwLWNvbnRlbnRcL3VwbG9hZHNcLzIwMjNcLzExXC9BSEVDSEFPLURFLUxBUy1NQUxBUy1MRU5HVUFTLmpwZyJ9\">\n\t\t\t\t\t\t\t<img decoding=\"async\" width=\"596\" height=\"842\" src=\"https:\/\/carolaortiz.com\/wp-content\/uploads\/2023\/11\/AHECHAO-DE-LAS-MALAS-LENGUAS.jpg\" class=\"attachment-large size-large wp-image-18915\" alt=\"\" srcset=\"https:\/\/carolaortiz.com\/wp-content\/uploads\/2023\/11\/AHECHAO-DE-LAS-MALAS-LENGUAS.jpg 596w, https:\/\/carolaortiz.com\/wp-content\/uploads\/2023\/11\/AHECHAO-DE-LAS-MALAS-LENGUAS-212x300.jpg 212w\" sizes=\"(max-width: 596px) 100vw, 596px\" \/>\t\t\t\t\t\t\t\t<\/a>\n\t\t\t\t\t\t\t\t\t\t\t\t\t\t\t<\/div>\n\t\t\t\t<\/div>\n\t\t\t\t<div class=\"elementor-element elementor-element-0a615e0 elementor-widget elementor-widget-heading\" data-id=\"0a615e0\" data-element_type=\"widget\" data-widget_type=\"heading.default\">\n\t\t\t\t<div class=\"elementor-widget-container\">\n\t\t\t\t\t<span class=\"elementor-heading-title elementor-size-default\">Ahechao de las malas lenguas<\/span>\t\t\t\t<\/div>\n\t\t\t\t<\/div>\n\t\t\t\t<div class=\"elementor-element elementor-element-816c674 elementor-widget elementor-widget-image\" data-id=\"816c674\" data-element_type=\"widget\" data-widget_type=\"image.default\">\n\t\t\t\t<div class=\"elementor-widget-container\">\n\t\t\t\t\t\t\t\t\t\t\t\t\t\t\t\t<a href=\"https:\/\/carolaortiz.com\/wp-content\/uploads\/2023\/11\/LANGELET-DEL-VETLATORI.jpg\" data-elementor-open-lightbox=\"yes\" data-elementor-lightbox-title=\"L\u2019ANGELET DEL VETLATORI\" data-e-action-hash=\"#elementor-action%3Aaction%3Dlightbox%26settings%3DeyJpZCI6MTg5MTIsInVybCI6Imh0dHBzOlwvXC9jYXJvbGFvcnRpei5jb21cL3dwLWNvbnRlbnRcL3VwbG9hZHNcLzIwMjNcLzExXC9MQU5HRUxFVC1ERUwtVkVUTEFUT1JJLmpwZyJ9\">\n\t\t\t\t\t\t\t<img decoding=\"async\" width=\"596\" height=\"842\" src=\"https:\/\/carolaortiz.com\/wp-content\/uploads\/2023\/11\/LANGELET-DEL-VETLATORI.jpg\" class=\"attachment-large size-large wp-image-18912\" alt=\"\" srcset=\"https:\/\/carolaortiz.com\/wp-content\/uploads\/2023\/11\/LANGELET-DEL-VETLATORI.jpg 596w, https:\/\/carolaortiz.com\/wp-content\/uploads\/2023\/11\/LANGELET-DEL-VETLATORI-212x300.jpg 212w\" sizes=\"(max-width: 596px) 100vw, 596px\" \/>\t\t\t\t\t\t\t\t<\/a>\n\t\t\t\t\t\t\t\t\t\t\t\t\t\t\t<\/div>\n\t\t\t\t<\/div>\n\t\t\t\t<div class=\"elementor-element elementor-element-d51bb84 elementor-widget elementor-widget-heading\" data-id=\"d51bb84\" data-element_type=\"widget\" data-widget_type=\"heading.default\">\n\t\t\t\t<div class=\"elementor-widget-container\">\n\t\t\t\t\t<span class=\"elementor-heading-title elementor-size-default\">L\u2019angelet del Vetlatori <\/span>\t\t\t\t<\/div>\n\t\t\t\t<\/div>\n\t\t\t\t<div class=\"elementor-element elementor-element-39d1d44 elementor-widget elementor-widget-image\" data-id=\"39d1d44\" data-element_type=\"widget\" data-widget_type=\"image.default\">\n\t\t\t\t<div class=\"elementor-widget-container\">\n\t\t\t\t\t\t\t\t\t\t\t\t\t\t\t\t<a href=\"https:\/\/carolaortiz.com\/wp-content\/uploads\/2023\/11\/E-VIRA-E-VIRA.jpg\" data-elementor-open-lightbox=\"yes\" data-elementor-lightbox-title=\"E VIRA E VIRA\" data-e-action-hash=\"#elementor-action%3Aaction%3Dlightbox%26settings%3DeyJpZCI6MTg5MDksInVybCI6Imh0dHBzOlwvXC9jYXJvbGFvcnRpei5jb21cL3dwLWNvbnRlbnRcL3VwbG9hZHNcLzIwMjNcLzExXC9FLVZJUkEtRS1WSVJBLmpwZyJ9\">\n\t\t\t\t\t\t\t<img loading=\"lazy\" decoding=\"async\" width=\"596\" height=\"842\" src=\"https:\/\/carolaortiz.com\/wp-content\/uploads\/2023\/11\/E-VIRA-E-VIRA.jpg\" class=\"attachment-large size-large wp-image-18909\" alt=\"\" srcset=\"https:\/\/carolaortiz.com\/wp-content\/uploads\/2023\/11\/E-VIRA-E-VIRA.jpg 596w, https:\/\/carolaortiz.com\/wp-content\/uploads\/2023\/11\/E-VIRA-E-VIRA-212x300.jpg 212w\" sizes=\"(max-width: 596px) 100vw, 596px\" \/>\t\t\t\t\t\t\t\t<\/a>\n\t\t\t\t\t\t\t\t\t\t\t\t\t\t\t<\/div>\n\t\t\t\t<\/div>\n\t\t\t\t<div class=\"elementor-element elementor-element-cdf02f6 elementor-widget elementor-widget-heading\" data-id=\"cdf02f6\" data-element_type=\"widget\" data-widget_type=\"heading.default\">\n\t\t\t\t<div class=\"elementor-widget-container\">\n\t\t\t\t\t<span class=\"elementor-heading-title elementor-size-default\">E Vira e vira<\/span>\t\t\t\t<\/div>\n\t\t\t\t<\/div>\n\t\t\t\t<div class=\"elementor-element elementor-element-dc28960 elementor-widget elementor-widget-image\" data-id=\"dc28960\" data-element_type=\"widget\" data-widget_type=\"image.default\">\n\t\t\t\t<div class=\"elementor-widget-container\">\n\t\t\t\t\t\t\t\t\t\t\t\t\t\t\t\t<a href=\"https:\/\/carolaortiz.com\/wp-content\/uploads\/2023\/11\/CANC\u0327O\u0301-DE-PANDERO.jpg\" data-elementor-open-lightbox=\"yes\" data-elementor-lightbox-title=\"CANC\u0327O\u0301 DE PANDERO\" data-e-action-hash=\"#elementor-action%3Aaction%3Dlightbox%26settings%3DeyJpZCI6MTg5MDYsInVybCI6Imh0dHBzOlwvXC9jYXJvbGFvcnRpei5jb21cL3dwLWNvbnRlbnRcL3VwbG9hZHNcLzIwMjNcLzExXC9DQU5DXHUwMzI3T1x1MDMwMS1ERS1QQU5ERVJPLmpwZyJ9\">\n\t\t\t\t\t\t\t<img loading=\"lazy\" decoding=\"async\" width=\"596\" height=\"842\" src=\"https:\/\/carolaortiz.com\/wp-content\/uploads\/2023\/11\/CANC\u0327O\u0301-DE-PANDERO.jpg\" class=\"attachment-large size-large wp-image-18906\" alt=\"\" srcset=\"https:\/\/carolaortiz.com\/wp-content\/uploads\/2023\/11\/CANC\u0327O\u0301-DE-PANDERO.jpg 596w, https:\/\/carolaortiz.com\/wp-content\/uploads\/2023\/11\/CANC\u0327O\u0301-DE-PANDERO-212x300.jpg 212w\" sizes=\"(max-width: 596px) 100vw, 596px\" \/>\t\t\t\t\t\t\t\t<\/a>\n\t\t\t\t\t\t\t\t\t\t\t\t\t\t\t<\/div>\n\t\t\t\t<\/div>\n\t\t\t\t<div class=\"elementor-element elementor-element-c22563e elementor-widget elementor-widget-heading\" data-id=\"c22563e\" data-element_type=\"widget\" data-widget_type=\"heading.default\">\n\t\t\t\t<div class=\"elementor-widget-container\">\n\t\t\t\t\t<span class=\"elementor-heading-title elementor-size-default\">Can\u00e7\u00f3 de pandero lliure<\/span>\t\t\t\t<\/div>\n\t\t\t\t<\/div>\n\t\t\t\t<div class=\"elementor-element elementor-element-74573aa elementor-widget elementor-widget-image\" data-id=\"74573aa\" data-element_type=\"widget\" data-widget_type=\"image.default\">\n\t\t\t\t<div class=\"elementor-widget-container\">\n\t\t\t\t\t\t\t\t\t\t\t\t\t\t\t\t<a href=\"https:\/\/carolaortiz.com\/wp-content\/uploads\/2023\/11\/LA-MARE-DE-DE\u0301U.jpg\" data-elementor-open-lightbox=\"yes\" data-elementor-lightbox-title=\"LA MARE DE DE\u0301U\" data-e-action-hash=\"#elementor-action%3Aaction%3Dlightbox%26settings%3DeyJpZCI6MTg5MDMsInVybCI6Imh0dHBzOlwvXC9jYXJvbGFvcnRpei5jb21cL3dwLWNvbnRlbnRcL3VwbG9hZHNcLzIwMjNcLzExXC9MQS1NQVJFLURFLURFXHUwMzAxVS5qcGcifQ%3D%3D\">\n\t\t\t\t\t\t\t<img loading=\"lazy\" decoding=\"async\" width=\"596\" height=\"842\" src=\"https:\/\/carolaortiz.com\/wp-content\/uploads\/2023\/11\/LA-MARE-DE-DE\u0301U.jpg\" class=\"attachment-large size-large wp-image-18903\" alt=\"\" srcset=\"https:\/\/carolaortiz.com\/wp-content\/uploads\/2023\/11\/LA-MARE-DE-DE\u0301U.jpg 596w, https:\/\/carolaortiz.com\/wp-content\/uploads\/2023\/11\/LA-MARE-DE-DE\u0301U-212x300.jpg 212w\" sizes=\"(max-width: 596px) 100vw, 596px\" \/>\t\t\t\t\t\t\t\t<\/a>\n\t\t\t\t\t\t\t\t\t\t\t\t\t\t\t<\/div>\n\t\t\t\t<\/div>\n\t\t\t\t<div class=\"elementor-element elementor-element-611304c elementor-widget elementor-widget-heading\" data-id=\"611304c\" data-element_type=\"widget\" data-widget_type=\"heading.default\">\n\t\t\t\t<div class=\"elementor-widget-container\">\n\t\t\t\t\t<span class=\"elementor-heading-title elementor-size-default\">La mare de D\u00e9u<\/span>\t\t\t\t<\/div>\n\t\t\t\t<\/div>\n\t\t\t\t\t<\/div>\n\t\t<\/div>\n\t\t\t\t<div class=\"elementor-column elementor-col-50 elementor-inner-column elementor-element elementor-element-9a82866\" data-id=\"9a82866\" data-element_type=\"column\">\n\t\t\t<div class=\"elementor-widget-wrap elementor-element-populated\">\n\t\t\t\t\t\t<div class=\"elementor-element elementor-element-63cd589 elementor-widget elementor-widget-image\" data-id=\"63cd589\" data-element_type=\"widget\" data-widget_type=\"image.default\">\n\t\t\t\t<div class=\"elementor-widget-container\">\n\t\t\t\t\t\t\t\t\t\t\t\t\t\t\t\t<a href=\"https:\/\/carolaortiz.com\/wp-content\/uploads\/2023\/11\/MUN\u0303EIRA-DE-TORMALEO.jpg\" data-elementor-open-lightbox=\"yes\" data-elementor-lightbox-title=\"MUN\u0303EIRA DE TORMALEO\" data-e-action-hash=\"#elementor-action%3Aaction%3Dlightbox%26settings%3DeyJpZCI6MTg5MDAsInVybCI6Imh0dHBzOlwvXC9jYXJvbGFvcnRpei5jb21cL3dwLWNvbnRlbnRcL3VwbG9hZHNcLzIwMjNcLzExXC9NVU5cdTAzMDNFSVJBLURFLVRPUk1BTEVPLmpwZyJ9\">\n\t\t\t\t\t\t\t<img loading=\"lazy\" decoding=\"async\" width=\"596\" height=\"842\" src=\"https:\/\/carolaortiz.com\/wp-content\/uploads\/2023\/11\/MUN\u0303EIRA-DE-TORMALEO.jpg\" class=\"attachment-large size-large wp-image-18900\" alt=\"\" srcset=\"https:\/\/carolaortiz.com\/wp-content\/uploads\/2023\/11\/MUN\u0303EIRA-DE-TORMALEO.jpg 596w, https:\/\/carolaortiz.com\/wp-content\/uploads\/2023\/11\/MUN\u0303EIRA-DE-TORMALEO-212x300.jpg 212w\" sizes=\"(max-width: 596px) 100vw, 596px\" \/>\t\t\t\t\t\t\t\t<\/a>\n\t\t\t\t\t\t\t\t\t\t\t\t\t\t\t<\/div>\n\t\t\t\t<\/div>\n\t\t\t\t<div class=\"elementor-element elementor-element-a595134 elementor-widget elementor-widget-heading\" data-id=\"a595134\" data-element_type=\"widget\" data-widget_type=\"heading.default\">\n\t\t\t\t<div class=\"elementor-widget-container\">\n\t\t\t\t\t<span class=\"elementor-heading-title elementor-size-default\">Mu\u00f1eira de Turmaleo<\/span>\t\t\t\t<\/div>\n\t\t\t\t<\/div>\n\t\t\t\t<div class=\"elementor-element elementor-element-cb9a540 elementor-widget elementor-widget-image\" data-id=\"cb9a540\" data-element_type=\"widget\" data-widget_type=\"image.default\">\n\t\t\t\t<div class=\"elementor-widget-container\">\n\t\t\t\t\t\t\t\t\t\t\t\t\t\t\t\t<a href=\"https:\/\/carolaortiz.com\/wp-content\/uploads\/2023\/11\/SERRANA-\u2018LA-MATADORA.jpg\" data-elementor-open-lightbox=\"yes\" data-elementor-lightbox-title=\"SERRANA \u2018LA MATADORA\u2019\" data-e-action-hash=\"#elementor-action%3Aaction%3Dlightbox%26settings%3DeyJpZCI6MTg4OTcsInVybCI6Imh0dHBzOlwvXC9jYXJvbGFvcnRpei5jb21cL3dwLWNvbnRlbnRcL3VwbG9hZHNcLzIwMjNcLzExXC9TRVJSQU5BLVx1MjAxOExBLU1BVEFET1JBLmpwZyJ9\">\n\t\t\t\t\t\t\t<img loading=\"lazy\" decoding=\"async\" width=\"596\" height=\"842\" src=\"https:\/\/carolaortiz.com\/wp-content\/uploads\/2023\/11\/SERRANA-\u2018LA-MATADORA.jpg\" class=\"attachment-large size-large wp-image-18897\" alt=\"\" srcset=\"https:\/\/carolaortiz.com\/wp-content\/uploads\/2023\/11\/SERRANA-\u2018LA-MATADORA.jpg 596w, https:\/\/carolaortiz.com\/wp-content\/uploads\/2023\/11\/SERRANA-\u2018LA-MATADORA-212x300.jpg 212w\" sizes=\"(max-width: 596px) 100vw, 596px\" \/>\t\t\t\t\t\t\t\t<\/a>\n\t\t\t\t\t\t\t\t\t\t\t\t\t\t\t<\/div>\n\t\t\t\t<\/div>\n\t\t\t\t<div class=\"elementor-element elementor-element-b90c4af elementor-widget elementor-widget-heading\" data-id=\"b90c4af\" data-element_type=\"widget\" data-widget_type=\"heading.default\">\n\t\t\t\t<div class=\"elementor-widget-container\">\n\t\t\t\t\t<span class=\"elementor-heading-title elementor-size-default\">Serrana \"La Matadora\"<\/span>\t\t\t\t<\/div>\n\t\t\t\t<\/div>\n\t\t\t\t<div class=\"elementor-element elementor-element-73b1922 elementor-widget elementor-widget-image\" data-id=\"73b1922\" data-element_type=\"widget\" data-widget_type=\"image.default\">\n\t\t\t\t<div class=\"elementor-widget-container\">\n\t\t\t\t\t\t\t\t\t\t\t\t\t\t\t\t<a href=\"https:\/\/carolaortiz.com\/wp-content\/uploads\/2023\/11\/ROMANCE-DE-SANTA-ELENA.jpg\" data-elementor-open-lightbox=\"yes\" data-elementor-lightbox-title=\"ROMANCE DE SANTA ELENA\" data-e-action-hash=\"#elementor-action%3Aaction%3Dlightbox%26settings%3DeyJpZCI6MTg4OTQsInVybCI6Imh0dHBzOlwvXC9jYXJvbGFvcnRpei5jb21cL3dwLWNvbnRlbnRcL3VwbG9hZHNcLzIwMjNcLzExXC9ST01BTkNFLURFLVNBTlRBLUVMRU5BLmpwZyJ9\">\n\t\t\t\t\t\t\t<img loading=\"lazy\" decoding=\"async\" width=\"596\" height=\"842\" src=\"https:\/\/carolaortiz.com\/wp-content\/uploads\/2023\/11\/ROMANCE-DE-SANTA-ELENA.jpg\" class=\"attachment-large size-large wp-image-18894\" alt=\"\" srcset=\"https:\/\/carolaortiz.com\/wp-content\/uploads\/2023\/11\/ROMANCE-DE-SANTA-ELENA.jpg 596w, https:\/\/carolaortiz.com\/wp-content\/uploads\/2023\/11\/ROMANCE-DE-SANTA-ELENA-212x300.jpg 212w\" sizes=\"(max-width: 596px) 100vw, 596px\" \/>\t\t\t\t\t\t\t\t<\/a>\n\t\t\t\t\t\t\t\t\t\t\t\t\t\t\t<\/div>\n\t\t\t\t<\/div>\n\t\t\t\t<div class=\"elementor-element elementor-element-acc00ec elementor-widget elementor-widget-heading\" data-id=\"acc00ec\" data-element_type=\"widget\" data-widget_type=\"heading.default\">\n\t\t\t\t<div class=\"elementor-widget-container\">\n\t\t\t\t\t<span class=\"elementor-heading-title elementor-size-default\">Romance de Santa Elena<\/span>\t\t\t\t<\/div>\n\t\t\t\t<\/div>\n\t\t\t\t<div class=\"elementor-element elementor-element-5a2937a elementor-widget elementor-widget-image\" data-id=\"5a2937a\" data-element_type=\"widget\" data-widget_type=\"image.default\">\n\t\t\t\t<div class=\"elementor-widget-container\">\n\t\t\t\t\t\t\t\t\t\t\t\t\t\t\t\t<a href=\"https:\/\/carolaortiz.com\/wp-content\/uploads\/2023\/11\/CANCIO\u0301N-DE-BODAS-DE-PEN\u0303APARDA.jpg\" data-elementor-open-lightbox=\"yes\" data-elementor-lightbox-title=\"CANCIO\u0301N DE BODAS DE PEN\u0303APARDA\" data-e-action-hash=\"#elementor-action%3Aaction%3Dlightbox%26settings%3DeyJpZCI6MTg4OTEsInVybCI6Imh0dHBzOlwvXC9jYXJvbGFvcnRpei5jb21cL3dwLWNvbnRlbnRcL3VwbG9hZHNcLzIwMjNcLzExXC9DQU5DSU9cdTAzMDFOLURFLUJPREFTLURFLVBFTlx1MDMwM0FQQVJEQS5qcGcifQ%3D%3D\">\n\t\t\t\t\t\t\t<img loading=\"lazy\" decoding=\"async\" width=\"596\" height=\"842\" src=\"https:\/\/carolaortiz.com\/wp-content\/uploads\/2023\/11\/CANCIO\u0301N-DE-BODAS-DE-PEN\u0303APARDA.jpg\" class=\"attachment-large size-large wp-image-18891\" alt=\"\" srcset=\"https:\/\/carolaortiz.com\/wp-content\/uploads\/2023\/11\/CANCIO\u0301N-DE-BODAS-DE-PEN\u0303APARDA.jpg 596w, https:\/\/carolaortiz.com\/wp-content\/uploads\/2023\/11\/CANCIO\u0301N-DE-BODAS-DE-PEN\u0303APARDA-212x300.jpg 212w\" sizes=\"(max-width: 596px) 100vw, 596px\" \/>\t\t\t\t\t\t\t\t<\/a>\n\t\t\t\t\t\t\t\t\t\t\t\t\t\t\t<\/div>\n\t\t\t\t<\/div>\n\t\t\t\t<div class=\"elementor-element elementor-element-fd95024 elementor-widget elementor-widget-heading\" data-id=\"fd95024\" data-element_type=\"widget\" data-widget_type=\"heading.default\">\n\t\t\t\t<div class=\"elementor-widget-container\">\n\t\t\t\t\t<span class=\"elementor-heading-title elementor-size-default\">Canci\u00f3n de bodas<\/span>\t\t\t\t<\/div>\n\t\t\t\t<\/div>\n\t\t\t\t<div class=\"elementor-element elementor-element-76a23b7 elementor-widget elementor-widget-image\" data-id=\"76a23b7\" data-element_type=\"widget\" data-widget_type=\"image.default\">\n\t\t\t\t<div class=\"elementor-widget-container\">\n\t\t\t\t\t\t\t\t\t\t\t\t\t\t\t\t<a href=\"https:\/\/carolaortiz.com\/wp-content\/uploads\/2023\/11\/JO-TINC-UNA-ENAMORADA.jpg\" data-elementor-open-lightbox=\"yes\" data-elementor-lightbox-title=\"JO TINC UNA ENAMORADA\" data-e-action-hash=\"#elementor-action%3Aaction%3Dlightbox%26settings%3DeyJpZCI6MTg4ODUsInVybCI6Imh0dHBzOlwvXC9jYXJvbGFvcnRpei5jb21cL3dwLWNvbnRlbnRcL3VwbG9hZHNcLzIwMjNcLzExXC9KTy1USU5DLVVOQS1FTkFNT1JBREEuanBnIn0%3D\">\n\t\t\t\t\t\t\t<img loading=\"lazy\" decoding=\"async\" width=\"596\" height=\"842\" src=\"https:\/\/carolaortiz.com\/wp-content\/uploads\/2023\/11\/JO-TINC-UNA-ENAMORADA.jpg\" class=\"attachment-large size-large wp-image-18885\" alt=\"\" srcset=\"https:\/\/carolaortiz.com\/wp-content\/uploads\/2023\/11\/JO-TINC-UNA-ENAMORADA.jpg 596w, https:\/\/carolaortiz.com\/wp-content\/uploads\/2023\/11\/JO-TINC-UNA-ENAMORADA-212x300.jpg 212w\" sizes=\"(max-width: 596px) 100vw, 596px\" \/>\t\t\t\t\t\t\t\t<\/a>\n\t\t\t\t\t\t\t\t\t\t\t\t\t\t\t<\/div>\n\t\t\t\t<\/div>\n\t\t\t\t<div class=\"elementor-element elementor-element-ce6b905 elementor-widget elementor-widget-heading\" data-id=\"ce6b905\" data-element_type=\"widget\" data-widget_type=\"heading.default\">\n\t\t\t\t<div class=\"elementor-widget-container\">\n\t\t\t\t\t<span class=\"elementor-heading-title elementor-size-default\">Jo tinc una enamorada <\/span>\t\t\t\t<\/div>\n\t\t\t\t<\/div>\n\t\t\t\t<div class=\"elementor-element elementor-element-62e3ac0 elementor-widget elementor-widget-image\" data-id=\"62e3ac0\" data-element_type=\"widget\" data-widget_type=\"image.default\">\n\t\t\t\t<div class=\"elementor-widget-container\">\n\t\t\t\t\t\t\t\t\t\t\t\t\t\t\t\t<a href=\"https:\/\/carolaortiz.com\/wp-content\/uploads\/2023\/11\/CANC\u0327O\u0301-DE-CUIR-FIGUES.jpg\" data-elementor-open-lightbox=\"yes\" data-elementor-lightbox-title=\"CANC\u0327O\u0301 DE CUIR FIGUES\" data-e-action-hash=\"#elementor-action%3Aaction%3Dlightbox%26settings%3DeyJpZCI6MTg4ODgsInVybCI6Imh0dHBzOlwvXC9jYXJvbGFvcnRpei5jb21cL3dwLWNvbnRlbnRcL3VwbG9hZHNcLzIwMjNcLzExXC9DQU5DXHUwMzI3T1x1MDMwMS1ERS1DVUlSLUZJR1VFUy5qcGcifQ%3D%3D\">\n\t\t\t\t\t\t\t<img loading=\"lazy\" decoding=\"async\" width=\"596\" height=\"842\" src=\"https:\/\/carolaortiz.com\/wp-content\/uploads\/2023\/11\/CANC\u0327O\u0301-DE-CUIR-FIGUES.jpg\" class=\"attachment-large size-large wp-image-18888\" alt=\"\" srcset=\"https:\/\/carolaortiz.com\/wp-content\/uploads\/2023\/11\/CANC\u0327O\u0301-DE-CUIR-FIGUES.jpg 596w, https:\/\/carolaortiz.com\/wp-content\/uploads\/2023\/11\/CANC\u0327O\u0301-DE-CUIR-FIGUES-212x300.jpg 212w\" sizes=\"(max-width: 596px) 100vw, 596px\" \/>\t\t\t\t\t\t\t\t<\/a>\n\t\t\t\t\t\t\t\t\t\t\t\t\t\t\t<\/div>\n\t\t\t\t<\/div>\n\t\t\t\t<div class=\"elementor-element elementor-element-528b300 elementor-widget elementor-widget-heading\" data-id=\"528b300\" data-element_type=\"widget\" data-widget_type=\"heading.default\">\n\t\t\t\t<div class=\"elementor-widget-container\">\n\t\t\t\t\t<span class=\"elementor-heading-title elementor-size-default\">Coir figues a nes figueral<\/span>\t\t\t\t<\/div>\n\t\t\t\t<\/div>\n\t\t\t\t\t<\/div>\n\t\t<\/div>\n\t\t\t\t\t<\/div>\n\t\t<\/section>\n\t\t\t\t\t<\/div>\n\t\t<\/div>\n\t\t\t\t\t<\/div>\n\t\t<\/section>\n\t\t\t\t<\/div>\n\t\t","protected":false},"excerpt":{"rendered":"<p>Letras &#x21b3; Cantareras Repertorio de \u00abCantareras\u00bb: 01.La doncella guerrera (letra y tradicional de Le\u00f3n y melod\u00eda tradicional sevillana)&#8230;.<\/p>\n","protected":false},"author":2,"featured_media":0,"parent":0,"menu_order":60,"comment_status":"closed","ping_status":"closed","template":"","meta":{"_acf_changed":false,"footnotes":""},"class_list":["post-18628","page","type-page","status-publish","hentry"],"acf":[],"yoast_head":"<!-- This site is optimized with the Yoast SEO plugin v26.2 - https:\/\/yoast.com\/wordpress\/plugins\/seo\/ -->\n<title>Carola Ortiz | Letras<\/title>\n<meta name=\"description\" content=\"Naci\u00f3 el 15 de marzo del 1986 en Terrassa, hija de m\u00fasico de jazz y de madre vinculada al mundo del teatro. Creci\u00f3 musicalmente entre la Jazz Cava de Terrassa y el Conservatorio de la misma ciudad. Se sigui\u00f3 formando en el Taller de M\u00fasics y posteriormente en la ESMUC, en canto y en clarinete.\" \/>\n<meta name=\"robots\" content=\"index, follow, max-snippet:-1, max-image-preview:large, max-video-preview:-1\" \/>\n<link rel=\"canonical\" href=\"https:\/\/carolaortiz.com\/es\/letras\/\" \/>\n<meta property=\"og:locale\" content=\"es_ES\" \/>\n<meta property=\"og:type\" content=\"article\" \/>\n<meta property=\"og:title\" content=\"Carola Ortiz | Letras\" \/>\n<meta property=\"og:description\" content=\"Naci\u00f3 el 15 de marzo del 1986 en Terrassa, hija de m\u00fasico de jazz y de madre vinculada al mundo del teatro. Creci\u00f3 musicalmente entre la Jazz Cava de Terrassa y el Conservatorio de la misma ciudad. Se sigui\u00f3 formando en el Taller de M\u00fasics y posteriormente en la ESMUC, en canto y en clarinete.\" \/>\n<meta property=\"og:url\" content=\"https:\/\/carolaortiz.com\/es\/letras\/\" \/>\n<meta property=\"og:site_name\" content=\"Carola Ortiz\" \/>\n<meta property=\"article:publisher\" content=\"https:\/\/www.facebook.com\/Carola-Ortiz-Music-792306854153384\/?fref=ts\" \/>\n<meta property=\"article:modified_time\" content=\"2023-11-29T16:15:14+00:00\" \/>\n<meta property=\"og:image\" content=\"https:\/\/carolaortiz.com\/wp-content\/uploads\/2023\/11\/DONCELLA-GUERRERA.jpg\" \/>\n<meta name=\"twitter:card\" content=\"summary_large_image\" \/>\n<meta name=\"twitter:label1\" content=\"Tiempo de lectura\" \/>\n\t<meta name=\"twitter:data1\" content=\"4 minutos\" \/>\n<script type=\"application\/ld+json\" class=\"yoast-schema-graph\">{\"@context\":\"https:\/\/schema.org\",\"@graph\":[{\"@type\":\"WebPage\",\"@id\":\"https:\/\/carolaortiz.com\/es\/letras\/\",\"url\":\"https:\/\/carolaortiz.com\/es\/letras\/\",\"name\":\"Carola Ortiz | Letras\",\"isPartOf\":{\"@id\":\"https:\/\/carolaortiz.com\/es\/#website\"},\"primaryImageOfPage\":{\"@id\":\"https:\/\/carolaortiz.com\/es\/letras\/#primaryimage\"},\"image\":{\"@id\":\"https:\/\/carolaortiz.com\/es\/letras\/#primaryimage\"},\"thumbnailUrl\":\"https:\/\/carolaortiz.com\/wp-content\/uploads\/2023\/11\/DONCELLA-GUERRERA.jpg\",\"datePublished\":\"2023-11-08T10:06:54+00:00\",\"dateModified\":\"2023-11-29T16:15:14+00:00\",\"description\":\"Naci\u00f3 el 15 de marzo del 1986 en Terrassa, hija de m\u00fasico de jazz y de madre vinculada al mundo del teatro. Creci\u00f3 musicalmente entre la Jazz Cava de Terrassa y el Conservatorio de la misma ciudad. Se sigui\u00f3 formando en el Taller de M\u00fasics y posteriormente en la ESMUC, en canto y en clarinete.\",\"breadcrumb\":{\"@id\":\"https:\/\/carolaortiz.com\/es\/letras\/#breadcrumb\"},\"inLanguage\":\"es\",\"potentialAction\":[{\"@type\":\"ReadAction\",\"target\":[\"https:\/\/carolaortiz.com\/es\/letras\/\"]}]},{\"@type\":\"ImageObject\",\"inLanguage\":\"es\",\"@id\":\"https:\/\/carolaortiz.com\/es\/letras\/#primaryimage\",\"url\":\"https:\/\/carolaortiz.com\/wp-content\/uploads\/2023\/11\/DONCELLA-GUERRERA.jpg\",\"contentUrl\":\"https:\/\/carolaortiz.com\/wp-content\/uploads\/2023\/11\/DONCELLA-GUERRERA.jpg\"},{\"@type\":\"BreadcrumbList\",\"@id\":\"https:\/\/carolaortiz.com\/es\/letras\/#breadcrumb\",\"itemListElement\":[{\"@type\":\"ListItem\",\"position\":1,\"name\":\"Home\",\"item\":\"https:\/\/carolaortiz.com\/es\/\"},{\"@type\":\"ListItem\",\"position\":2,\"name\":\"Letras\"}]},{\"@type\":\"WebSite\",\"@id\":\"https:\/\/carolaortiz.com\/es\/#website\",\"url\":\"https:\/\/carolaortiz.com\/es\/\",\"name\":\"Carola Ortiz\",\"description\":\"Cantant, clarinetista, compositora i viatgera. Ha participat en m\u00e9s de vint treballs discogr\u00e0fics de diferents g\u00e8neres incloent jazz, pop, folk, world i experimental.\",\"potentialAction\":[{\"@type\":\"SearchAction\",\"target\":{\"@type\":\"EntryPoint\",\"urlTemplate\":\"https:\/\/carolaortiz.com\/es\/?s={search_term_string}\"},\"query-input\":{\"@type\":\"PropertyValueSpecification\",\"valueRequired\":true,\"valueName\":\"search_term_string\"}}],\"inLanguage\":\"es\"}]}<\/script>\n<!-- \/ Yoast SEO plugin. -->","yoast_head_json":{"title":"Carola Ortiz | Letras","description":"Naci\u00f3 el 15 de marzo del 1986 en Terrassa, hija de m\u00fasico de jazz y de madre vinculada al mundo del teatro. Creci\u00f3 musicalmente entre la Jazz Cava de Terrassa y el Conservatorio de la misma ciudad. Se sigui\u00f3 formando en el Taller de M\u00fasics y posteriormente en la ESMUC, en canto y en clarinete.","robots":{"index":"index","follow":"follow","max-snippet":"max-snippet:-1","max-image-preview":"max-image-preview:large","max-video-preview":"max-video-preview:-1"},"canonical":"https:\/\/carolaortiz.com\/es\/letras\/","og_locale":"es_ES","og_type":"article","og_title":"Carola Ortiz | Letras","og_description":"Naci\u00f3 el 15 de marzo del 1986 en Terrassa, hija de m\u00fasico de jazz y de madre vinculada al mundo del teatro. Creci\u00f3 musicalmente entre la Jazz Cava de Terrassa y el Conservatorio de la misma ciudad. Se sigui\u00f3 formando en el Taller de M\u00fasics y posteriormente en la ESMUC, en canto y en clarinete.","og_url":"https:\/\/carolaortiz.com\/es\/letras\/","og_site_name":"Carola Ortiz","article_publisher":"https:\/\/www.facebook.com\/Carola-Ortiz-Music-792306854153384\/?fref=ts","article_modified_time":"2023-11-29T16:15:14+00:00","og_image":[{"url":"https:\/\/carolaortiz.com\/wp-content\/uploads\/2023\/11\/DONCELLA-GUERRERA.jpg","type":"","width":"","height":""}],"twitter_card":"summary_large_image","twitter_misc":{"Tiempo de lectura":"4 minutos"},"schema":{"@context":"https:\/\/schema.org","@graph":[{"@type":"WebPage","@id":"https:\/\/carolaortiz.com\/es\/letras\/","url":"https:\/\/carolaortiz.com\/es\/letras\/","name":"Carola Ortiz | Letras","isPartOf":{"@id":"https:\/\/carolaortiz.com\/es\/#website"},"primaryImageOfPage":{"@id":"https:\/\/carolaortiz.com\/es\/letras\/#primaryimage"},"image":{"@id":"https:\/\/carolaortiz.com\/es\/letras\/#primaryimage"},"thumbnailUrl":"https:\/\/carolaortiz.com\/wp-content\/uploads\/2023\/11\/DONCELLA-GUERRERA.jpg","datePublished":"2023-11-08T10:06:54+00:00","dateModified":"2023-11-29T16:15:14+00:00","description":"Naci\u00f3 el 15 de marzo del 1986 en Terrassa, hija de m\u00fasico de jazz y de madre vinculada al mundo del teatro. Creci\u00f3 musicalmente entre la Jazz Cava de Terrassa y el Conservatorio de la misma ciudad. Se sigui\u00f3 formando en el Taller de M\u00fasics y posteriormente en la ESMUC, en canto y en clarinete.","breadcrumb":{"@id":"https:\/\/carolaortiz.com\/es\/letras\/#breadcrumb"},"inLanguage":"es","potentialAction":[{"@type":"ReadAction","target":["https:\/\/carolaortiz.com\/es\/letras\/"]}]},{"@type":"ImageObject","inLanguage":"es","@id":"https:\/\/carolaortiz.com\/es\/letras\/#primaryimage","url":"https:\/\/carolaortiz.com\/wp-content\/uploads\/2023\/11\/DONCELLA-GUERRERA.jpg","contentUrl":"https:\/\/carolaortiz.com\/wp-content\/uploads\/2023\/11\/DONCELLA-GUERRERA.jpg"},{"@type":"BreadcrumbList","@id":"https:\/\/carolaortiz.com\/es\/letras\/#breadcrumb","itemListElement":[{"@type":"ListItem","position":1,"name":"Home","item":"https:\/\/carolaortiz.com\/es\/"},{"@type":"ListItem","position":2,"name":"Letras"}]},{"@type":"WebSite","@id":"https:\/\/carolaortiz.com\/es\/#website","url":"https:\/\/carolaortiz.com\/es\/","name":"Carola Ortiz","description":"Cantant, clarinetista, compositora i viatgera. Ha participat en m\u00e9s de vint treballs discogr\u00e0fics de diferents g\u00e8neres incloent jazz, pop, folk, world i experimental.","potentialAction":[{"@type":"SearchAction","target":{"@type":"EntryPoint","urlTemplate":"https:\/\/carolaortiz.com\/es\/?s={search_term_string}"},"query-input":{"@type":"PropertyValueSpecification","valueRequired":true,"valueName":"search_term_string"}}],"inLanguage":"es"}]}},"_links":{"self":[{"href":"https:\/\/carolaortiz.com\/es\/wp-json\/wp\/v2\/pages\/18628","targetHints":{"allow":["GET"]}}],"collection":[{"href":"https:\/\/carolaortiz.com\/es\/wp-json\/wp\/v2\/pages"}],"about":[{"href":"https:\/\/carolaortiz.com\/es\/wp-json\/wp\/v2\/types\/page"}],"author":[{"embeddable":true,"href":"https:\/\/carolaortiz.com\/es\/wp-json\/wp\/v2\/users\/2"}],"replies":[{"embeddable":true,"href":"https:\/\/carolaortiz.com\/es\/wp-json\/wp\/v2\/comments?post=18628"}],"version-history":[{"count":19,"href":"https:\/\/carolaortiz.com\/es\/wp-json\/wp\/v2\/pages\/18628\/revisions"}],"predecessor-version":[{"id":19299,"href":"https:\/\/carolaortiz.com\/es\/wp-json\/wp\/v2\/pages\/18628\/revisions\/19299"}],"wp:attachment":[{"href":"https:\/\/carolaortiz.com\/es\/wp-json\/wp\/v2\/media?parent=18628"}],"curies":[{"name":"wp","href":"https:\/\/api.w.org\/{rel}","templated":true}]}}